{"id":10694,"date":"2025-01-23T14:37:09","date_gmt":"2025-01-23T14:37:09","guid":{"rendered":"https:\/\/www.cncinternational.eu\/?page_id=10694"},"modified":"2026-02-10T15:20:36","modified_gmt":"2026-02-10T15:20:36","slug":"cosmoprof-bologna","status":"publish","type":"page","link":"https:\/\/www.cncinternational.eu\/pt-pt\/cosmoprof-bologna\/","title":{"rendered":"Encontra-te com a CNC na Cosmoprof Bologna 2026"},"content":{"rendered":"  \t\n\t  <header class=\"main-header \">\n\t\t<!-- For mobile -->\n\t\t<div class=\"d-block d-sm-none\">\n\t\t  <div class=\"container-fluid px-0\">\n\t\t\t<div class=\"container g-0\">\n\t\t\t  <div class=\"row g-0 justify-content-start align-items-center\">\n\t\t\t\t<div class=\"col-12 d-sm-none\">\n\t\t\t\t  <div class=\"header-image\">\n\t\t\t\t\t\t\t\t\t\t\t\t<img fetchpriority=\"high\" decoding=\"async\" src=\"https:\/\/www.cncinternational.eu\/wp-content\/uploads\/2026\/01\/CNC-Your-logo-nails.jpg\" alt=\"CNC stand @ Tradeshow Bologna It\u00e1lia 2024\" width=\"1445\" height=\"813\" loading=\"eager\">\n\t\t\t\t\t\t\t\t\t\t  <\/div>\n\t\t\t\t<\/div>\n\t\t\t\t<div class=\"offset-md-6 col-md-6\">\n\t\t\t\t  <div class=\"header-text\">\n\t\t\t\t\t<p class=\"mobile-title\">Descobre os g\u00e9is UV seguros de marca pr\u00f3pria na Cosmoprof Bologna 2026<\/p>\n\t\t\t\t\t<p>De 26 a 28 de mar\u00e7o de 2026, a CNC d\u00e1 as boas-vindas \u00e0s ambiciosas empresas de unhas na Cosmoprof de Bolonha. Visita o nosso stand na \u00e1rea Cosmopack e descobre como o fabricante europeu de marcas privadas <a href=\"https:\/\/www.cncinternational.eu\/pt-pt\/sobre-nos\/\">CNC<\/a> apoia as marcas de unhas em todo o mundo com formula\u00e7\u00f5es seguras, produ\u00e7\u00e3o escal\u00e1vel e qualidade fi\u00e1vel. <\/p>\n<p><strong>Stand B48 | Pavilh\u00e3o 18 | \u00c1rea Cosmopack<\/strong><\/p>\n\t\t\t\t\t\t\t\t\t\t\t\t\t\t\t\t\t\t<a class=\"btn mb-3\" href=\"#contact\">\n\t\t\t\t\t\t\t\tMarca uma reuni\u00e3o pessoal com a CNC na Cosmoprof\t\t\t\t\t\t\t<\/a>\n\t\t\t\t\t\t\t\t\t\t\t\t\t\t\t\t\t\t\t\t  <\/div>\n\t\t\t\t<\/div>\n\t\t\t  <\/div>\n\t\t\t<\/div>\n\t\t  <\/div>\n\t\t<\/div>\n\t\t<!-- \/For mobile -->\n\t\t\n\t\t<!-- For desktop -->\n\t\t<div class=\"d-none d-sm-block\">\n\t\t  <div class=\"container-fluid px-0\" >\n\t\t\t<div class=\"header-bg\" style=\"background-image: url('https:\/\/www.cncinternational.eu\/wp-content\/uploads\/2026\/01\/CNC-Your-logo-nails.jpg');\">\n\t\t\t\t\n\t\t\t<\/div>\n\t\t\t<div class=\"container g-0\">\n\t\t\t  <div class=\"row g-0 justify-content-start align-items-center\">\n\t\t\t\t<div class=\"offset-md-6 col-md-6\">\n\t\t\t\t  <div class=\"header-text\">\n\t\t\t\t\t<h1>Descobre os g\u00e9is UV seguros de marca pr\u00f3pria na Cosmoprof Bologna 2026<\/h1>\n\t\t\t\t\t<p>De 26 a 28 de mar\u00e7o de 2026, a CNC d\u00e1 as boas-vindas \u00e0s ambiciosas empresas de unhas na Cosmoprof de Bolonha. Visita o nosso stand na \u00e1rea Cosmopack e descobre como o fabricante europeu de marcas privadas <a href=\"https:\/\/www.cncinternational.eu\/pt-pt\/sobre-nos\/\">CNC<\/a> apoia as marcas de unhas em todo o mundo com formula\u00e7\u00f5es seguras, produ\u00e7\u00e3o escal\u00e1vel e qualidade fi\u00e1vel. <\/p>\n<p><strong>Stand B48 | Pavilh\u00e3o 18 | \u00c1rea Cosmopack<\/strong><\/p>\n\t\t\t\t\n\t\t\t\t\t\t\t\t\t\t\t\t\t\t\t\t\t\t<a class=\"btn mb-3\" href=\"#contact\">\n\t\t\t\t\t\tMarca uma reuni\u00e3o pessoal com a CNC na Cosmoprof\t\t\t\t\t\t\t<\/a>\n\t\t\t\t\t\t\t\t\t\t\t\t\t\t\t\t\t\t\t\t  <\/div>\n\t\t\t\t<\/div>\n\t\t\t  <\/div>\n\t\t\t<\/div>\n\t\t  <\/div>\n\t\t<\/div>\n\t\t<!-- \/For desktop -->\n\t  <\/header>\n\t  \n\t  \t\n\n\t<section class=\"news\">\n\t\t<div class=\"container p-0 \">\n\t\t\t<div class=\"row g-0\">\n\t\t\t\t<div class=\"col-12 overlap bg-white\">\n\t\t\t\t\t\t\t\t\t\t\t\t\t\t\t\t\t\t\t\t\t\t<!-- Start row -->\n\t\t\t\t\t\t\t\t\t\t\t\t\t\t\t\t\t\t\t\t\t\t\t\t\t\t\t\t\t\t\t\t\t\t\t\t\n\t\t\t\t\t\t\t\t\t<div class=\"row g-0 align-items-center\">\n\t\t\t\t\t\t\t\t\t\t<div class=\"col-12 col-md col-img img-wrapper\">\n\t\t\t\t\t\t\t\t\t\t\t\t\t\t\t\t\t\t\t\t\t\t\t\t\t\t\t\t\t\t\t\t\t\t<img loading=\"lazy\" decoding=\"async\" src=\"https:\/\/www.cncinternational.eu\/wp-content\/uploads\/2025\/01\/CNC-Bologna-Image-1.jpg\"\n\t\t\t\t\t\t\t\t\t\t\t\t\talt=\"Porqu\u00ea visitar a CNC International na Cosmoprof?\" width=\"1600\" height=\"1200\">\n\t\t\t\t\t\t\t\t\t\t\t\t\t\t\t\t\t\t\t\t\t<\/div>\n\t\t\t\t\t\t\t\t\t\t<div class=\"col-12 col-md col-excerpt\">\n\t\t\t\t\t\t\t\t\t\t\t<div class=\"excerpt-wrapper\">\n\t\t\t\t\t\t\t\t\t\t\t\t<h4>Porqu\u00ea visitar a CNC International na Cosmoprof?<\/h4>\n\t\t\t\t\t\t\t\t\t\t\t\t<p>A CNC apoia as empresas de pregos com solu\u00e7\u00f5es de marca pr\u00f3pria seguras, escal\u00e1veis e em conformidade com a UE, concebidas para um crescimento a longo prazo.\r\n<ul>\r\n<li>Formula\u00e7\u00f5es seguras e sem preocupa\u00e7\u00f5es: Produtos de gel UV sem HEMA, sem Di-HEMA, sem TPO e sem 15, desenvolvidos de acordo com os mais elevados padr\u00f5es de seguran\u00e7a<\/li>\r\n<li>Vasta gama de produtos de marca pr\u00f3pria, incluindo g\u00e9is de base, g\u00e9is construtores, g\u00e9is de fibra, g\u00e9is de topo, gel de polimento e muito mais<\/li>\r\n<li>Produ\u00e7\u00e3o flex\u00edvel e escal\u00e1vel, com baixos MOQs a partir de 1 litro a granel<\/li>\r\n<li>Apoio total: fornecemos MSDS, documentos INCI e orienta\u00e7\u00e3o para o <a href=\"https:\/\/www.cncinternational.eu\/news\/tips-for-selling-imported-nail-products-in-the-eu-in-2023\/\">registo no CPNP<\/a><\/li>\r\n<li>Experi\u00eancia de confian\u00e7a: Parceiro de fabrico europeu com I&amp;D e produ\u00e7\u00e3o interna desde 1993<\/li><\/p>\n\t\t\t\t\t\t\t\t\t\t\t\t\t\t\t\t\t\t\t\t\t\t\t<\/div>\n\t\t\t\t\t\t\t\t\t\t<\/div>\n\t\t\t\t\t\t\t\t\t<\/div>\n\t\t\t\t\t\t\t\t\n\t\t\t\t\t\t\t\n\t\t\t\t\t\t\t\t\t\t\t\t\t\t\t\t\t\t\t\t\t\t\t\t\t\t\t\t\t\t\t\t\t\t\t\t\t\t\t\t\t\t\t\t\t\t\t\t\t\t\t\t<div class=\"row g-0 align-items-center\">\n\t\t\t\t\t\t\t\t\t\t<div class=\"col-12 col-md col-excerpt\">\n\t\t\t\t\t\t\t\t\t\t\t<div class=\"excerpt-wrapper\">\n\t\t\t\t\t\t\t\t\t\t\t\t<h4>G\u00e9is UV de marca pr\u00f3pria concebidos para o sucesso<\/h4>\n\t\t\t\t\t\t\t\t\t\t\t\t<p>Explora a nossa cole\u00e7\u00e3o de gel UV sem HEMA e TPO de alto desempenho: g\u00e9is de constru\u00e7\u00e3o, g\u00e9is de base, g\u00e9is de fibra, g\u00e9is de escovagem, mais de 200 cores de verniz em gel, gel combinado e acr\u00edlicos.  <\/p>\n\t\t\t\t\t\t\t\t\t\t\t\t\t\t\t\t\t\t\t\t\t\t\t\t\t\t\t\t\t\t\t\t\t\t\t\t\t\t\t\t\t\t\t\t\t\t\t\t\t\t\t\t\t\t\t\t\t\t\t\t\t\t\t\t\t\t\t\t\t\t<a href=\"https:\/\/www.cncinternational.eu\/product\/\" class=\"btn\">Descobre a nossa gama completa de gel UV<\/a>\n\t\t\t\t\t\t\t\t\t\t\t\t\t\t\t\n\t\t\t\t\t\t\t\t\t\t\t\t\t\t\n\t\t\t\t\t\t\t\t\t\t\t\t\t\n\t\t\t\t\t\t\t\t\t\t\t\t\t<!-- Another button -->\n\t\t\t\t\t\t\t\t\t\t\t\t\t\t\t\t\t\t\t\t\t\t\t\t\t\t\t\t\t\t\t\t\t\t\t\t<\/div>\n\t\t\t\t\t\t\t\t\t\t<\/div>\n\t\t\t\t\t\t\t\t\t\t<div class=\"col-12 col-md col-img img-wrapper\">\n\t\t\t\t\t\t\t\t\t\t\t\t\t\t\t\t\t\t\t\t\t\t\t\t\t\t\t\t\t\t\t\t\t\t\t\t<img loading=\"lazy\" decoding=\"async\" src=\"https:\/\/www.cncinternational.eu\/wp-content\/uploads\/2026\/01\/CNC-Bologna-Image-2-1.jpg.webp\"\n\t\t\t\t\t\t\t\t\t\t\t\t\t\talt=\"G\u00e9is UV de marca pr\u00f3pria concebidos para o sucesso\" width=\"1445\" height=\"813\">\n\t\t\t\t\t\t\t\t\t\t\t\t\t\t\t\t\t\t\t\t\t\t\t\t\t\t\t\t\t\t\t\t\t<\/div>\n\t\t\t\t\t\t\t\t\t<\/div>\n\t\t\t\t\t\t\t\t\n\t\t\t\t\t\t\t\n\t\t\t\t\t\t\t\t\t\t\t\t\t\t\t\t\t\t\t\t\t\t\t\t\t\t\t\t\t\t\t\t\t\t\t\t\t\t\t\t\t\t\t\n\t\t\t\t\t\t\t\t\t<div class=\"row g-0 align-items-center\">\n\t\t\t\t\t\t\t\t\t\t<div class=\"col-12 col-md col-img img-wrapper\">\n\t\t\t\t\t\t\t\t\t\t\t\t\t\t\t\t\t\t\t\t\t\t\t\t\t\t\t\t\t\t\t\t\t\t<img loading=\"lazy\" decoding=\"async\" src=\"https:\/\/www.cncinternational.eu\/wp-content\/uploads\/2026\/01\/Nails1.jpg\"\n\t\t\t\t\t\t\t\t\t\t\t\t\talt=\"Pre\u00e7os competitivos e encomendas flex\u00edveis\" width=\"1445\" height=\"813\">\n\t\t\t\t\t\t\t\t\t\t\t\t\t\t\t\t\t\t\t\t\t<\/div>\n\t\t\t\t\t\t\t\t\t\t<div class=\"col-12 col-md col-excerpt\">\n\t\t\t\t\t\t\t\t\t\t\t<div class=\"excerpt-wrapper\">\n\t\t\t\t\t\t\t\t\t\t\t\t<h4>Pre\u00e7os competitivos e encomendas flex\u00edveis<\/h4>\n\t\t\t\t\t\t\t\t\t\t\t\t<p>Fabricamos os seus g\u00e9is e vernizes de gel UV de marca pr\u00f3pria. Em conformidade com a UE, fornecidos com MSDS, INCI e CPNP. \r\n<ul>\r\n<li>MOQ a partir de 1 litro &#8211; adaptado \u00e0s necessidades do teu neg\u00f3cio de marca pr\u00f3pria.<\/li>\r\n<li>Entrega a granel ou como produto acabado.<\/li>\r\n<li>N\u00e3o h\u00e1 compra m\u00ednima anual.<\/li>\r\n<li>Envio r\u00e1pido e fi\u00e1vel para todo o mundo<\/li>\r\n<\/ul>\r\nLiga-te \u00e0 CNC na Cosmoprof para explorares as tuas oportunidades de marca pr\u00f3pria e para testares amostras.<\/p>\n\t\t\t\t\t\t\t\t\t\t\t\t\t\t\t\t\t\t\t\t\t\t\t\t\t\t\t\t\t\t\t\t\t\t\t\t\t\t\t\t\t\t\t\t\t\t\t\t\t\t\t\t\t\t\t\t\t\t\t\t\t\t\t\t\t\t\t\t\t\t<a href=\"#contact\" class=\"btn\">Conhece-nos<\/a>\n\t\t\t\t\t\t\t\t\t\t\t\t\t\t\t\n\t\t\t\t\t\t\t\t\t\t\t\t\t\t\n\t\t\t\t\t\t\t\t\t\t\t\t\t\n\t\t\t\t\t\t\t\t\t\t\t\t\t<!-- Another button -->\n\t\t\t\t\t\t\t\t\t\t\t\t\t\t\t\t\t\t\t\t\t\t\t\t\t\t\t\t\t\t\t\t\t\t\t\t<\/div>\n\t\t\t\t\t\t\t\t\t\t<\/div>\n\t\t\t\t\t\t\t\t\t<\/div>\n\t\t\t\t\t\t\t\t\n\t\t\t\t\t\t\t\n\t\t\t\t\t\t\t\t\t\t\t\t\t\t\t\t\t\t\t\t\t\t\t\t\t\t\t\t\t\t\t\t\t\t\t\t\t\t\t\t\t\t\t\t\t\t\t\t\t\t\t\t<div class=\"row g-0 align-items-center\">\n\t\t\t\t\t\t\t\t\t\t<div class=\"col-12 col-md col-excerpt\">\n\t\t\t\t\t\t\t\t\t\t\t<div class=\"excerpt-wrapper\">\n\t\t\t\t\t\t\t\t\t\t\t\t<h4>Descobre novos produtos para unhas antes do lan\u00e7amento no mercado<\/h4>\n\t\t\t\t\t\t\t\t\t\t\t\t<p>A Cosmoprof Bologna \u00e9 onde a CNC revela o que est\u00e1 para vir. Visita o nosso stand para veres em exclusivo as inova\u00e7\u00f5es de marca pr\u00f3pria para unhas. Estes produtos futuros foram concebidos para refor\u00e7ar o desempenho dos sal\u00f5es, a procura do mercado e a diferencia\u00e7\u00e3o da marca.  \r\n<br><br>Vem visitar-nos no <strong>stand B48, no pavilh\u00e3o 18,<\/strong> para discutir como estes novos produtos podem apoiar a tua estrat\u00e9gia de marca pr\u00f3pria.\r\n\r\n<\/p>\n\t\t\t\t\t\t\t\t\t\t\t\t\t\t\t\t\t\t\t\t\t\t\t<\/div>\n\t\t\t\t\t\t\t\t\t\t<\/div>\n\t\t\t\t\t\t\t\t\t\t<div class=\"col-12 col-md col-img img-wrapper\">\n\t\t\t\t\t\t\t\t\t\t\t\t\t\t\t\t\t\t\t\t\t\t\t\t\t\t\t\t\t\t\t\t\t\t\t\t<img loading=\"lazy\" decoding=\"async\" src=\"https:\/\/www.cncinternational.eu\/wp-content\/uploads\/2026\/01\/New-innovations.jpg\"\n\t\t\t\t\t\t\t\t\t\t\t\t\t\talt=\"Descobre novos produtos para unhas antes do lan\u00e7amento no mercado\" width=\"1445\" height=\"813\">\n\t\t\t\t\t\t\t\t\t\t\t\t\t\t\t\t\t\t\t\t\t\t\t\t\t\t\t\t\t\t\t\t\t<\/div>\n\t\t\t\t\t\t\t\t\t<\/div>\n\t\t\t\t\t\t\t\t\n\t\t\t\t\t\t\t\n\t\t\t\t\t\t\t\t\t\t\t\t\t\t\t\t\t\t\t\t\t\t\t\t\t\t\t\t\t\t\t\t\t\t\t\t\t\t\t\t\t\t\t\n\t\t\t\t\t\t\t\t\t<div class=\"row g-0 align-items-center\">\n\t\t\t\t\t\t\t\t\t\t<div class=\"col-12 col-md col-img img-wrapper\">\n\t\t\t\t\t\t\t\t\t\t\t\t\t\t\t\t\t\t\t\t\t\t\t\t\t\t\t\t\t\t\t\t\t\t<img loading=\"lazy\" decoding=\"async\" src=\"https:\/\/www.cncinternational.eu\/wp-content\/uploads\/2024\/01\/2024_01_04_15_50_00_Window.png\"\n\t\t\t\t\t\t\t\t\t\t\t\t\talt=\"Fabricante de gel UV de confian\u00e7a e parceiro de marca pr\u00f3pria dos Pa\u00edses Baixos\" width=\"1378\" height=\"917\">\n\t\t\t\t\t\t\t\t\t\t\t\t\t\t\t\t\t\t\t\t\t<\/div>\n\t\t\t\t\t\t\t\t\t\t<div class=\"col-12 col-md col-excerpt\">\n\t\t\t\t\t\t\t\t\t\t\t<div class=\"excerpt-wrapper\">\n\t\t\t\t\t\t\t\t\t\t\t\t<h4>Fabricante de gel UV de confian\u00e7a e parceiro de marca pr\u00f3pria dos Pa\u00edses Baixos<\/h4>\n\t\t\t\t\t\t\t\t\t\t\t\t<p>Desde 1993, a CNC International tem vindo a desenvolver e a fabricar produtos para unhas de gel UV para marcas privadas em todo o mundo, fornecendo parceiros em mais de 45 pa\u00edses nos 5 continentes. Os nossos clientes confiam em n\u00f3s para solu\u00e7\u00f5es seguras e inovadoras, pre\u00e7os competitivos e conhecimentos fi\u00e1veis. <br><br>Encontra a CNC International na \u00e1rea Cosmopack, juntamente com outros fabricantes de marcas privadas como a Keystone, Polystone, Internail e Silcare.\r\n<\/p>\n\t\t\t\t\t\t\t\t\t\t\t\t\t\t\t\t\t\t\t\t\t\t\t<\/div>\n\t\t\t\t\t\t\t\t\t\t<\/div>\n\t\t\t\t\t\t\t\t\t<\/div>\n\t\t\t\t\t\t\t\t\n\t\t\t\t\t\t\t\n\t\t\t\t\t\t\t\t\t\t\t\t\t\t\t\t\t\t\t\t\t\t\t\t\t\t\t\t\t\t\t\t\t\t\t\t\t\t\t\t\t\t\t\t\t\t\t\t\t\t\t\t<div class=\"row g-0 align-items-center\">\n\t\t\t\t\t\t\t\t\t\t<div class=\"col-12 col-md col-excerpt\">\n\t\t\t\t\t\t\t\t\t\t\t<div class=\"excerpt-wrapper\">\n\t\t\t\t\t\t\t\t\t\t\t\t<h4>Amostras gr\u00e1tis<\/h4>\n\t\t\t\t\t\t\t\t\t\t\t\t<p>N\u00e3o percas esta oportunidade! Visita o Stand B48, Pavilh\u00e3o 18, para receberes o teu pacote de amostras gr\u00e1tis da melhor sele\u00e7\u00e3o e descobre porque \u00e9 que as melhores marcas confiam na CNC International para solu\u00e7\u00f5es de marca pr\u00f3pria. <br><br>Marca uma reuni\u00e3o pessoal com a CNC na Cosmoprof e testa os nossos produtos\r\n\r\n<\/p>\n\t\t\t\t\t\t\t\t\t\t\t\t\t\t\t\t\t\t\t\t\t\t\t\t\t\t\t\t\t\t\t\t\t\t\t\t\t\t\t\t\t\t\t\t\t\t\t\t\t\t\t\t\t\t\t\t\t\t\t\t\t\t\t\t\t\t\t\t\t\t<a href=\"#contact\" class=\"btn\">Solicita uma reuni\u00e3o<\/a>\n\t\t\t\t\t\t\t\t\t\t\t\t\t\t\t\n\t\t\t\t\t\t\t\t\t\t\t\t\t\t\n\t\t\t\t\t\t\t\t\t\t\t\t\t\n\t\t\t\t\t\t\t\t\t\t\t\t\t<!-- Another button -->\n\t\t\t\t\t\t\t\t\t\t\t\t\t\t\t\t\t\t\t\t\t\t\t\t\t\t\t\t\t\t\t\t\t\t\t\t<\/div>\n\t\t\t\t\t\t\t\t\t\t<\/div>\n\t\t\t\t\t\t\t\t\t\t<div class=\"col-12 col-md col-img img-wrapper\">\n\t\t\t\t\t\t\t\t\t\t\t\t\t\t\t\t\t\t\t\t\t\t\t\t\t\t\t\t\t\t\t\t\t\t\t\t<img loading=\"lazy\" decoding=\"async\" src=\"https:\/\/www.cncinternational.eu\/wp-content\/uploads\/2026\/01\/Sample-Pack.jpg\"\n\t\t\t\t\t\t\t\t\t\t\t\t\t\talt=\"Amostras gr\u00e1tis\" width=\"1445\" height=\"813\">\n\t\t\t\t\t\t\t\t\t\t\t\t\t\t\t\t\t\t\t\t\t\t\t\t\t\t\t\t\t\t\t\t\t<\/div>\n\t\t\t\t\t\t\t\t\t<\/div>\n\t\t\t\t\t\t\t\t\n\t\t\t\t\t\t\t\n\t\t\t\t\t\t\t\t\t\t\t\t\t\t\t\t\t\t\t\t\t\t\t\t\t\t\t\t\t\t\t\t\t\t\t\t\t\t\t\t\t\t\t\n\t\t\t\t\t\t\t\t\t<div class=\"row g-0 align-items-center\">\n\t\t\t\t\t\t\t\t\t\t<div class=\"col-12 col-md col-img img-wrapper\">\n\t\t\t\t\t\t\t\t\t\t\t\t\t\t\t\t\t\t\t\t\t\t\t\t\t\t\t\t\t\t\t\t\t\t<img loading=\"lazy\" decoding=\"async\" src=\"https:\/\/www.cncinternational.eu\/wp-content\/uploads\/2026\/01\/Cosmopack-with-logo.jpg\"\n\t\t\t\t\t\t\t\t\t\t\t\t\talt=\"Detalhes da Cosmoprof Bologna\" width=\"1445\" height=\"813\">\n\t\t\t\t\t\t\t\t\t\t\t\t\t\t\t\t\t\t\t\t\t<\/div>\n\t\t\t\t\t\t\t\t\t\t<div class=\"col-12 col-md col-excerpt\">\n\t\t\t\t\t\t\t\t\t\t\t<div class=\"excerpt-wrapper\">\n\t\t\t\t\t\t\t\t\t\t\t\t<h4>Detalhes da Cosmoprof Bologna<\/h4>\n\t\t\t\t\t\t\t\t\t\t\t\t<p>A 57\u00aa edi\u00e7\u00e3o da Cosmoprof Bologna ter\u00e1 lugar de 26 a 29 de mar\u00e7o de 2026 na Piazza della Costituzione, 5, 40128 Bologna, It\u00e1lia.<br><br>Encontrar\u00e1 o stand da CNC International no Hall 18, Stand B48 na \u00e1rea Cosmopack de 26 a 28 de mar\u00e7o de 2026.<br><br>Entradas recomendadas: Costituzione, Calzoni, Nord.\r\n<\/p>\n\t\t\t\t\t\t\t\t\t\t\t\t\t\t\t\t\t\t\t\t\t\t\t<\/div>\n\t\t\t\t\t\t\t\t\t\t<\/div>\n\t\t\t\t\t\t\t\t\t<\/div>\n\t\t\t\t\t\t\t\t\n\t\t\t\t\t\t\t\n\t\t\t\t\t\t\t\t\t\t\t\t\t\t\t\t\t\t\t<!-- End row -->\n\t\t\t\t\t\t\t\t\t<\/div>\n\t\t\t<\/div>\n\t\t<\/div>\n\t<\/section>\n\n\t\n\n  \t<section class=\"contact-block gradient-bg \" id=\"contact\">\n\t\t<div class=\"container\">\n\t\t\n\t\t\t<div class=\"row justify-content-center\">\n\t\t\t\t<div class=\"col-12 col-sm-10 col-md-8 col-lg-6\">\n\t\t\t\t\t<div class=\"form-wrapper\">\n\t\t\t\t\t\t\n\t\t\t\t\t\t\t\t\t\t\t\t\t\t\t\t\t\t\t\t\t\t\t\t<div class=\"form\">\n\t\t\t\t\t\t\t\n\t\t\t\t\t\t\t<script src='https:\/\/online4.superoffice.com\/Cust21613\/CS\/scripts\/customer.fcgi?action=form&#038;id=F-Pw7zDDNF' defer><\/script>\t\t\t\t\t\t<\/div>\n\t\t\t\t\t\t\t\t\t\t\t\t\t\t\t\t\t\t\t\t\t\t\t\t\t\t\t\t\t\t<\/div>\n\t\t\t\t<\/div>\n\t\t\t<\/div>\n\t\t<\/div>\n\t<\/section>\n      \t\n  \t\n\t","protected":false},"excerpt":{"rendered":"","protected":false},"author":13,"featured_media":14509,"parent":0,"menu_order":0,"comment_status":"closed","ping_status":"closed","template":"","meta":{"_acf_changed":false,"inline_featured_image":false,"footnotes":""},"class_list":["post-10694","page","type-page","status-publish","has-post-thumbnail","hentry"],"acf":[],"yoast_head":"<!-- This site is optimized with the Yoast SEO plugin v27.4 - https:\/\/yoast.com\/product\/yoast-seo-wordpress\/ -->\n<title>G\u00e9is UV de marca branca CNC | Stand 18 B48, Cosmoprof 2026<\/title>\n<meta name=\"description\" content=\"Conhe\u00e7a a CNC na Cosmoprof Bologna 2026 e descubra g\u00e9is UV de marca branca sem HEMA nem TPO. Visite-nos no stand B48, pavilh\u00e3o 18, Cosmopack.\" \/>\n<meta name=\"robots\" content=\"index, follow, max-snippet:-1, max-image-preview:large, max-video-preview:-1\" \/>\n<link rel=\"canonical\" href=\"https:\/\/www.cncinternational.eu\/pt-pt\/cosmoprof-bologna\/\" \/>\n<meta property=\"og:locale\" content=\"pt_PT\" \/>\n<meta property=\"og:type\" content=\"article\" \/>\n<meta property=\"og:title\" content=\"G\u00e9is UV de marca branca CNC | Stand 18 B48, Cosmoprof 2026\" \/>\n<meta property=\"og:description\" content=\"Conhe\u00e7a a CNC na Cosmoprof Bologna 2026 e descubra g\u00e9is UV de marca branca sem HEMA nem TPO. Visite-nos no stand B48, pavilh\u00e3o 18, Cosmopack.\" \/>\n<meta property=\"og:url\" content=\"https:\/\/www.cncinternational.eu\/pt-pt\/cosmoprof-bologna\/\" \/>\n<meta property=\"og:site_name\" content=\"CNC International\" \/>\n<meta property=\"article:modified_time\" content=\"2026-02-10T15:20:36+00:00\" \/>\n<meta property=\"og:image\" content=\"https:\/\/www.cncinternational.eu\/wp-content\/uploads\/2026\/01\/Cosmopack-with-logo.jpg\" \/>\n\t<meta property=\"og:image:width\" content=\"1445\" \/>\n\t<meta property=\"og:image:height\" content=\"813\" \/>\n\t<meta property=\"og:image:type\" content=\"image\/jpeg\" \/>\n<meta name=\"twitter:card\" content=\"summary_large_image\" \/>\n<meta name=\"twitter:label1\" content=\"Tempo estimado de leitura\" \/>\n\t<meta name=\"twitter:data1\" content=\"1 minuto\" \/>\n<script type=\"application\/ld+json\" class=\"yoast-schema-graph\">{\"@context\":\"https:\\\/\\\/schema.org\",\"@graph\":[{\"@type\":\"WebPage\",\"@id\":\"https:\\\/\\\/www.cncinternational.eu\\\/pt-pt\\\/cosmoprof-bologna\\\/\",\"url\":\"https:\\\/\\\/www.cncinternational.eu\\\/pt-pt\\\/cosmoprof-bologna\\\/\",\"name\":\"G\u00e9is UV de marca branca CNC | Stand 18 B48, Cosmoprof 2026\",\"isPartOf\":{\"@id\":\"https:\\\/\\\/www.cncinternational.eu\\\/pt-pt\\\/#website\"},\"primaryImageOfPage\":{\"@id\":\"https:\\\/\\\/www.cncinternational.eu\\\/pt-pt\\\/cosmoprof-bologna\\\/#primaryimage\"},\"image\":{\"@id\":\"https:\\\/\\\/www.cncinternational.eu\\\/pt-pt\\\/cosmoprof-bologna\\\/#primaryimage\"},\"thumbnailUrl\":\"https:\\\/\\\/www.cncinternational.eu\\\/wp-content\\\/uploads\\\/2026\\\/03\\\/CNC-Banner-Cosmoprof-20261.jpg\",\"datePublished\":\"2025-01-23T14:37:09+00:00\",\"dateModified\":\"2026-02-10T15:20:36+00:00\",\"description\":\"Conhe\u00e7a a CNC na Cosmoprof Bologna 2026 e descubra g\u00e9is UV de marca branca sem HEMA nem TPO. Visite-nos no stand B48, pavilh\u00e3o 18, Cosmopack.\",\"breadcrumb\":{\"@id\":\"https:\\\/\\\/www.cncinternational.eu\\\/pt-pt\\\/cosmoprof-bologna\\\/#breadcrumb\"},\"inLanguage\":\"pt-PT\",\"potentialAction\":[{\"@type\":\"ReadAction\",\"target\":[\"https:\\\/\\\/www.cncinternational.eu\\\/pt-pt\\\/cosmoprof-bologna\\\/\"]}]},{\"@type\":\"ImageObject\",\"inLanguage\":\"pt-PT\",\"@id\":\"https:\\\/\\\/www.cncinternational.eu\\\/pt-pt\\\/cosmoprof-bologna\\\/#primaryimage\",\"url\":\"https:\\\/\\\/www.cncinternational.eu\\\/wp-content\\\/uploads\\\/2026\\\/03\\\/CNC-Banner-Cosmoprof-20261.jpg\",\"contentUrl\":\"https:\\\/\\\/www.cncinternational.eu\\\/wp-content\\\/uploads\\\/2026\\\/03\\\/CNC-Banner-Cosmoprof-20261.jpg\",\"width\":1445,\"height\":813},{\"@type\":\"BreadcrumbList\",\"@id\":\"https:\\\/\\\/www.cncinternational.eu\\\/pt-pt\\\/cosmoprof-bologna\\\/#breadcrumb\",\"itemListElement\":[{\"@type\":\"ListItem\",\"position\":1,\"name\":\"Home\",\"item\":\"https:\\\/\\\/www.cncinternational.eu\\\/pt-pt\\\/\"},{\"@type\":\"ListItem\",\"position\":2,\"name\":\"Encontra-te com a CNC na Cosmoprof Bologna 2026\"}]},{\"@type\":\"WebSite\",\"@id\":\"https:\\\/\\\/www.cncinternational.eu\\\/pt-pt\\\/#website\",\"url\":\"https:\\\/\\\/www.cncinternational.eu\\\/pt-pt\\\/\",\"name\":\"CNC International\",\"description\":\"Just another WordPress site\",\"potentialAction\":[{\"@type\":\"SearchAction\",\"target\":{\"@type\":\"EntryPoint\",\"urlTemplate\":\"https:\\\/\\\/www.cncinternational.eu\\\/pt-pt\\\/?s={search_term_string}\"},\"query-input\":{\"@type\":\"PropertyValueSpecification\",\"valueRequired\":true,\"valueName\":\"search_term_string\"}}],\"inLanguage\":\"pt-PT\"}]}<\/script>\n<!-- \/ Yoast SEO plugin. -->","yoast_head_json":{"title":"G\u00e9is UV de marca branca CNC | Stand 18 B48, Cosmoprof 2026","description":"Conhe\u00e7a a CNC na Cosmoprof Bologna 2026 e descubra g\u00e9is UV de marca branca sem HEMA nem TPO. Visite-nos no stand B48, pavilh\u00e3o 18, Cosmopack.","robots":{"index":"index","follow":"follow","max-snippet":"max-snippet:-1","max-image-preview":"max-image-preview:large","max-video-preview":"max-video-preview:-1"},"canonical":"https:\/\/www.cncinternational.eu\/pt-pt\/cosmoprof-bologna\/","og_locale":"pt_PT","og_type":"article","og_title":"G\u00e9is UV de marca branca CNC | Stand 18 B48, Cosmoprof 2026","og_description":"Conhe\u00e7a a CNC na Cosmoprof Bologna 2026 e descubra g\u00e9is UV de marca branca sem HEMA nem TPO. Visite-nos no stand B48, pavilh\u00e3o 18, Cosmopack.","og_url":"https:\/\/www.cncinternational.eu\/pt-pt\/cosmoprof-bologna\/","og_site_name":"CNC International","article_modified_time":"2026-02-10T15:20:36+00:00","og_image":[{"width":1445,"height":813,"url":"https:\/\/www.cncinternational.eu\/wp-content\/uploads\/2026\/01\/Cosmopack-with-logo.jpg","type":"image\/jpeg"}],"twitter_card":"summary_large_image","twitter_misc":{"Tempo estimado de leitura":"1 minuto"},"schema":{"@context":"https:\/\/schema.org","@graph":[{"@type":"WebPage","@id":"https:\/\/www.cncinternational.eu\/pt-pt\/cosmoprof-bologna\/","url":"https:\/\/www.cncinternational.eu\/pt-pt\/cosmoprof-bologna\/","name":"G\u00e9is UV de marca branca CNC | Stand 18 B48, Cosmoprof 2026","isPartOf":{"@id":"https:\/\/www.cncinternational.eu\/pt-pt\/#website"},"primaryImageOfPage":{"@id":"https:\/\/www.cncinternational.eu\/pt-pt\/cosmoprof-bologna\/#primaryimage"},"image":{"@id":"https:\/\/www.cncinternational.eu\/pt-pt\/cosmoprof-bologna\/#primaryimage"},"thumbnailUrl":"https:\/\/www.cncinternational.eu\/wp-content\/uploads\/2026\/03\/CNC-Banner-Cosmoprof-20261.jpg","datePublished":"2025-01-23T14:37:09+00:00","dateModified":"2026-02-10T15:20:36+00:00","description":"Conhe\u00e7a a CNC na Cosmoprof Bologna 2026 e descubra g\u00e9is UV de marca branca sem HEMA nem TPO. Visite-nos no stand B48, pavilh\u00e3o 18, Cosmopack.","breadcrumb":{"@id":"https:\/\/www.cncinternational.eu\/pt-pt\/cosmoprof-bologna\/#breadcrumb"},"inLanguage":"pt-PT","potentialAction":[{"@type":"ReadAction","target":["https:\/\/www.cncinternational.eu\/pt-pt\/cosmoprof-bologna\/"]}]},{"@type":"ImageObject","inLanguage":"pt-PT","@id":"https:\/\/www.cncinternational.eu\/pt-pt\/cosmoprof-bologna\/#primaryimage","url":"https:\/\/www.cncinternational.eu\/wp-content\/uploads\/2026\/03\/CNC-Banner-Cosmoprof-20261.jpg","contentUrl":"https:\/\/www.cncinternational.eu\/wp-content\/uploads\/2026\/03\/CNC-Banner-Cosmoprof-20261.jpg","width":1445,"height":813},{"@type":"BreadcrumbList","@id":"https:\/\/www.cncinternational.eu\/pt-pt\/cosmoprof-bologna\/#breadcrumb","itemListElement":[{"@type":"ListItem","position":1,"name":"Home","item":"https:\/\/www.cncinternational.eu\/pt-pt\/"},{"@type":"ListItem","position":2,"name":"Encontra-te com a CNC na Cosmoprof Bologna 2026"}]},{"@type":"WebSite","@id":"https:\/\/www.cncinternational.eu\/pt-pt\/#website","url":"https:\/\/www.cncinternational.eu\/pt-pt\/","name":"CNC International","description":"Just another WordPress site","potentialAction":[{"@type":"SearchAction","target":{"@type":"EntryPoint","urlTemplate":"https:\/\/www.cncinternational.eu\/pt-pt\/?s={search_term_string}"},"query-input":{"@type":"PropertyValueSpecification","valueRequired":true,"valueName":"search_term_string"}}],"inLanguage":"pt-PT"}]}},"_links":{"self":[{"href":"https:\/\/www.cncinternational.eu\/pt-pt\/wp-json\/wp\/v2\/pages\/10694","targetHints":{"allow":["GET"]}}],"collection":[{"href":"https:\/\/www.cncinternational.eu\/pt-pt\/wp-json\/wp\/v2\/pages"}],"about":[{"href":"https:\/\/www.cncinternational.eu\/pt-pt\/wp-json\/wp\/v2\/types\/page"}],"author":[{"embeddable":true,"href":"https:\/\/www.cncinternational.eu\/pt-pt\/wp-json\/wp\/v2\/users\/13"}],"replies":[{"embeddable":true,"href":"https:\/\/www.cncinternational.eu\/pt-pt\/wp-json\/wp\/v2\/comments?post=10694"}],"version-history":[{"count":8,"href":"https:\/\/www.cncinternational.eu\/pt-pt\/wp-json\/wp\/v2\/pages\/10694\/revisions"}],"predecessor-version":[{"id":14201,"href":"https:\/\/www.cncinternational.eu\/pt-pt\/wp-json\/wp\/v2\/pages\/10694\/revisions\/14201"}],"wp:featuredmedia":[{"embeddable":true,"href":"https:\/\/www.cncinternational.eu\/pt-pt\/wp-json\/wp\/v2\/media\/14509"}],"wp:attachment":[{"href":"https:\/\/www.cncinternational.eu\/pt-pt\/wp-json\/wp\/v2\/media?parent=10694"}],"curies":[{"name":"wp","href":"https:\/\/api.w.org\/{rel}","templated":true}]}}