{"id":7149,"date":"2025-09-01T09:00:00","date_gmt":"2025-09-01T09:00:00","guid":{"rendered":"https:\/\/www.cncinternational.eu\/nieuws\/trend-colors-winter-2023\/"},"modified":"2026-02-10T15:56:00","modified_gmt":"2026-02-10T15:56:00","slug":"cores-unhas-inverno","status":"publish","type":"nieuws","link":"https:\/\/www.cncinternational.eu\/pt-pt\/noticias\/cores-unhas-inverno\/","title":{"rendered":"Unhas de inverno 2025"},"content":{"rendered":"        \t  <header class=\"single-news-header \">\n\t\t<!-- For mobile -->\n\t\t<div class=\"d-block d-sm-none\">\n\t\t  <div class=\"container-fluid px-0\">\n\t\t\t<div class=\"container g-0\">\n\t\t\t  <div class=\"row g-0 justify-content-start align-items-center\">\n\t\t\t\t<div class=\"col-12 d-sm-none\">\n\t\t\t\t  <div class=\"col-md-6 order-1 order-md-2\">\n\t\t\t\t\t\t\t\t\t\t\t<img fetchpriority=\"high\" decoding=\"async\" src=\"https:\/\/www.cncinternational.eu\/wp-content\/uploads\/2025\/09\/CNC-Winter-GP-Collection-25-26-cnc-news-1.jpg\" alt=\"Unhas de inverno 2025\" width=\"1000\" height=\"563\" loading=\"eager\">\n\t\t\t\t\t\t\t\t\t  <\/div>\n\t\t\t\t<\/div>\n\t\t\t\t<div class=\"offset-md-6 col-md-6\">\n\t\t\t\t  <div class=\"header-text\">\n\t\t\t\t\t<p class=\"mobile-title\">UNHAS DE INVERNO 2025<\/p>\n                    \t\t\t\t\t<div class=\"post-date\">1 de Setembro, 2025 | Written By: Carly\t\t\t\t\t\t\n\t\t\t\t\t<\/div>\n                    \t\t\t\t\t<p>Explora a cole\u00e7\u00e3o de vernizes em gel CNC inverno 2025 &#8211; 4 tons inspirados na moda, sem DiHEMA, sem TPO e prontos para a tua marca privada.<\/p>\n\t\t\t\t  <\/div>\n\t\t\t\t<\/div>\n\t\t\t  <\/div>\n\t\t\t<\/div>\n\t\t  <\/div>\n\t\t<\/div>\n\t\t<!-- \/For mobile -->\n\t\t\n\t\t<!-- For desktop -->\n\t\t<div class=\"d-none d-sm-block\">\n\t\t  <div class=\"container-fluid px-0\" >\n\t\t\t<div class=\"header-bg\" style=\"background-image: url('https:\/\/www.cncinternational.eu\/wp-content\/uploads\/2025\/09\/CNC-Winter-GP-Collection-25-26-cnc-news-1.jpg');\">\n\t\t\t\t\n\t\t\t<\/div>\n\t\t\t<div class=\"container g-0\">\n\t\t\t  <div class=\"row g-0 justify-content-start align-items-center\">\n\t\t\t\t<div class=\"col-md-6\">\n\t\t\t\t  <div class=\"header-text\">\n\t\t\t\t\t  <h1>UNHAS DE INVERNO 2025<\/h1>\n                     \t\t\t\t\t\t<div class=\"post-date\">1 de Setembro, 2025 | Written By: Carly\t\t\t\t\t\t\t\n\t\t\t\t\t\t<\/div>\n                    \t\t\t\t\t<p>Explora a cole\u00e7\u00e3o de vernizes em gel CNC inverno 2025 &#8211; 4 tons inspirados na moda, sem DiHEMA, sem TPO e prontos para a tua marca privada.<\/p>\n\t\t\t\t  <\/div>\n\t\t\t\t<\/div>\n\t\t\t  <\/div>\n\t\t\t<\/div>\n\t\t  <\/div>\n\t\t<\/div>\n\t\t<!-- \/For desktop -->\n\t  <\/header>\n\t\n  \n\n  \n  <section class=\"news-single-wrapper \">\n\t<div class=\"container p-0\">\n      <div class=\"d-flex\">\n        <div class=\"main-content overlap\">\n\t\t\t<h1>Verniz de gel de marca pr\u00f3pria &#8211; cores de unhas tend\u00eancia inverno 2025\/2026<\/h1>\n<p>A CNC International lan\u00e7a quatro novas tonalidades de verniz em gel para o inverno de 2025, inspiradas nas tend\u00eancias globais da moda, como o romance sombrio e o luxo tranquilo. O resultado: uma paleta refinada com malvas suaves, castanhos profundos e vermelhos aveludados que reflectem perfeitamente a eleg\u00e2ncia da esta\u00e7\u00e3o. <\/p>\n<p>Estes tons ricos e f\u00e1ceis de usar s\u00e3o ideais para construir uma cole\u00e7\u00e3o de inverno moderna e na moda &#8211; quer sirva sal\u00f5es de beleza, retalhistas ou utilizadores profissionais.<\/p>\n<p><img loading=\"lazy\" decoding=\"async\" class=\"alignnone wp-image-12423\" src=\"https:\/\/www.cncinternational.eu\/wp-content\/uploads\/2025\/08\/G1673.png\" alt=\"Cor cinzento-taupe na ponta da unha - cor de verniz de gel de marca pr\u00f3pria da CNC International\" width=\"90\" height=\"90\" srcset=\"https:\/\/www.cncinternational.eu\/wp-content\/uploads\/2025\/08\/G1673.png 200w, https:\/\/www.cncinternational.eu\/wp-content\/uploads\/2025\/08\/G1673-150x150.png 150w\" sizes=\"auto, (max-width: 90px) 100vw, 90px\" \/><\/p>\n<p><strong>G1673<\/strong><br \/>\nUm cinzento-taupe com um tom suave e esfumado. Equilibrado, calmo e elegante. <\/p>\n<p><img loading=\"lazy\" decoding=\"async\" class=\"alignnone wp-image-12432\" src=\"https:\/\/www.cncinternational.eu\/wp-content\/uploads\/2025\/08\/G1674.png\" alt=\"Cor cinzenta-verde suave na ponta da unha - cor de verniz de gel de marca pr\u00f3pria da CNC International\" width=\"90\" height=\"90\" srcset=\"https:\/\/www.cncinternational.eu\/wp-content\/uploads\/2025\/08\/G1674.png 200w, https:\/\/www.cncinternational.eu\/wp-content\/uploads\/2025\/08\/G1674-150x150.png 150w\" sizes=\"auto, (max-width: 90px) 100vw, 90px\" \/><\/p>\n<p><strong>G1674<\/strong><br \/>\nUm cinzento-verde suave. Moderno, vers\u00e1til e fresco sem esfor\u00e7o. <\/p>\n<p><img loading=\"lazy\" decoding=\"async\" class=\"alignnone wp-image-12414\" src=\"https:\/\/www.cncinternational.eu\/wp-content\/uploads\/2025\/08\/G1675.png\" alt=\"Cor vermelha rica em bagas na ponta da unha - cor de verniz de gel de marca pr\u00f3pria da CNC International\" width=\"90\" height=\"90\" srcset=\"https:\/\/www.cncinternational.eu\/wp-content\/uploads\/2025\/08\/G1675.png 200w, https:\/\/www.cncinternational.eu\/wp-content\/uploads\/2025\/08\/G1675-150x150.png 150w\" sizes=\"auto, (max-width: 90px) 100vw, 90px\" \/><\/p>\n<p><strong>G1675<\/strong><br \/>\nUm vermelho rico em bagas com um final aveludado. Feminino, intenso e atraente. <\/p>\n<p><img loading=\"lazy\" decoding=\"async\" class=\"alignnone wp-image-12441\" src=\"https:\/\/www.cncinternational.eu\/wp-content\/uploads\/2025\/08\/G1676.png\" alt=\"Cor castanha profunda na ponta da unha - cor de verniz de gel de marca pr\u00f3pria da CNC International\" width=\"90\" height=\"90\" srcset=\"https:\/\/www.cncinternational.eu\/wp-content\/uploads\/2025\/08\/G1676.png 200w, https:\/\/www.cncinternational.eu\/wp-content\/uploads\/2025\/08\/G1676-150x150.png 150w\" sizes=\"auto, (max-width: 90px) 100vw, 90px\" \/><\/p>\n<p><strong>G1676<\/strong><br \/>\nCastanho profundo com intensidade quase negra. Ousado, quente e cheio de profundidade. <\/p>\n<h2>CNC \u00e9 o teu fabricante de verniz de gel de marca pr\u00f3pria de confian\u00e7a<\/h2>\n<ul>\n<li>Sem HEMA | Sem Di-HEMA | Sem TPO<\/li>\n<li>F\u00f3rmulas profissionais, seguras e modernas<\/li>\n<li>Pronto para a tua etiqueta!<\/li>\n<li>Inspirado nas cores da esta\u00e7\u00e3o e nas tend\u00eancias da moda<\/li>\n<\/ul>\n<p>A cole\u00e7\u00e3o de vernizes em gel inverno 2025 j\u00e1 est\u00e1 dispon\u00edvel para marca pr\u00f3pria!<\/p>\n        <\/div>\n      <\/div>\n    <\/div>\n  <\/section>\n  \n  \n\n\n  \t<section class=\"contact-block gradient-bg \" id=\"\">\n\t\t<div class=\"container\">\n\t\t\n\t\t\t<div class=\"row justify-content-center\">\n\t\t\t\t<div class=\"col-12 col-sm-10 col-md-8 col-lg-6\">\n\t\t\t\t\t<div class=\"form-wrapper\">\n\t\t\t\t\t\t\n\t\t\t\t\t\t\t\t\t\t\t\t\t\t\t\t\t\t\t\t\t\t\t\t<div class=\"form\">\n\t\t\t\t\t\t\t\n\t\t\t\t\t\t\t\t\t\t\t\t\t\t\t\t\t\t<script src='https:\/\/online4.superoffice.com\/Cust21613\/CS\/scripts\/customer.fcgi?action=form&#038;id=F-pWZr08mc' defer><\/script>\n\t\t\t\t\t\t\t\t\t\t\t\t\t\t\t\t\t\t\t\t\t\t\t\t\t\t\t\t\t\t\t\t\t<\/div>\n\t\t\t\t\t\t\t\t\t\t\t\t\t\t\t\t\t\t\t\t\t\t\t\t\t\t\t\t\t\t<\/div>\n\t\t\t\t<\/div>\n\t\t\t<\/div>\n\t\t<\/div>\n\t<\/section>\n      \t\n  \t\n\t","protected":false},"excerpt":{"rendered":"Explora a cole\u00e7\u00e3o de vernizes em gel para o inverno 2025-2026 da CNC &#8211; 4 tonalidades inspiradas na moda, sem DiHEMA, sem TPO e prontas para a tua marca privada.","protected":false},"author":13,"featured_media":13286,"template":"","format":"standard","nieuws_category":[],"class_list":["post-7149","nieuws","type-nieuws","status-publish","format-standard","has-post-thumbnail","hentry"],"acf":[],"yoast_head":"<!-- This site is optimized with the Yoast SEO plugin v27.4 - https:\/\/yoast.com\/product\/yoast-seo-wordpress\/ -->\n<title>Tend\u00eancia unhas inverno 2025 \u2013 Verniz gel marca pr\u00f3pria CNC<\/title>\n<meta name=\"description\" content=\"Explora a cole\u00e7\u00e3o de vernizes em gel CNC inverno 2025 - 4 tons inspirados na moda, sem DiHEMA, sem TPO e prontos para a tua marca privada.\" \/>\n<meta name=\"robots\" content=\"index, follow, max-snippet:-1, max-image-preview:large, max-video-preview:-1\" \/>\n<link rel=\"canonical\" href=\"https:\/\/www.cncinternational.eu\/pt-pt\/noticias\/cores-unhas-inverno\/\" \/>\n<meta property=\"og:locale\" content=\"pt_PT\" \/>\n<meta property=\"og:type\" content=\"article\" \/>\n<meta property=\"og:title\" content=\"Tend\u00eancia unhas inverno 2025 \u2013 Verniz gel marca pr\u00f3pria CNC\" \/>\n<meta property=\"og:description\" content=\"Explora a cole\u00e7\u00e3o de vernizes em gel CNC inverno 2025 - 4 tons inspirados na moda, sem DiHEMA, sem TPO e prontos para a tua marca privada.\" \/>\n<meta property=\"og:url\" content=\"https:\/\/www.cncinternational.eu\/pt-pt\/noticias\/cores-unhas-inverno\/\" \/>\n<meta property=\"og:site_name\" content=\"CNC International\" \/>\n<meta property=\"article:modified_time\" content=\"2026-02-10T15:56:00+00:00\" \/>\n<meta property=\"og:image\" content=\"https:\/\/www.cncinternational.eu\/wp-content\/uploads\/2025\/09\/CNC-Winter-GP-Collection-25-26-cnc-news-1.jpg\" \/>\n\t<meta property=\"og:image:width\" content=\"1000\" \/>\n\t<meta property=\"og:image:height\" content=\"563\" \/>\n\t<meta property=\"og:image:type\" content=\"image\/jpeg\" \/>\n<meta name=\"twitter:card\" content=\"summary_large_image\" \/>\n<script type=\"application\/ld+json\" class=\"yoast-schema-graph\">{\"@context\":\"https:\\\/\\\/schema.org\",\"@graph\":[{\"@type\":\"WebPage\",\"@id\":\"https:\\\/\\\/www.cncinternational.eu\\\/pt-pt\\\/noticias\\\/cores-unhas-inverno\\\/\",\"url\":\"https:\\\/\\\/www.cncinternational.eu\\\/pt-pt\\\/noticias\\\/cores-unhas-inverno\\\/\",\"name\":\"Tend\u00eancia unhas inverno 2025 \u2013 Verniz gel marca pr\u00f3pria CNC\",\"isPartOf\":{\"@id\":\"https:\\\/\\\/www.cncinternational.eu\\\/pt-pt\\\/#website\"},\"primaryImageOfPage\":{\"@id\":\"https:\\\/\\\/www.cncinternational.eu\\\/pt-pt\\\/noticias\\\/cores-unhas-inverno\\\/#primaryimage\"},\"image\":{\"@id\":\"https:\\\/\\\/www.cncinternational.eu\\\/pt-pt\\\/noticias\\\/cores-unhas-inverno\\\/#primaryimage\"},\"thumbnailUrl\":\"https:\\\/\\\/www.cncinternational.eu\\\/wp-content\\\/uploads\\\/2025\\\/09\\\/CNC-Winter-GP-Collection-25-26-cnc-news-1.jpg\",\"datePublished\":\"2025-09-01T09:00:00+00:00\",\"dateModified\":\"2026-02-10T15:56:00+00:00\",\"description\":\"Explora a cole\u00e7\u00e3o de vernizes em gel CNC inverno 2025 - 4 tons inspirados na moda, sem DiHEMA, sem TPO e prontos para a tua marca privada.\",\"breadcrumb\":{\"@id\":\"https:\\\/\\\/www.cncinternational.eu\\\/pt-pt\\\/noticias\\\/cores-unhas-inverno\\\/#breadcrumb\"},\"inLanguage\":\"pt-PT\",\"potentialAction\":[{\"@type\":\"ReadAction\",\"target\":[\"https:\\\/\\\/www.cncinternational.eu\\\/pt-pt\\\/noticias\\\/cores-unhas-inverno\\\/\"]}]},{\"@type\":\"ImageObject\",\"inLanguage\":\"pt-PT\",\"@id\":\"https:\\\/\\\/www.cncinternational.eu\\\/pt-pt\\\/noticias\\\/cores-unhas-inverno\\\/#primaryimage\",\"url\":\"https:\\\/\\\/www.cncinternational.eu\\\/wp-content\\\/uploads\\\/2025\\\/09\\\/CNC-Winter-GP-Collection-25-26-cnc-news-1.jpg\",\"contentUrl\":\"https:\\\/\\\/www.cncinternational.eu\\\/wp-content\\\/uploads\\\/2025\\\/09\\\/CNC-Winter-GP-Collection-25-26-cnc-news-1.jpg\",\"width\":1000,\"height\":563,\"caption\":\"launch your own nail brand with CNC's NEW winter gel polish colors\"},{\"@type\":\"BreadcrumbList\",\"@id\":\"https:\\\/\\\/www.cncinternational.eu\\\/pt-pt\\\/noticias\\\/cores-unhas-inverno\\\/#breadcrumb\",\"itemListElement\":[{\"@type\":\"ListItem\",\"position\":1,\"name\":\"Home\",\"item\":\"https:\\\/\\\/www.cncinternational.eu\\\/pt-pt\\\/\"},{\"@type\":\"ListItem\",\"position\":2,\"name\":\"Unhas de inverno 2025\"}]},{\"@type\":\"WebSite\",\"@id\":\"https:\\\/\\\/www.cncinternational.eu\\\/pt-pt\\\/#website\",\"url\":\"https:\\\/\\\/www.cncinternational.eu\\\/pt-pt\\\/\",\"name\":\"CNC International\",\"description\":\"Just another WordPress site\",\"potentialAction\":[{\"@type\":\"SearchAction\",\"target\":{\"@type\":\"EntryPoint\",\"urlTemplate\":\"https:\\\/\\\/www.cncinternational.eu\\\/pt-pt\\\/?s={search_term_string}\"},\"query-input\":{\"@type\":\"PropertyValueSpecification\",\"valueRequired\":true,\"valueName\":\"search_term_string\"}}],\"inLanguage\":\"pt-PT\"}]}<\/script>\n<!-- \/ Yoast SEO plugin. -->","yoast_head_json":{"title":"Tend\u00eancia unhas inverno 2025 \u2013 Verniz gel marca pr\u00f3pria CNC","description":"Explora a cole\u00e7\u00e3o de vernizes em gel CNC inverno 2025 - 4 tons inspirados na moda, sem DiHEMA, sem TPO e prontos para a tua marca privada.","robots":{"index":"index","follow":"follow","max-snippet":"max-snippet:-1","max-image-preview":"max-image-preview:large","max-video-preview":"max-video-preview:-1"},"canonical":"https:\/\/www.cncinternational.eu\/pt-pt\/noticias\/cores-unhas-inverno\/","og_locale":"pt_PT","og_type":"article","og_title":"Tend\u00eancia unhas inverno 2025 \u2013 Verniz gel marca pr\u00f3pria CNC","og_description":"Explora a cole\u00e7\u00e3o de vernizes em gel CNC inverno 2025 - 4 tons inspirados na moda, sem DiHEMA, sem TPO e prontos para a tua marca privada.","og_url":"https:\/\/www.cncinternational.eu\/pt-pt\/noticias\/cores-unhas-inverno\/","og_site_name":"CNC International","article_modified_time":"2026-02-10T15:56:00+00:00","og_image":[{"width":1000,"height":563,"url":"https:\/\/www.cncinternational.eu\/wp-content\/uploads\/2025\/09\/CNC-Winter-GP-Collection-25-26-cnc-news-1.jpg","type":"image\/jpeg"}],"twitter_card":"summary_large_image","schema":{"@context":"https:\/\/schema.org","@graph":[{"@type":"WebPage","@id":"https:\/\/www.cncinternational.eu\/pt-pt\/noticias\/cores-unhas-inverno\/","url":"https:\/\/www.cncinternational.eu\/pt-pt\/noticias\/cores-unhas-inverno\/","name":"Tend\u00eancia unhas inverno 2025 \u2013 Verniz gel marca pr\u00f3pria CNC","isPartOf":{"@id":"https:\/\/www.cncinternational.eu\/pt-pt\/#website"},"primaryImageOfPage":{"@id":"https:\/\/www.cncinternational.eu\/pt-pt\/noticias\/cores-unhas-inverno\/#primaryimage"},"image":{"@id":"https:\/\/www.cncinternational.eu\/pt-pt\/noticias\/cores-unhas-inverno\/#primaryimage"},"thumbnailUrl":"https:\/\/www.cncinternational.eu\/wp-content\/uploads\/2025\/09\/CNC-Winter-GP-Collection-25-26-cnc-news-1.jpg","datePublished":"2025-09-01T09:00:00+00:00","dateModified":"2026-02-10T15:56:00+00:00","description":"Explora a cole\u00e7\u00e3o de vernizes em gel CNC inverno 2025 - 4 tons inspirados na moda, sem DiHEMA, sem TPO e prontos para a tua marca privada.","breadcrumb":{"@id":"https:\/\/www.cncinternational.eu\/pt-pt\/noticias\/cores-unhas-inverno\/#breadcrumb"},"inLanguage":"pt-PT","potentialAction":[{"@type":"ReadAction","target":["https:\/\/www.cncinternational.eu\/pt-pt\/noticias\/cores-unhas-inverno\/"]}]},{"@type":"ImageObject","inLanguage":"pt-PT","@id":"https:\/\/www.cncinternational.eu\/pt-pt\/noticias\/cores-unhas-inverno\/#primaryimage","url":"https:\/\/www.cncinternational.eu\/wp-content\/uploads\/2025\/09\/CNC-Winter-GP-Collection-25-26-cnc-news-1.jpg","contentUrl":"https:\/\/www.cncinternational.eu\/wp-content\/uploads\/2025\/09\/CNC-Winter-GP-Collection-25-26-cnc-news-1.jpg","width":1000,"height":563,"caption":"launch your own nail brand with CNC's NEW winter gel polish colors"},{"@type":"BreadcrumbList","@id":"https:\/\/www.cncinternational.eu\/pt-pt\/noticias\/cores-unhas-inverno\/#breadcrumb","itemListElement":[{"@type":"ListItem","position":1,"name":"Home","item":"https:\/\/www.cncinternational.eu\/pt-pt\/"},{"@type":"ListItem","position":2,"name":"Unhas de inverno 2025"}]},{"@type":"WebSite","@id":"https:\/\/www.cncinternational.eu\/pt-pt\/#website","url":"https:\/\/www.cncinternational.eu\/pt-pt\/","name":"CNC International","description":"Just another WordPress site","potentialAction":[{"@type":"SearchAction","target":{"@type":"EntryPoint","urlTemplate":"https:\/\/www.cncinternational.eu\/pt-pt\/?s={search_term_string}"},"query-input":{"@type":"PropertyValueSpecification","valueRequired":true,"valueName":"search_term_string"}}],"inLanguage":"pt-PT"}]}},"_links":{"self":[{"href":"https:\/\/www.cncinternational.eu\/pt-pt\/wp-json\/wp\/v2\/nieuws\/7149","targetHints":{"allow":["GET"]}}],"collection":[{"href":"https:\/\/www.cncinternational.eu\/pt-pt\/wp-json\/wp\/v2\/nieuws"}],"about":[{"href":"https:\/\/www.cncinternational.eu\/pt-pt\/wp-json\/wp\/v2\/types\/nieuws"}],"author":[{"embeddable":true,"href":"https:\/\/www.cncinternational.eu\/pt-pt\/wp-json\/wp\/v2\/users\/13"}],"wp:featuredmedia":[{"embeddable":true,"href":"https:\/\/www.cncinternational.eu\/pt-pt\/wp-json\/wp\/v2\/media\/13286"}],"wp:attachment":[{"href":"https:\/\/www.cncinternational.eu\/pt-pt\/wp-json\/wp\/v2\/media?parent=7149"}],"wp:term":[{"taxonomy":"nieuws_category","embeddable":true,"href":"https:\/\/www.cncinternational.eu\/pt-pt\/wp-json\/wp\/v2\/nieuws_category?post=7149"}],"curies":[{"name":"wp","href":"https:\/\/api.w.org\/{rel}","templated":true}]}}