{"id":6668,"date":"2025-05-19T07:34:00","date_gmt":"2025-05-19T07:34:00","guid":{"rendered":"https:\/\/www.cncinternational.eu\/?post_type=nieuws&#038;p=6668"},"modified":"2026-02-10T15:56:13","modified_gmt":"2026-02-10T15:56:13","slug":"unhas-de-gel-outono","status":"publish","type":"nieuws","link":"https:\/\/www.cncinternational.eu\/pt-pt\/noticias\/unhas-de-gel-outono\/","title":{"rendered":"Cole\u00e7\u00e3o de unhas de inverno"},"content":{"rendered":"        \t  <header class=\"single-news-header \">\n\t\t<!-- For mobile -->\n\t\t<div class=\"d-block d-sm-none\">\n\t\t  <div class=\"container-fluid px-0\">\n\t\t\t<div class=\"container g-0\">\n\t\t\t  <div class=\"row g-0 justify-content-start align-items-center\">\n\t\t\t\t<div class=\"col-12 d-sm-none\">\n\t\t\t\t  <div class=\"col-md-6 order-1 order-md-2\">\n\t\t\t\t\t\t\t\t\t\t\t<img fetchpriority=\"high\" decoding=\"async\" src=\"https:\/\/www.cncinternational.eu\/wp-content\/uploads\/2024\/05\/CNC-Fall-GP-Collection-2025-cnc-news.jpg\" alt=\"Cole\u00e7\u00e3o de unhas de outono\" width=\"1445\" height=\"813\" loading=\"eager\">\n\t\t\t\t\t\t\t\t\t  <\/div>\n\t\t\t\t<\/div>\n\t\t\t\t<div class=\"offset-md-6 col-md-6\">\n\t\t\t\t  <div class=\"header-text\">\n\t\t\t\t\t<p class=\"mobile-title\">Cole\u00e7\u00e3o de unhas de outono<\/p>\n                    \t\t\t\t\t<div class=\"post-date\">19 de Maio, 2025 | Written By: Carly\t\t\t\t\t\t\n\t\t\t\t\t<\/div>\n                    \t\t\t\t\t<p><strong>As melhores cores da moda para o inverno de 2025 podem ser encontradas na cole\u00e7\u00e3o de vernizes em gel de outono CNC! Agora dispon\u00edvel para marca pr\u00f3pria. <\/strong><\/p>\n\t\t\t\t  <\/div>\n\t\t\t\t<\/div>\n\t\t\t  <\/div>\n\t\t\t<\/div>\n\t\t  <\/div>\n\t\t<\/div>\n\t\t<!-- \/For mobile -->\n\t\t\n\t\t<!-- For desktop -->\n\t\t<div class=\"d-none d-sm-block\">\n\t\t  <div class=\"container-fluid px-0\" >\n\t\t\t<div class=\"header-bg\" style=\"background-image: url('https:\/\/www.cncinternational.eu\/wp-content\/uploads\/2024\/05\/CNC-Fall-GP-Collection-2025-cnc-news.jpg');\">\n\t\t\t\t\n\t\t\t<\/div>\n\t\t\t<div class=\"container g-0\">\n\t\t\t  <div class=\"row g-0 justify-content-start align-items-center\">\n\t\t\t\t<div class=\"col-md-6\">\n\t\t\t\t  <div class=\"header-text\">\n\t\t\t\t\t  <h1>Cole\u00e7\u00e3o de unhas de outono<\/h1>\n                     \t\t\t\t\t\t<div class=\"post-date\">19 de Maio, 2025 | Written By: Carly\t\t\t\t\t\t\t\n\t\t\t\t\t\t<\/div>\n                    \t\t\t\t\t<p><strong>As melhores cores da moda para o inverno de 2025 podem ser encontradas na cole\u00e7\u00e3o de vernizes em gel de outono CNC! Agora dispon\u00edvel para marca pr\u00f3pria. <\/strong><\/p>\n\t\t\t\t  <\/div>\n\t\t\t\t<\/div>\n\t\t\t  <\/div>\n\t\t\t<\/div>\n\t\t  <\/div>\n\t\t<\/div>\n\t\t<!-- \/For desktop -->\n\t  <\/header>\n\t\n  \n\n  \n  <section class=\"news-single-wrapper \">\n\t<div class=\"container p-0\">\n      <div class=\"d-flex\">\n        <div class=\"main-content overlap\">\n\t\t\t<h1><strong>Novo: Cores de Verniz Gel inverno 2025 &#8211; Agora dispon\u00edveis para Marca Pr\u00f3pria<\/strong><\/h1>\n<p>A CNC International tem o orgulho de apresentar quatro novas cores de verniz em gel para o outono de 2025. Inspirada na tend\u00eancia Quiet Luxury, esta paleta sazonal refinada combina uma eleg\u00e2ncia suave com uma profundidade rica e f\u00e1cil de usar &#8211; perfeita para marcas de unhas modernas que procuram elevar as suas colec\u00e7\u00f5es de outono.<\/p>\n<p>Estas tonalidades inovadoras v\u00e3o desde os neutros quentes aos tons profundos e temperamentais, ideais para criar uma gama sazonal vers\u00e1til e elegante. Quer sirva sal\u00f5es de beleza, retalhistas ou profissionais, esta cole\u00e7\u00e3o ajuda-o a manter-se na vanguarda da cor e da qualidade.<\/p>\n<ul>\n<li><strong>Verniz em gel sem HEMA | sem Di-HEMA | sem TPO<\/strong><\/li>\n<li>Para formula\u00e7\u00f5es profissionais, seguras e modernas<\/li>\n<li>Pronto para a tua etiqueta!<\/li>\n<li>Inspirado nas tend\u00eancias da moda mundial<\/li>\n<\/ul>\n<p><img loading=\"lazy\" decoding=\"async\" class=\"alignnone wp-image-11738 size-large\" src=\"https:\/\/www.cncinternational.eu\/wp-content\/uploads\/2025\/05\/Untitled-design-14-1024x262.png\" alt=\"cores de verniz de gel de outono marca pr\u00f3pria\" width=\"1024\" height=\"262\" srcset=\"https:\/\/www.cncinternational.eu\/wp-content\/uploads\/2025\/05\/Untitled-design-14-1024x262.png 1024w, https:\/\/www.cncinternational.eu\/wp-content\/uploads\/2025\/05\/Untitled-design-14-300x77.png 300w, https:\/\/www.cncinternational.eu\/wp-content\/uploads\/2025\/05\/Untitled-design-14-768x197.png 768w, https:\/\/www.cncinternational.eu\/wp-content\/uploads\/2025\/05\/Untitled-design-14-1536x394.png 1536w, https:\/\/www.cncinternational.eu\/wp-content\/uploads\/2025\/05\/Untitled-design-14.png 1920w\" sizes=\"auto, (max-width: 1024px) 100vw, 1024px\" \/><\/p>\n<p>G1669: Baga rica e escura com um acabamento quase preto<br \/>\nG1670: Cinzento lavanda de tom frio que traz frescura e serenidade<br \/>\nG1671: Uma cor quente e cremosa de alperce com um toque de retro<br \/>\nG1672: Um mogno profundo e quente com um toque de suavidade<\/p>\n<p><strong>Pronto para adicionar \u00e0 cole\u00e7\u00e3o da tua marca &#8211; pede amostras ou faz a tua encomenda hoje.<\/strong><\/p>\n        <\/div>\n      <\/div>\n    <\/div>\n  <\/section>\n  \n  \n\n\n  \t<section class=\"contact-block gradient-bg \" id=\"\">\n\t\t<div class=\"container\">\n\t\t\n\t\t\t<div class=\"row justify-content-center\">\n\t\t\t\t<div class=\"col-12 col-sm-10 col-md-8 col-lg-6\">\n\t\t\t\t\t<div class=\"form-wrapper\">\n\t\t\t\t\t\t\n\t\t\t\t\t\t<h2 class=\"form-title\">Solicita o nosso cat\u00e1logo 2025 agora<\/h2>\t\t\t\t\t\t\t\t\t\t\t\t\t\t\t\t\t\t<div class=\"form\">\n\t\t\t\t\t\t\t\n\t\t\t\t\t\t\t\t\t\t\t\t\t\t\t\t\t\t<script src='https:\/\/online4.superoffice.com\/Cust21613\/CS\/scripts\/customer.fcgi?action=form&#038;id=F-pWZr08mc' defer><\/script>\n\t\t\t\t\t\t\t\t\t\t\t\t\t\t\t\t\t\t\t\t\t\t\t\t\t\t\t\t\t\t\t\t\t<\/div>\n\t\t\t\t\t\t\t\t\t\t\t\t\t\t\t\t\t\t\t\t\t\t\t\t\t\t\t\t\t\t<\/div>\n\t\t\t\t<\/div>\n\t\t\t<\/div>\n\t\t<\/div>\n\t<\/section>\n      \t\n  \t\n\t","protected":false},"excerpt":{"rendered":"Novo: Cole\u00e7\u00e3o de vernizes em gel inverno 2025 &#8211; J\u00e1 dispon\u00edvel &#8211; 4 novas cores de vernizes em gel &#8211; para Marca Pr\u00f3pria","protected":false},"author":13,"featured_media":11733,"template":"","format":"standard","nieuws_category":[],"class_list":["post-6668","nieuws","type-nieuws","status-publish","format-standard","has-post-thumbnail","hentry"],"acf":[],"yoast_head":"<!-- This site is optimized with the Yoast SEO plugin v27.4 - https:\/\/yoast.com\/product\/yoast-seo-wordpress\/ -->\n<title>Cores de Verniz Gel inverno 2025 - CNC Private Label<\/title>\n<meta name=\"description\" content=\"A nova cole\u00e7\u00e3o cores de verniz gel para o inverno de 2025 da CNC - 4 tonalidades sem HEMA, Di-HEMA e TPO. Perfeito para a tua marca pr\u00f3pria\" \/>\n<meta name=\"robots\" content=\"index, follow, max-snippet:-1, max-image-preview:large, max-video-preview:-1\" \/>\n<link rel=\"canonical\" href=\"https:\/\/www.cncinternational.eu\/pt-pt\/noticias\/unhas-de-gel-outono\/\" \/>\n<meta property=\"og:locale\" content=\"pt_PT\" \/>\n<meta property=\"og:type\" content=\"article\" \/>\n<meta property=\"og:title\" content=\"Cores de Verniz Gel inverno 2025 - CNC Private Label\" \/>\n<meta property=\"og:description\" content=\"A nova cole\u00e7\u00e3o cores de verniz gel para o inverno de 2025 da CNC - 4 tonalidades sem HEMA, Di-HEMA e TPO. Perfeito para a tua marca pr\u00f3pria\" \/>\n<meta property=\"og:url\" content=\"https:\/\/www.cncinternational.eu\/pt-pt\/noticias\/unhas-de-gel-outono\/\" \/>\n<meta property=\"og:site_name\" content=\"CNC International\" \/>\n<meta property=\"article:modified_time\" content=\"2026-02-10T15:56:13+00:00\" \/>\n<meta property=\"og:image\" content=\"https:\/\/www.cncinternational.eu\/wp-content\/uploads\/2024\/05\/CNC-Fall-GP-Collection-2025-cnc-news.jpg\" \/>\n\t<meta property=\"og:image:width\" content=\"1445\" \/>\n\t<meta property=\"og:image:height\" content=\"813\" \/>\n\t<meta property=\"og:image:type\" content=\"image\/jpeg\" \/>\n<meta name=\"twitter:card\" content=\"summary_large_image\" \/>\n<meta name=\"twitter:label1\" content=\"Tempo estimado de leitura\" \/>\n\t<meta name=\"twitter:data1\" content=\"1 minuto\" \/>\n<script type=\"application\/ld+json\" class=\"yoast-schema-graph\">{\"@context\":\"https:\\\/\\\/schema.org\",\"@graph\":[{\"@type\":\"WebPage\",\"@id\":\"https:\\\/\\\/www.cncinternational.eu\\\/pt-pt\\\/noticias\\\/unhas-de-gel-outono\\\/\",\"url\":\"https:\\\/\\\/www.cncinternational.eu\\\/pt-pt\\\/noticias\\\/unhas-de-gel-outono\\\/\",\"name\":\"Cores de Verniz Gel inverno 2025 - CNC Private Label\",\"isPartOf\":{\"@id\":\"https:\\\/\\\/www.cncinternational.eu\\\/pt-pt\\\/#website\"},\"primaryImageOfPage\":{\"@id\":\"https:\\\/\\\/www.cncinternational.eu\\\/pt-pt\\\/noticias\\\/unhas-de-gel-outono\\\/#primaryimage\"},\"image\":{\"@id\":\"https:\\\/\\\/www.cncinternational.eu\\\/pt-pt\\\/noticias\\\/unhas-de-gel-outono\\\/#primaryimage\"},\"thumbnailUrl\":\"https:\\\/\\\/www.cncinternational.eu\\\/wp-content\\\/uploads\\\/2024\\\/05\\\/CNC-Fall-GP-Collection-2025-cnc-news.jpg\",\"datePublished\":\"2025-05-19T07:34:00+00:00\",\"dateModified\":\"2026-02-10T15:56:13+00:00\",\"description\":\"A nova cole\u00e7\u00e3o cores de verniz gel para o inverno de 2025 da CNC - 4 tonalidades sem HEMA, Di-HEMA e TPO. Perfeito para a tua marca pr\u00f3pria\",\"breadcrumb\":{\"@id\":\"https:\\\/\\\/www.cncinternational.eu\\\/pt-pt\\\/noticias\\\/unhas-de-gel-outono\\\/#breadcrumb\"},\"inLanguage\":\"pt-PT\",\"potentialAction\":[{\"@type\":\"ReadAction\",\"target\":[\"https:\\\/\\\/www.cncinternational.eu\\\/pt-pt\\\/noticias\\\/unhas-de-gel-outono\\\/\"]}]},{\"@type\":\"ImageObject\",\"inLanguage\":\"pt-PT\",\"@id\":\"https:\\\/\\\/www.cncinternational.eu\\\/pt-pt\\\/noticias\\\/unhas-de-gel-outono\\\/#primaryimage\",\"url\":\"https:\\\/\\\/www.cncinternational.eu\\\/wp-content\\\/uploads\\\/2024\\\/05\\\/CNC-Fall-GP-Collection-2025-cnc-news.jpg\",\"contentUrl\":\"https:\\\/\\\/www.cncinternational.eu\\\/wp-content\\\/uploads\\\/2024\\\/05\\\/CNC-Fall-GP-Collection-2025-cnc-news.jpg\",\"width\":1445,\"height\":813,\"caption\":\"autumn\\\/fall nails 2025\"},{\"@type\":\"BreadcrumbList\",\"@id\":\"https:\\\/\\\/www.cncinternational.eu\\\/pt-pt\\\/noticias\\\/unhas-de-gel-outono\\\/#breadcrumb\",\"itemListElement\":[{\"@type\":\"ListItem\",\"position\":1,\"name\":\"Home\",\"item\":\"https:\\\/\\\/www.cncinternational.eu\\\/pt-pt\\\/\"},{\"@type\":\"ListItem\",\"position\":2,\"name\":\"Cole\u00e7\u00e3o de unhas de inverno\"}]},{\"@type\":\"WebSite\",\"@id\":\"https:\\\/\\\/www.cncinternational.eu\\\/pt-pt\\\/#website\",\"url\":\"https:\\\/\\\/www.cncinternational.eu\\\/pt-pt\\\/\",\"name\":\"CNC International\",\"description\":\"Just another WordPress site\",\"potentialAction\":[{\"@type\":\"SearchAction\",\"target\":{\"@type\":\"EntryPoint\",\"urlTemplate\":\"https:\\\/\\\/www.cncinternational.eu\\\/pt-pt\\\/?s={search_term_string}\"},\"query-input\":{\"@type\":\"PropertyValueSpecification\",\"valueRequired\":true,\"valueName\":\"search_term_string\"}}],\"inLanguage\":\"pt-PT\"}]}<\/script>\n<!-- \/ Yoast SEO plugin. -->","yoast_head_json":{"title":"Cores de Verniz Gel inverno 2025 - CNC Private Label","description":"A nova cole\u00e7\u00e3o cores de verniz gel para o inverno de 2025 da CNC - 4 tonalidades sem HEMA, Di-HEMA e TPO. Perfeito para a tua marca pr\u00f3pria","robots":{"index":"index","follow":"follow","max-snippet":"max-snippet:-1","max-image-preview":"max-image-preview:large","max-video-preview":"max-video-preview:-1"},"canonical":"https:\/\/www.cncinternational.eu\/pt-pt\/noticias\/unhas-de-gel-outono\/","og_locale":"pt_PT","og_type":"article","og_title":"Cores de Verniz Gel inverno 2025 - CNC Private Label","og_description":"A nova cole\u00e7\u00e3o cores de verniz gel para o inverno de 2025 da CNC - 4 tonalidades sem HEMA, Di-HEMA e TPO. Perfeito para a tua marca pr\u00f3pria","og_url":"https:\/\/www.cncinternational.eu\/pt-pt\/noticias\/unhas-de-gel-outono\/","og_site_name":"CNC International","article_modified_time":"2026-02-10T15:56:13+00:00","og_image":[{"width":1445,"height":813,"url":"https:\/\/www.cncinternational.eu\/wp-content\/uploads\/2024\/05\/CNC-Fall-GP-Collection-2025-cnc-news.jpg","type":"image\/jpeg"}],"twitter_card":"summary_large_image","twitter_misc":{"Tempo estimado de leitura":"1 minuto"},"schema":{"@context":"https:\/\/schema.org","@graph":[{"@type":"WebPage","@id":"https:\/\/www.cncinternational.eu\/pt-pt\/noticias\/unhas-de-gel-outono\/","url":"https:\/\/www.cncinternational.eu\/pt-pt\/noticias\/unhas-de-gel-outono\/","name":"Cores de Verniz Gel inverno 2025 - CNC Private Label","isPartOf":{"@id":"https:\/\/www.cncinternational.eu\/pt-pt\/#website"},"primaryImageOfPage":{"@id":"https:\/\/www.cncinternational.eu\/pt-pt\/noticias\/unhas-de-gel-outono\/#primaryimage"},"image":{"@id":"https:\/\/www.cncinternational.eu\/pt-pt\/noticias\/unhas-de-gel-outono\/#primaryimage"},"thumbnailUrl":"https:\/\/www.cncinternational.eu\/wp-content\/uploads\/2024\/05\/CNC-Fall-GP-Collection-2025-cnc-news.jpg","datePublished":"2025-05-19T07:34:00+00:00","dateModified":"2026-02-10T15:56:13+00:00","description":"A nova cole\u00e7\u00e3o cores de verniz gel para o inverno de 2025 da CNC - 4 tonalidades sem HEMA, Di-HEMA e TPO. Perfeito para a tua marca pr\u00f3pria","breadcrumb":{"@id":"https:\/\/www.cncinternational.eu\/pt-pt\/noticias\/unhas-de-gel-outono\/#breadcrumb"},"inLanguage":"pt-PT","potentialAction":[{"@type":"ReadAction","target":["https:\/\/www.cncinternational.eu\/pt-pt\/noticias\/unhas-de-gel-outono\/"]}]},{"@type":"ImageObject","inLanguage":"pt-PT","@id":"https:\/\/www.cncinternational.eu\/pt-pt\/noticias\/unhas-de-gel-outono\/#primaryimage","url":"https:\/\/www.cncinternational.eu\/wp-content\/uploads\/2024\/05\/CNC-Fall-GP-Collection-2025-cnc-news.jpg","contentUrl":"https:\/\/www.cncinternational.eu\/wp-content\/uploads\/2024\/05\/CNC-Fall-GP-Collection-2025-cnc-news.jpg","width":1445,"height":813,"caption":"autumn\/fall nails 2025"},{"@type":"BreadcrumbList","@id":"https:\/\/www.cncinternational.eu\/pt-pt\/noticias\/unhas-de-gel-outono\/#breadcrumb","itemListElement":[{"@type":"ListItem","position":1,"name":"Home","item":"https:\/\/www.cncinternational.eu\/pt-pt\/"},{"@type":"ListItem","position":2,"name":"Cole\u00e7\u00e3o de unhas de inverno"}]},{"@type":"WebSite","@id":"https:\/\/www.cncinternational.eu\/pt-pt\/#website","url":"https:\/\/www.cncinternational.eu\/pt-pt\/","name":"CNC International","description":"Just another WordPress site","potentialAction":[{"@type":"SearchAction","target":{"@type":"EntryPoint","urlTemplate":"https:\/\/www.cncinternational.eu\/pt-pt\/?s={search_term_string}"},"query-input":{"@type":"PropertyValueSpecification","valueRequired":true,"valueName":"search_term_string"}}],"inLanguage":"pt-PT"}]}},"_links":{"self":[{"href":"https:\/\/www.cncinternational.eu\/pt-pt\/wp-json\/wp\/v2\/nieuws\/6668","targetHints":{"allow":["GET"]}}],"collection":[{"href":"https:\/\/www.cncinternational.eu\/pt-pt\/wp-json\/wp\/v2\/nieuws"}],"about":[{"href":"https:\/\/www.cncinternational.eu\/pt-pt\/wp-json\/wp\/v2\/types\/nieuws"}],"author":[{"embeddable":true,"href":"https:\/\/www.cncinternational.eu\/pt-pt\/wp-json\/wp\/v2\/users\/13"}],"wp:featuredmedia":[{"embeddable":true,"href":"https:\/\/www.cncinternational.eu\/pt-pt\/wp-json\/wp\/v2\/media\/11733"}],"wp:attachment":[{"href":"https:\/\/www.cncinternational.eu\/pt-pt\/wp-json\/wp\/v2\/media?parent=6668"}],"wp:term":[{"taxonomy":"nieuws_category","embeddable":true,"href":"https:\/\/www.cncinternational.eu\/pt-pt\/wp-json\/wp\/v2\/nieuws_category?post=6668"}],"curies":[{"name":"wp","href":"https:\/\/api.w.org\/{rel}","templated":true}]}}