{"id":5897,"date":"2026-03-03T08:56:24","date_gmt":"2026-03-03T08:56:24","guid":{"rendered":"https:\/\/www.cncinternational.eu\/nieuws\/summer-collection-2023\/"},"modified":"2026-03-03T08:56:25","modified_gmt":"2026-03-03T08:56:25","slug":"colecao-verao","status":"publish","type":"nieuws","link":"https:\/\/www.cncinternational.eu\/pt-pt\/noticias\/colecao-verao\/","title":{"rendered":"Cole\u00e7\u00e3o de unhas de ver\u00e3o"},"content":{"rendered":"        \t  <header class=\"single-news-header \">\n\t\t<!-- For mobile -->\n\t\t<div class=\"d-block d-sm-none\">\n\t\t  <div class=\"container-fluid px-0\">\n\t\t\t<div class=\"container g-0\">\n\t\t\t  <div class=\"row g-0 justify-content-start align-items-center\">\n\t\t\t\t<div class=\"col-12 d-sm-none\">\n\t\t\t\t  <div class=\"col-md-6 order-1 order-md-2\">\n\t\t\t\t\t\t\t\t\t\t\t<img fetchpriority=\"high\" decoding=\"async\" src=\"https:\/\/www.cncinternational.eu\/wp-content\/uploads\/2025\/02\/CNC-Summer-GP-Collection-26-cnc-news.jpg\" alt=\"Cole\u00e7\u00e3o de unhas de ver\u00e3o  \" width=\"1000\" height=\"563\" loading=\"eager\">\n\t\t\t\t\t\t\t\t\t  <\/div>\n\t\t\t\t<\/div>\n\t\t\t\t<div class=\"offset-md-6 col-md-6\">\n\t\t\t\t  <div class=\"header-text\">\n\t\t\t\t\t<p class=\"mobile-title\">Cole\u00e7\u00e3o de unhas de ver\u00e3o  <\/p>\n                    \t\t\t\t\t<div class=\"post-date\">3 de Mar\u00e7o, 2026 | Written By: Carly\t\t\t\t\t\t\n\t\t\t\t\t<\/div>\n                    \t\t\t\t\t<p>Entra no ver\u00e3o com a cole\u00e7\u00e3o Summer 2026 Gel Polish da CNC International<\/p>\n\t\t\t\t  <\/div>\n\t\t\t\t<\/div>\n\t\t\t  <\/div>\n\t\t\t<\/div>\n\t\t  <\/div>\n\t\t<\/div>\n\t\t<!-- \/For mobile -->\n\t\t\n\t\t<!-- For desktop -->\n\t\t<div class=\"d-none d-sm-block\">\n\t\t  <div class=\"container-fluid px-0\" >\n\t\t\t<div class=\"header-bg\" style=\"background-image: url('https:\/\/www.cncinternational.eu\/wp-content\/uploads\/2025\/02\/CNC-Summer-GP-Collection-26-cnc-news.jpg');\">\n\t\t\t\t\n\t\t\t<\/div>\n\t\t\t<div class=\"container g-0\">\n\t\t\t  <div class=\"row g-0 justify-content-start align-items-center\">\n\t\t\t\t<div class=\"col-md-6\">\n\t\t\t\t  <div class=\"header-text\">\n\t\t\t\t\t  <h1>Cole\u00e7\u00e3o de unhas de ver\u00e3o  <\/h1>\n                     \t\t\t\t\t\t<div class=\"post-date\">3 de Mar\u00e7o, 2026 | Written By: Carly\t\t\t\t\t\t\t\n\t\t\t\t\t\t<\/div>\n                    \t\t\t\t\t<p>Entra no ver\u00e3o com a cole\u00e7\u00e3o Summer 2026 Gel Polish da CNC International<\/p>\n\t\t\t\t  <\/div>\n\t\t\t\t<\/div>\n\t\t\t  <\/div>\n\t\t\t<\/div>\n\t\t  <\/div>\n\t\t<\/div>\n\t\t<!-- \/For desktop -->\n\t  <\/header>\n\t\n    \n  <section class=\"news-single-wrapper \">\n\t<div class=\"container p-0\">\n      <div class=\"d-flex\">\n        <div class=\"main-content overlap\">\n\t\t\t<h1><strong>Cores de unhas ver\u00e3o 2026<\/strong><\/h1>\n<p style=\"line-height: 140%;\"><span style=\"font-size: 10.5pt; line-height: 140%; font-family: 'Helvetica',sans-serif; color: black;\">Entra no ver\u00e3o com a nossa <span style=\"font-family: 'Helvetica',sans-serif;\">nova cole\u00e7\u00e3o de vernizes em gel<\/span><strong><span style=\"font-family: 'Helvetica',sans-serif;\">.<\/span><\/strong> Concebida para dias quentes, luz suave e looks de sal\u00e3o sem esfor\u00e7o, estas quatro novas tonalidades combinam past\u00e9is frescos com neutros cremosos e f\u00e1ceis de usar. Perfeitas para conjuntos de ver\u00e3o que se sentem limpos, modernos e f\u00e1ceis de usar.   <\/span><span style=\"font-size: 10.5pt; line-height: 140%; font-family: 'Helvetica',sans-serif; color: black;\">Inspirada em tons iluminados pelo sol e texturas suaves, esta cole\u00e7\u00e3o move-se sem esfor\u00e7o entre a cor subtil e o nude refinado. Ideal para sal\u00f5es que pretendem uma atualiza\u00e7\u00e3o sazonal sem serem demasiado ousados.   <\/span><\/p>\n<p style=\"line-height: 140%;\"><span style=\"font-size: 10.5pt; line-height: 140%; font-family: 'Helvetica',sans-serif; color: black;\">Todas as tonalidades s\u00e3o isentas de HEMA, Di-HEMA e TPO, o que as torna adequadas para aplica\u00e7\u00f5es de gel de polimento seguras, modernas e profissionais.<\/span><\/p>\n<p><a class=\"btn\" href=\"#contact\">Solicita a brochura online gratuita da CNC<\/a><\/p>\n<p><img loading=\"lazy\" decoding=\"async\" class=\"alignnone wp-image-14304\" src=\"https:\/\/www.cncinternational.eu\/wp-content\/uploads\/2025\/02\/G1681.png\" alt=\"Verniz em gel de cor verde pastel suave\" width=\"75\" height=\"75\" srcset=\"https:\/\/www.cncinternational.eu\/wp-content\/uploads\/2025\/02\/G1681.png 200w, https:\/\/www.cncinternational.eu\/wp-content\/uploads\/2025\/02\/G1681-150x150.png 150w\" sizes=\"auto, (max-width: 75px) 100vw, 75px\" \/><strong>G1681<\/strong>: <span style=\"font-size: 10.5pt; line-height: 140%; font-family: 'Helvetica',sans-serif; color: black;\">Um verde pastel suave com um toque fresco e arejado.<\/span><\/p>\n<p><strong><img loading=\"lazy\" decoding=\"async\" class=\"alignnone wp-image-14295\" src=\"https:\/\/www.cncinternational.eu\/wp-content\/uploads\/2025\/02\/G1682.png\" alt=\"Verniz de gel de marca pr\u00f3pria cor de laranja pastel claro\" width=\"75\" height=\"75\" srcset=\"https:\/\/www.cncinternational.eu\/wp-content\/uploads\/2025\/02\/G1682.png 200w, https:\/\/www.cncinternational.eu\/wp-content\/uploads\/2025\/02\/G1682-150x150.png 150w\" sizes=\"auto, (max-width: 75px) 100vw, 75px\" \/>G1682<\/strong>: <span style=\"font-size: 10.5pt; line-height: 140%; font-family: 'Helvetica',sans-serif; color: black;\">Um laranja pastel claro que te faz sentir quente e solarengo.<\/span><\/p>\n<p><strong><img loading=\"lazy\" decoding=\"async\" class=\"alignnone wp-image-14286\" src=\"https:\/\/www.cncinternational.eu\/wp-content\/uploads\/2025\/02\/G1683.png\" alt=\"Verniz em gel de marca pr\u00f3pria rosa vintage suave\" width=\"75\" height=\"75\" srcset=\"https:\/\/www.cncinternational.eu\/wp-content\/uploads\/2025\/02\/G1683.png 200w, https:\/\/www.cncinternational.eu\/wp-content\/uploads\/2025\/02\/G1683-150x150.png 150w\" sizes=\"auto, (max-width: 75px) 100vw, 75px\" \/>G1683: <\/strong><span style=\"font-size: 10.5pt; line-height: 140%; font-family: 'Helvetica',sans-serif; color: black;\">Um rosa vintage suave.<\/span><\/p>\n<p><strong><img loading=\"lazy\" decoding=\"async\" class=\"alignnone wp-image-14277\" src=\"https:\/\/www.cncinternational.eu\/wp-content\/uploads\/2025\/02\/G1684.png\" alt=\"Verniz de gel nude-bege cremoso da CNC International\" width=\"75\" height=\"75\" srcset=\"https:\/\/www.cncinternational.eu\/wp-content\/uploads\/2025\/02\/G1684.png 200w, https:\/\/www.cncinternational.eu\/wp-content\/uploads\/2025\/02\/G1684-150x150.png 150w\" sizes=\"auto, (max-width: 75px) 100vw, 75px\" \/>G1684<\/strong>: <span style=\"font-size: 10.5pt; line-height: 140%; font-family: 'Helvetica',sans-serif; color: black;\">Um nude-bege cremoso com um tom castanho quente.<\/span><\/p>\n        <\/div>\n      <\/div>\n    <\/div>\n  <\/section>\n  \n  \n  \t<section class=\"contact-block gradient-bg \" id=\"\">\n\t\t<div class=\"container\">\n\t\t\n\t\t\t<div class=\"row justify-content-center\">\n\t\t\t\t<div class=\"col-12 col-sm-10 col-md-8 col-lg-6\">\n\t\t\t\t\t<div class=\"form-wrapper\">\n\t\t\t\t\t\t\n\t\t\t\t\t\t\t\t\t\t\t\t\t\t\t\t\t\t\t\t\t\t\t\t<div class=\"form\">\n\t\t\t\t\t\t\t\n\t\t\t\t\t\t\t\t\t\t\t\t\t\t\t\t\t\t<script src='https:\/\/online4.superoffice.com\/Cust21613\/CS\/scripts\/customer.fcgi?action=form&#038;id=F-pWZr08mc' defer><\/script>\n\t\t\t\t\t\t\t\t\t\t\t\t\t\t\t\t\t\t\t\t\t\t\t\t\t\t\t\t\t\t\t\t\t<\/div>\n\t\t\t\t\t\t\t\t\t\t\t\t\t\t\t\t\t\t\t\t\t\t\t\t\t\t\t\t\t\t<\/div>\n\t\t\t\t<\/div>\n\t\t\t<\/div>\n\t\t<\/div>\n\t<\/section>\n      \t\n  \t\n\t","protected":false},"excerpt":{"rendered":"Entra no ver\u00e3o com a nova cole\u00e7\u00e3o de vernizes em gel 2026 da CNC INternational  ","protected":false},"author":13,"featured_media":14270,"template":"","format":"standard","nieuws_category":[],"class_list":["post-5897","nieuws","type-nieuws","status-publish","format-standard","has-post-thumbnail","hentry"],"acf":[],"yoast_head":"<!-- This site is optimized with the Yoast SEO plugin v27.4 - https:\/\/yoast.com\/product\/yoast-seo-wordpress\/ -->\n<title>Cole\u00e7\u00e3o de unhas de ver\u00e3o 2026 - CNC International<\/title>\n<meta name=\"description\" content=\"Cole\u00e7\u00e3o de unhas de ver\u00e3o 2026. Entra no ver\u00e3o com a nova cole\u00e7\u00e3o de vernizes em gel da CNC Internationals. Todas as cores s\u00e3o isentas de HEMA e TPO.\" \/>\n<meta name=\"robots\" content=\"index, follow, max-snippet:-1, max-image-preview:large, max-video-preview:-1\" \/>\n<link rel=\"canonical\" href=\"https:\/\/www.cncinternational.eu\/pt-pt\/noticias\/colecao-verao\/\" \/>\n<meta property=\"og:locale\" content=\"pt_PT\" \/>\n<meta property=\"og:type\" content=\"article\" \/>\n<meta property=\"og:title\" content=\"Cole\u00e7\u00e3o de unhas de ver\u00e3o 2026 - CNC International\" \/>\n<meta property=\"og:description\" content=\"Cole\u00e7\u00e3o de unhas de ver\u00e3o 2026. Entra no ver\u00e3o com a nova cole\u00e7\u00e3o de vernizes em gel da CNC Internationals. Todas as cores s\u00e3o isentas de HEMA e TPO.\" \/>\n<meta property=\"og:url\" content=\"https:\/\/www.cncinternational.eu\/pt-pt\/noticias\/colecao-verao\/\" \/>\n<meta property=\"og:site_name\" content=\"CNC International\" \/>\n<meta property=\"article:modified_time\" content=\"2026-03-03T08:56:25+00:00\" \/>\n<meta property=\"og:image\" content=\"https:\/\/www.cncinternational.eu\/wp-content\/uploads\/2025\/02\/CNC-Summer-GP-Collection-26-cnc-news.jpg\" \/>\n\t<meta property=\"og:image:width\" content=\"1000\" \/>\n\t<meta property=\"og:image:height\" content=\"563\" \/>\n\t<meta property=\"og:image:type\" content=\"image\/jpeg\" \/>\n<meta name=\"twitter:card\" content=\"summary_large_image\" \/>\n<meta name=\"twitter:label1\" content=\"Tempo estimado de leitura\" \/>\n\t<meta name=\"twitter:data1\" content=\"1 minuto\" \/>\n<script type=\"application\/ld+json\" class=\"yoast-schema-graph\">{\"@context\":\"https:\\\/\\\/schema.org\",\"@graph\":[{\"@type\":\"WebPage\",\"@id\":\"https:\\\/\\\/www.cncinternational.eu\\\/pt-pt\\\/noticias\\\/colecao-verao\\\/\",\"url\":\"https:\\\/\\\/www.cncinternational.eu\\\/pt-pt\\\/noticias\\\/colecao-verao\\\/\",\"name\":\"Cole\u00e7\u00e3o de unhas de ver\u00e3o 2026 - CNC International\",\"isPartOf\":{\"@id\":\"https:\\\/\\\/www.cncinternational.eu\\\/pt-pt\\\/#website\"},\"primaryImageOfPage\":{\"@id\":\"https:\\\/\\\/www.cncinternational.eu\\\/pt-pt\\\/noticias\\\/colecao-verao\\\/#primaryimage\"},\"image\":{\"@id\":\"https:\\\/\\\/www.cncinternational.eu\\\/pt-pt\\\/noticias\\\/colecao-verao\\\/#primaryimage\"},\"thumbnailUrl\":\"https:\\\/\\\/www.cncinternational.eu\\\/wp-content\\\/uploads\\\/2025\\\/02\\\/CNC-Summer-GP-Collection-26-cnc-news.jpg\",\"datePublished\":\"2026-03-03T08:56:24+00:00\",\"dateModified\":\"2026-03-03T08:56:25+00:00\",\"description\":\"Cole\u00e7\u00e3o de unhas de ver\u00e3o 2026. Entra no ver\u00e3o com a nova cole\u00e7\u00e3o de vernizes em gel da CNC Internationals. Todas as cores s\u00e3o isentas de HEMA e TPO.\",\"breadcrumb\":{\"@id\":\"https:\\\/\\\/www.cncinternational.eu\\\/pt-pt\\\/noticias\\\/colecao-verao\\\/#breadcrumb\"},\"inLanguage\":\"pt-PT\",\"potentialAction\":[{\"@type\":\"ReadAction\",\"target\":[\"https:\\\/\\\/www.cncinternational.eu\\\/pt-pt\\\/noticias\\\/colecao-verao\\\/\"]}]},{\"@type\":\"ImageObject\",\"inLanguage\":\"pt-PT\",\"@id\":\"https:\\\/\\\/www.cncinternational.eu\\\/pt-pt\\\/noticias\\\/colecao-verao\\\/#primaryimage\",\"url\":\"https:\\\/\\\/www.cncinternational.eu\\\/wp-content\\\/uploads\\\/2025\\\/02\\\/CNC-Summer-GP-Collection-26-cnc-news.jpg\",\"contentUrl\":\"https:\\\/\\\/www.cncinternational.eu\\\/wp-content\\\/uploads\\\/2025\\\/02\\\/CNC-Summer-GP-Collection-26-cnc-news.jpg\",\"width\":1000,\"height\":563,\"caption\":\"Green, nude, purple nails from private label gel polish summer collection 2026\"},{\"@type\":\"BreadcrumbList\",\"@id\":\"https:\\\/\\\/www.cncinternational.eu\\\/pt-pt\\\/noticias\\\/colecao-verao\\\/#breadcrumb\",\"itemListElement\":[{\"@type\":\"ListItem\",\"position\":1,\"name\":\"Home\",\"item\":\"https:\\\/\\\/www.cncinternational.eu\\\/pt-pt\\\/home\\\/\"},{\"@type\":\"ListItem\",\"position\":2,\"name\":\"Cole\u00e7\u00e3o de unhas de ver\u00e3o\"}]},{\"@type\":\"WebSite\",\"@id\":\"https:\\\/\\\/www.cncinternational.eu\\\/pt-pt\\\/#website\",\"url\":\"https:\\\/\\\/www.cncinternational.eu\\\/pt-pt\\\/\",\"name\":\"CNC International\",\"description\":\"Just another WordPress site\",\"potentialAction\":[{\"@type\":\"SearchAction\",\"target\":{\"@type\":\"EntryPoint\",\"urlTemplate\":\"https:\\\/\\\/www.cncinternational.eu\\\/pt-pt\\\/?s={search_term_string}\"},\"query-input\":{\"@type\":\"PropertyValueSpecification\",\"valueRequired\":true,\"valueName\":\"search_term_string\"}}],\"inLanguage\":\"pt-PT\"}]}<\/script>\n<!-- \/ Yoast SEO plugin. -->","yoast_head_json":{"title":"Cole\u00e7\u00e3o de unhas de ver\u00e3o 2026 - CNC International","description":"Cole\u00e7\u00e3o de unhas de ver\u00e3o 2026. Entra no ver\u00e3o com a nova cole\u00e7\u00e3o de vernizes em gel da CNC Internationals. Todas as cores s\u00e3o isentas de HEMA e TPO.","robots":{"index":"index","follow":"follow","max-snippet":"max-snippet:-1","max-image-preview":"max-image-preview:large","max-video-preview":"max-video-preview:-1"},"canonical":"https:\/\/www.cncinternational.eu\/pt-pt\/noticias\/colecao-verao\/","og_locale":"pt_PT","og_type":"article","og_title":"Cole\u00e7\u00e3o de unhas de ver\u00e3o 2026 - CNC International","og_description":"Cole\u00e7\u00e3o de unhas de ver\u00e3o 2026. Entra no ver\u00e3o com a nova cole\u00e7\u00e3o de vernizes em gel da CNC Internationals. Todas as cores s\u00e3o isentas de HEMA e TPO.","og_url":"https:\/\/www.cncinternational.eu\/pt-pt\/noticias\/colecao-verao\/","og_site_name":"CNC International","article_modified_time":"2026-03-03T08:56:25+00:00","og_image":[{"width":1000,"height":563,"url":"https:\/\/www.cncinternational.eu\/wp-content\/uploads\/2025\/02\/CNC-Summer-GP-Collection-26-cnc-news.jpg","type":"image\/jpeg"}],"twitter_card":"summary_large_image","twitter_misc":{"Tempo estimado de leitura":"1 minuto"},"schema":{"@context":"https:\/\/schema.org","@graph":[{"@type":"WebPage","@id":"https:\/\/www.cncinternational.eu\/pt-pt\/noticias\/colecao-verao\/","url":"https:\/\/www.cncinternational.eu\/pt-pt\/noticias\/colecao-verao\/","name":"Cole\u00e7\u00e3o de unhas de ver\u00e3o 2026 - CNC International","isPartOf":{"@id":"https:\/\/www.cncinternational.eu\/pt-pt\/#website"},"primaryImageOfPage":{"@id":"https:\/\/www.cncinternational.eu\/pt-pt\/noticias\/colecao-verao\/#primaryimage"},"image":{"@id":"https:\/\/www.cncinternational.eu\/pt-pt\/noticias\/colecao-verao\/#primaryimage"},"thumbnailUrl":"https:\/\/www.cncinternational.eu\/wp-content\/uploads\/2025\/02\/CNC-Summer-GP-Collection-26-cnc-news.jpg","datePublished":"2026-03-03T08:56:24+00:00","dateModified":"2026-03-03T08:56:25+00:00","description":"Cole\u00e7\u00e3o de unhas de ver\u00e3o 2026. Entra no ver\u00e3o com a nova cole\u00e7\u00e3o de vernizes em gel da CNC Internationals. Todas as cores s\u00e3o isentas de HEMA e TPO.","breadcrumb":{"@id":"https:\/\/www.cncinternational.eu\/pt-pt\/noticias\/colecao-verao\/#breadcrumb"},"inLanguage":"pt-PT","potentialAction":[{"@type":"ReadAction","target":["https:\/\/www.cncinternational.eu\/pt-pt\/noticias\/colecao-verao\/"]}]},{"@type":"ImageObject","inLanguage":"pt-PT","@id":"https:\/\/www.cncinternational.eu\/pt-pt\/noticias\/colecao-verao\/#primaryimage","url":"https:\/\/www.cncinternational.eu\/wp-content\/uploads\/2025\/02\/CNC-Summer-GP-Collection-26-cnc-news.jpg","contentUrl":"https:\/\/www.cncinternational.eu\/wp-content\/uploads\/2025\/02\/CNC-Summer-GP-Collection-26-cnc-news.jpg","width":1000,"height":563,"caption":"Green, nude, purple nails from private label gel polish summer collection 2026"},{"@type":"BreadcrumbList","@id":"https:\/\/www.cncinternational.eu\/pt-pt\/noticias\/colecao-verao\/#breadcrumb","itemListElement":[{"@type":"ListItem","position":1,"name":"Home","item":"https:\/\/www.cncinternational.eu\/pt-pt\/home\/"},{"@type":"ListItem","position":2,"name":"Cole\u00e7\u00e3o de unhas de ver\u00e3o"}]},{"@type":"WebSite","@id":"https:\/\/www.cncinternational.eu\/pt-pt\/#website","url":"https:\/\/www.cncinternational.eu\/pt-pt\/","name":"CNC International","description":"Just another WordPress site","potentialAction":[{"@type":"SearchAction","target":{"@type":"EntryPoint","urlTemplate":"https:\/\/www.cncinternational.eu\/pt-pt\/?s={search_term_string}"},"query-input":{"@type":"PropertyValueSpecification","valueRequired":true,"valueName":"search_term_string"}}],"inLanguage":"pt-PT"}]}},"_links":{"self":[{"href":"https:\/\/www.cncinternational.eu\/pt-pt\/wp-json\/wp\/v2\/nieuws\/5897","targetHints":{"allow":["GET"]}}],"collection":[{"href":"https:\/\/www.cncinternational.eu\/pt-pt\/wp-json\/wp\/v2\/nieuws"}],"about":[{"href":"https:\/\/www.cncinternational.eu\/pt-pt\/wp-json\/wp\/v2\/types\/nieuws"}],"author":[{"embeddable":true,"href":"https:\/\/www.cncinternational.eu\/pt-pt\/wp-json\/wp\/v2\/users\/13"}],"wp:featuredmedia":[{"embeddable":true,"href":"https:\/\/www.cncinternational.eu\/pt-pt\/wp-json\/wp\/v2\/media\/14270"}],"wp:attachment":[{"href":"https:\/\/www.cncinternational.eu\/pt-pt\/wp-json\/wp\/v2\/media?parent=5897"}],"wp:term":[{"taxonomy":"nieuws_category","embeddable":true,"href":"https:\/\/www.cncinternational.eu\/pt-pt\/wp-json\/wp\/v2\/nieuws_category?post=5897"}],"curies":[{"name":"wp","href":"https:\/\/api.w.org\/{rel}","templated":true}]}}