{"id":6549,"date":"2021-10-07T16:50:26","date_gmt":"2021-10-07T16:50:26","guid":{"rendered":"https:\/\/www.cncinternational.eu\/news\/"},"modified":"2024-03-25T10:16:20","modified_gmt":"2024-03-25T10:16:20","slug":"aktualnosci","status":"publish","type":"page","link":"https:\/\/www.cncinternational.eu\/pl\/aktualnosci\/","title":{"rendered":"Aktualno\u015bci"},"content":{"rendered":"  \t\n\t  <header class=\"main-header \">\n\t\t<!-- For mobile -->\n\t\t<div class=\"d-block d-sm-none\">\n\t\t  <div class=\"container-fluid px-0\">\n\t\t\t<div class=\"container g-0\">\n\t\t\t  <div class=\"row g-0 justify-content-start align-items-center\">\n\t\t\t\t<div class=\"col-12 d-sm-none\">\n\t\t\t\t  <div class=\"header-image\">\n\t\t\t\t\t\t\t\t\t\t\t\t<img fetchpriority=\"high\" decoding=\"async\" src=\"https:\/\/www.cncinternational.eu\/wp-content\/uploads\/2022\/01\/Gel-polish-trend-yellow-nails.jpg\" alt=\"CNC, inspiruj\u0105c profesjonalny przemys\u0142 paznokciowy\" width=\"2555\" height=\"1703\" loading=\"eager\">\n\t\t\t\t\t\t\t\t\t\t  <\/div>\n\t\t\t\t<\/div>\n\t\t\t\t<div class=\"offset-md-6 col-md-6\">\n\t\t\t\t  <div class=\"header-text\">\n\t\t\t\t\t<p class=\"mobile-title\">CNC, inspiruj\u0105c profesjonalny przemys\u0142 paznokciowy<\/p>\n\t\t\t\t\t<p>Wszystko o naszych najnowszych osi\u0105gni\u0119ciach w technologii paznokci. B\u0105d\u017a na bie\u017c\u0105co, b\u0105d\u017a trendy!<\/p>\n\t\t\t\t\t\t\t\t\t\t\t\t\t\t  <\/div>\n\t\t\t\t<\/div>\n\t\t\t  <\/div>\n\t\t\t<\/div>\n\t\t  <\/div>\n\t\t<\/div>\n\t\t<!-- \/For mobile -->\n\t\t\n\t\t<!-- For desktop -->\n\t\t<div class=\"d-none d-sm-block\">\n\t\t  <div class=\"container-fluid px-0\" >\n\t\t\t<div class=\"header-bg\" style=\"background-image: url('https:\/\/www.cncinternational.eu\/wp-content\/uploads\/2022\/01\/Gel-polish-trend-yellow-nails.jpg');\">\n\t\t\t\t\n\t\t\t<\/div>\n\t\t\t<div class=\"container g-0\">\n\t\t\t  <div class=\"row g-0 justify-content-start align-items-center\">\n\t\t\t\t<div class=\"offset-md-6 col-md-6\">\n\t\t\t\t  <div class=\"header-text\">\n\t\t\t\t\t<h1>CNC, inspiruj\u0105c profesjonalny przemys\u0142 paznokciowy<\/h1>\n\t\t\t\t\t<p>Wszystko o naszych najnowszych osi\u0105gni\u0119ciach w technologii paznokci. B\u0105d\u017a na bie\u017c\u0105co, b\u0105d\u017a trendy!<\/p>\n\t\t\t\t\n\t\t\t\t\t\t\t\t\t\t\t\t\t\t  <\/div>\n\t\t\t\t<\/div>\n\t\t\t  <\/div>\n\t\t\t<\/div>\n\t\t  <\/div>\n\t\t<\/div>\n\t\t<!-- \/For desktop -->\n\t  <\/header>\n\t  \n\t  \t\n\n\t<section class=\"news\">\n\t\t<div class=\"container p-0 \">\n    \t  <div class=\"row g-0\">\n\t\t\t<div class=\"col-12 overlap bg-white\">\n                                    <div class=\"welcome-box\">\n                                                    <h2>Aktualno\u015bci<\/h2>\n                                                                    <\/div>\n\t\t\t\t                          \n                                                        <!-- Start row -->\n                                    \n                                                                            \n                            <div class=\"row g-0 align-items-center\">\n                                <div class=\"col-12 col-md col-img img-wrapper\">\n                                    <img decoding=\"async\" src=\"https:\/\/www.cncinternational.eu\/wp-content\/uploads\/2025\/09\/CNC-Winter-26-27-News.jpg\" alt=\"Zimowe kolory lakier\u00f3w do paznokci 2026\">\n                                <\/div>\n                                <div class=\"col-12 col-md col-excerpt\">\n                                    <div class=\"excerpt-wrapper\">\n                                        <h4><a href=\"https:\/\/www.cncinternational.eu\/pl\/aktualnosci\/kolory-paznokci-zima\/\">Zimowe kolory lakier\u00f3w do paznokci 2026<\/a><\/h4>\n                                        <p>Odkryj najlepsze kolory lakier\u00f3w do paznokci na zim\u0119 2026 roku: cztery luksusowe odcienie lakier\u00f3w \u017celowych w kolorach cynamonowego br\u0105zu, g\u0142\u0119bokiego fioletu, granatowej czerni i ciemnego r\u00f3\u017cu. Nie zawieraj\u0105 HEMA ani TPO i nadaj\u0105 si\u0119 do wykorzystania pod w\u0142asn\u0105 mark\u0105. <\/p>\n                                        \n                                                <a href=\"https:\/\/www.cncinternational.eu\/pl\/aktualnosci\/kolory-paznokci-zima\/\" class=\"more-link\">Read More > ><\/a>\n                                            \n                                    <\/div>\n                                <\/div>\n                            <\/div>\n                            \n                                                    \n                        \n                        \n                        \n                    \n                                    \n                                                                            <div class=\"row g-0 align-items-center\">\n                                <div class=\"col-12 col-md col-excerpt\">\n                                    <div class=\"excerpt-wrapper\">\n                                    <h4><a href=\"https:\/\/www.cncinternational.eu\/pl\/aktualnosci\/nowosc-od-cnc-top-gel-pro\/\">Nowo\u015b\u0107 od CNC: Top Gel Pro<\/a><\/h4>\n                                    <p>Profesjonalna, niewymagaj\u0105ca wycierania \u017celowa warstwa wierzchnia o wysokim po\u0142ysku, elastycznej trwa\u0142o\u015bci i wyko\u0144czeniu, kt\u00f3re nie \u017c\u00f3\u0142knie. Dost\u0119pna dla marek lakier\u00f3w do paznokci pod w\u0142asn\u0105 mark\u0105. <\/p>\n                                    \n                                            <a href=\"https:\/\/www.cncinternational.eu\/pl\/aktualnosci\/nowosc-od-cnc-top-gel-pro\/\" class=\"more-link\">Read More > ><\/a>\n                                        \n                                    <\/div>\n                                <\/div>\n                                <div class=\"col-12 col-md col-img img-wrapper\">\n                                    <img decoding=\"async\" src=\"https:\/\/www.cncinternational.eu\/wp-content\/uploads\/2026\/07\/CNC-Top-Gel-Pro-News.jpg\" alt=\"Nowo\u015b\u0107 od CNC: Top Gel Pro\">\n                                <\/div>\n                            <\/div>\n                                                    \n                        \n                        \n                        \n                    \n                                    \n                                                                            \n                            <div class=\"row g-0 align-items-center\">\n                                <div class=\"col-12 col-md col-img img-wrapper\">\n                                    <img decoding=\"async\" src=\"https:\/\/www.cncinternational.eu\/wp-content\/uploads\/2026\/07\/How-to-grow-nail-brand-banner.png\" alt=\"5 sposob\u00f3w na rozw\u00f3j marki paznokciowej\">\n                                <\/div>\n                                <div class=\"col-12 col-md col-excerpt\">\n                                    <div class=\"excerpt-wrapper\">\n                                        <h4><a href=\"https:\/\/www.cncinternational.eu\/pl\/aktualnosci\/5-sposobow-na-rozwoj-marki-paznokciowej\/\">5 sposob\u00f3w na rozw\u00f3j marki paznokciowej<\/a><\/h4>\n                                        <p>Odkryj 5 sposob\u00f3w na rozw\u00f3j swojej dzia\u0142alno\u015bci w bran\u017cy paznokciowej w 2026 roku \u2013 od produkt\u00f3w pod w\u0142asn\u0105 mark\u0105, przez bezpieczniejsze formu\u0142y, po niskie minimalne ilo\u015bci zam\u00f3wienia i kolekcje sezonowe.<\/p>\n                                        \n                                                <a href=\"https:\/\/www.cncinternational.eu\/pl\/aktualnosci\/5-sposobow-na-rozwoj-marki-paznokciowej\/\" class=\"more-link\">Read More > ><\/a>\n                                            \n                                    <\/div>\n                                <\/div>\n                            <\/div>\n                            \n                                                    \n                        \n                        \n                        \n                    \n                                    \n                                                                            <div class=\"row g-0 align-items-center\">\n                                <div class=\"col-12 col-md col-excerpt\">\n                                    <div class=\"excerpt-wrapper\">\n                                    <h4><a href=\"https:\/\/www.cncinternational.eu\/pl\/aktualnosci\/non-toxic-15-free-uv-gels\/\">Nietoksyczne \u017cele UV: jak wybra\u0107 najbezpieczniejszy \u017cel UV dla swojej marki kosmetyk\u00f3w do paznokci<\/a><\/h4>\n                                    <p>Wyb\u00f3r odpowiedniej formu\u0142y \u017celu UV to co\u015b wi\u0119cej ni\u017c tylko kwestia wydajno\u015bci. Dowiedz si\u0119, co naprawd\u0119 oznacza termin \u201enietoksyczny\u201d, dlaczego coraz wi\u0119cej marek decyduje si\u0119 na formu\u0142y \u201e15-Free\u201d oraz jak wybra\u0107 najbezpieczniejsze \u017cele UV pod w\u0142asn\u0105 mark\u0105 dla Twojej marki kosmetyk\u00f3w do paznokci. <\/p>\n                                    \n                                            <a href=\"https:\/\/www.cncinternational.eu\/pl\/aktualnosci\/non-toxic-15-free-uv-gels\/\" class=\"more-link\">Read More > ><\/a>\n                                        \n                                    <\/div>\n                                <\/div>\n                                <div class=\"col-12 col-md col-img img-wrapper\">\n                                    <img decoding=\"async\" src=\"https:\/\/www.cncinternational.eu\/wp-content\/uploads\/2026\/07\/CNC-Beeld-1.jpg\" alt=\"Nietoksyczne \u017cele UV: jak wybra\u0107 najbezpieczniejszy \u017cel UV dla swojej marki kosmetyk\u00f3w do paznokci\">\n                                <\/div>\n                            <\/div>\n                                                    \n                        \n                        \n                        \n                    \n                                    \n                                                                            \n                            <div class=\"row g-0 align-items-center\">\n                                <div class=\"col-12 col-md col-img img-wrapper\">\n                                    <img decoding=\"async\" src=\"https:\/\/www.cncinternational.eu\/wp-content\/uploads\/2026\/06\/ChatGPT-Image-29-jun-2026-12_19_54.png\" alt=\"Alergie na lakiery \u017celowe i bezpiecze\u0144stwo: co powinna wiedzie\u0107 ka\u017cda marka kosmetyk\u00f3w do paznokci\">\n                                <\/div>\n                                <div class=\"col-12 col-md col-excerpt\">\n                                    <div class=\"excerpt-wrapper\">\n                                        <h4><a href=\"https:\/\/www.cncinternational.eu\/pl\/aktualnosci\/gel-nail-allergies-and-safety\/\">Alergie na lakiery \u017celowe i bezpiecze\u0144stwo: co powinna wiedzie\u0107 ka\u017cda marka kosmetyk\u00f3w do paznokci<\/a><\/h4>\n                                        <p>Dowiedz si\u0119, w jaki spos\u00f3b przezroczyste formu\u0142y, \u017cele UV zgodne z normami UE oraz odpowiedni partner produkcyjny pomog\u0105 Ci stworzy\u0107 bezpieczn\u0105 i odnosz\u0105c\u0105 sukcesy mark\u0119 kosmetyk\u00f3w do paznokci<\/p>\n                                        \n                                                <a href=\"https:\/\/www.cncinternational.eu\/pl\/aktualnosci\/gel-nail-allergies-and-safety\/\" class=\"more-link\">Read More > ><\/a>\n                                            \n                                    <\/div>\n                                <\/div>\n                            <\/div>\n                            \n                                                    \n                        \n                        \n                        \n                    \n                                    \n                                                                            <div class=\"row g-0 align-items-center\">\n                                <div class=\"col-12 col-md col-excerpt\">\n                                    <div class=\"excerpt-wrapper\">\n                                    <h4><a href=\"https:\/\/www.cncinternational.eu\/pl\/aktualnosci\/ryzyko-zwiazane-z-importem-produktow-do-paznokci-z-usa-lub-china\/\">Ryzyko zwi\u0105zane z importem produkt\u00f3w do paznokci z USA lub China<\/a><\/h4>\n                                    <p>Import produkt\u00f3w do paznokci spoza UE mo\u017ce zaszkodzi\u0107 Twojej firmie. Dowiedz si\u0119, dlaczego \u017cele UV CNC wyprodukowane w UE s\u0105 najbezpieczniejszym wyborem. <\/p>\n                                    \n                                            <a href=\"https:\/\/www.cncinternational.eu\/pl\/aktualnosci\/ryzyko-zwiazane-z-importem-produktow-do-paznokci-z-usa-lub-china\/\" class=\"more-link\">Read More > ><\/a>\n                                        \n                                    <\/div>\n                                <\/div>\n                                <div class=\"col-12 col-md col-img img-wrapper\">\n                                    <img decoding=\"async\" src=\"https:\/\/www.cncinternational.eu\/wp-content\/uploads\/2026\/05\/Banner-EU-1.jpg\" alt=\"Ryzyko zwi\u0105zane z importem produkt\u00f3w do paznokci z USA lub China\">\n                                <\/div>\n                            <\/div>\n                                                    \n                        \n                        \n                        \n                    \n                                    \n                                                                            \n                            <div class=\"row g-0 align-items-center\">\n                                <div class=\"col-12 col-md col-img img-wrapper\">\n                                    <img decoding=\"async\" src=\"https:\/\/www.cncinternational.eu\/wp-content\/uploads\/2026\/05\/CNC-Fall-2026-News.jpg\" alt=\"Jesienna kolekcja paznokci\">\n                                <\/div>\n                                <div class=\"col-12 col-md col-excerpt\">\n                                    <div class=\"excerpt-wrapper\">\n                                        <h4><a href=\"https:\/\/www.cncinternational.eu\/pl\/aktualnosci\/paznokcie-jesienno\/\">Jesienna kolekcja paznokci<\/a><\/h4>\n                                        <p>Poznaj jesienne kolory lakier\u00f3w hybrydowych 2026 od CNC International. Bezpieczne, zgodne z wymogami UE i profesjonalne formu\u0142y wyprodukowane w Holandii. <\/p>\n                                        \n                                                <a href=\"https:\/\/www.cncinternational.eu\/pl\/aktualnosci\/paznokcie-jesienno\/\" class=\"more-link\">Read More > ><\/a>\n                                            \n                                    <\/div>\n                                <\/div>\n                            <\/div>\n                            \n                                                    \n                        \n                        \n                        \n                    \n                                    \n                                                                            <div class=\"row g-0 align-items-center\">\n                                <div class=\"col-12 col-md col-excerpt\">\n                                    <div class=\"excerpt-wrapper\">\n                                    <h4><a href=\"https:\/\/www.cncinternational.eu\/pl\/aktualnosci\/bezproblemowe-wsparcie-dla-marki-wlasnej-paznokci\/\">Bezproblemowe wsparcie dla marki w\u0142asnej paznokci<\/a><\/h4>\n                                    <p>Zbuduj mark\u0119 paznokci bez obaw dzi\u0119ki \u017celom UV zgodnym z wymogami UE. CNC International zapewnia bezpieczne produkty, pe\u0142n\u0105 dokumentacj\u0119 i wsparcie CPNP. <\/p>\n                                    \n                                            <a href=\"https:\/\/www.cncinternational.eu\/pl\/aktualnosci\/bezproblemowe-wsparcie-dla-marki-wlasnej-paznokci\/\" class=\"more-link\">Read More > ><\/a>\n                                        \n                                    <\/div>\n                                <\/div>\n                                <div class=\"col-12 col-md col-img img-wrapper\">\n                                    <img decoding=\"async\" src=\"https:\/\/www.cncinternational.eu\/wp-content\/uploads\/2026\/04\/Banner.jpg\" alt=\"Bezproblemowe wsparcie dla marki w\u0142asnej paznokci\">\n                                <\/div>\n                            <\/div>\n                                                    \n                        \n                        \n                        \n                    \n                                    \n                                                                            \n                            <div class=\"row g-0 align-items-center\">\n                                <div class=\"col-12 col-md col-img img-wrapper\">\n                                    <img decoding=\"async\" src=\"https:\/\/www.cncinternational.eu\/wp-content\/uploads\/2026\/04\/CNC-New-colors-april.jpg\" alt=\"Nie przegap naszych NOWYCH \u017celi UV!\">\n                                <\/div>\n                                <div class=\"col-12 col-md col-excerpt\">\n                                    <div class=\"excerpt-wrapper\">\n                                        <h4><a href=\"https:\/\/www.cncinternational.eu\/pl\/aktualnosci\/nie-przegap-naszych-nowych-zeli-uv\/\">Nie przegap naszych NOWYCH \u017celi UV!<\/a><\/h4>\n                                        <p>Trzy linie \u017celi UV: Mousse gel, TXO gel i Brush-on builder gel teraz dost\u0119pne w nowych odcieniach.<\/p>\n                                        \n                                                <a href=\"https:\/\/www.cncinternational.eu\/pl\/aktualnosci\/nie-przegap-naszych-nowych-zeli-uv\/\" class=\"more-link\">Read More > ><\/a>\n                                            \n                                    <\/div>\n                                <\/div>\n                            <\/div>\n                            \n                                                    \n                        \n                        \n                        \n                    \n                                    \n                                                                            <div class=\"row g-0 align-items-center\">\n                                <div class=\"col-12 col-md col-excerpt\">\n                                    <div class=\"excerpt-wrapper\">\n                                    <h4><a href=\"https:\/\/www.cncinternational.eu\/pl\/aktualnosci\/letnia-kolekcja-paznokci\/\">Letnia kolekcja paznokci<\/a><\/h4>\n                                    <p>Wkrocz w lato z now\u0105 kolekcj\u0105 lakier\u00f3w \u017celowych CNC INternational 2026  <\/p>\n                                    \n                                            <a href=\"https:\/\/www.cncinternational.eu\/pl\/aktualnosci\/letnia-kolekcja-paznokci\/\" class=\"more-link\">Read More > ><\/a>\n                                        \n                                    <\/div>\n                                <\/div>\n                                <div class=\"col-12 col-md col-img img-wrapper\">\n                                    <img decoding=\"async\" src=\"https:\/\/www.cncinternational.eu\/wp-content\/uploads\/2025\/02\/CNC-Summer-GP-Collection-26-cnc-news.jpg\" alt=\"Letnia kolekcja paznokci\">\n                                <\/div>\n                            <\/div>\n                                                    \n                        \n                        \n                        \n                    \n                                    \n                                                                            \n                            <div class=\"row g-0 align-items-center\">\n                                <div class=\"col-12 col-md col-img img-wrapper\">\n                                    <img decoding=\"async\" src=\"https:\/\/www.cncinternational.eu\/wp-content\/uploads\/2023\/04\/Header-1.jpg\" alt=\"Produkty \u017celowe do paznokci CNC: HEMA-free i DiHEMA-free\">\n                                <\/div>\n                                <div class=\"col-12 col-md col-excerpt\">\n                                    <div class=\"excerpt-wrapper\">\n                                        <h4><a href=\"https:\/\/www.cncinternational.eu\/pl\/aktualnosci\/cnc-hema-free-and-dihema-free-nail-gel-products\/\">Produkty \u017celowe do paznokci CNC: HEMA-free i DiHEMA-free<\/a><\/h4>\n                                        <p>WSZYSTKIE produkty w naszym katalogu s\u0105 wolne od HEMA. Lakiery \u017celowe CNC s\u0105 r\u00f3wnie\u017c wolne od DiHEMA! Skomponuj sw\u00f3j asortyment produkt\u00f3w wolnych od HEMA ju\u017c teraz!  <\/p>\n                                        \n                                                <a href=\"https:\/\/www.cncinternational.eu\/pl\/aktualnosci\/cnc-hema-free-and-dihema-free-nail-gel-products\/\" class=\"more-link\">Read More > ><\/a>\n                                            \n                                    <\/div>\n                                <\/div>\n                            <\/div>\n                            \n                                                    \n                        \n                        \n                        \n                    \n                                    \n                                                                            <div class=\"row g-0 align-items-center\">\n                                <div class=\"col-12 col-md col-excerpt\">\n                                    <div class=\"excerpt-wrapper\">\n                                    <h4><a href=\"https:\/\/www.cncinternational.eu\/pl\/aktualnosci\/jak-zalozyc-wlasna-marke-paznokci\/\">Jak za\u0142o\u017cy\u0107 w\u0142asn\u0105 mark\u0119 paznokci?<\/a><\/h4>\n                                    <p>W CNC International pomagamy profesjonalistom na ca\u0142ym \u015bwiecie zmienia\u0107 marzenia w rzeczywisto\u015b\u0107. Dzi\u0119ki wysokiej jako\u015bci, bezpiecznym produktom do paznokci wytwarzanym w naszym w\u0142asnym zak\u0142adzie produkcyjnym w Holandii.<\/p>\n                                    \n                                            <a href=\"https:\/\/www.cncinternational.eu\/pl\/aktualnosci\/jak-zalozyc-wlasna-marke-paznokci\/\" class=\"more-link\">Read More > ><\/a>\n                                        \n                                    <\/div>\n                                <\/div>\n                                <div class=\"col-12 col-md col-img img-wrapper\">\n                                    <img decoding=\"async\" src=\"https:\/\/www.cncinternational.eu\/wp-content\/uploads\/2025\/10\/Start-your-nail-brand-2.jpg\" alt=\"Jak za\u0142o\u017cy\u0107 w\u0142asn\u0105 mark\u0119 paznokci?\">\n                                <\/div>\n                            <\/div>\n                                                    \n                        \n                        \n                        \n                    \n                                    \n                                                                            \n                            <div class=\"row g-0 align-items-center\">\n                                <div class=\"col-12 col-md col-img img-wrapper\">\n                                    <img decoding=\"async\" src=\"https:\/\/www.cncinternational.eu\/wp-content\/uploads\/2025\/11\/CNC-BOB-Pastel-cnc-news.jpg\" alt=\"Paznokcie w stylu 2026 z pastelami CNC Brush-On Pastels\">\n                                <\/div>\n                                <div class=\"col-12 col-md col-excerpt\">\n                                    <div class=\"excerpt-wrapper\">\n                                        <h4><a href=\"https:\/\/www.cncinternational.eu\/pl\/aktualnosci\/paznokcie-w-stylu-2026-z-pastelami-cnc-brush-on-pastels\/\">Paznokcie w stylu 2026 z pastelami CNC Brush-On Pastels<\/a><\/h4>\n                                        <p>WIELKIE NOWO\u015aCI! \u017bel buduj\u0105cy CNC Brush-On sta\u0142 si\u0119 jeszcze bardziej atrakcyjny dzi\u0119ki siedmiu nowym modnym pastelowym odcieniom! <\/p>\n                                        \n                                                <a href=\"https:\/\/www.cncinternational.eu\/pl\/aktualnosci\/paznokcie-w-stylu-2026-z-pastelami-cnc-brush-on-pastels\/\" class=\"more-link\">Read More > ><\/a>\n                                            \n                                    <\/div>\n                                <\/div>\n                            <\/div>\n                            \n                                                    \n                        \n                        \n                        \n                    \n                                    \n                                                                            <div class=\"row g-0 align-items-center\">\n                                <div class=\"col-12 col-md col-excerpt\">\n                                    <div class=\"excerpt-wrapper\">\n                                    <h4><a href=\"https:\/\/www.cncinternational.eu\/pl\/aktualnosci\/wiosenna-kolekcja-paznokci\/\">Wiosenna kolekcja paznokci 2026<\/a><\/h4>\n                                    <p>Wejd\u017a w sezon z nasz\u0105 kolekcj\u0105 lakier\u00f3w \u017celowych na wiosn\u0119 2026: Fresh, Feminine &amp; Fearless.<\/p>\n                                    \n                                            <a href=\"https:\/\/www.cncinternational.eu\/pl\/aktualnosci\/wiosenna-kolekcja-paznokci\/\" class=\"more-link\">Read More > ><\/a>\n                                        \n                                    <\/div>\n                                <\/div>\n                                <div class=\"col-12 col-md col-img img-wrapper\">\n                                    <img decoding=\"async\" src=\"https:\/\/www.cncinternational.eu\/wp-content\/uploads\/2025\/11\/CNC-Spring-GP-Collection-26-cnc-news.png\" alt=\"Wiosenna kolekcja paznokci 2026\">\n                                <\/div>\n                            <\/div>\n                                                    \n                        \n                        \n                        \n                    \n                                    \n                                                                            \n                            <div class=\"row g-0 align-items-center\">\n                                <div class=\"col-12 col-md col-img img-wrapper\">\n                                    <img decoding=\"async\" src=\"https:\/\/www.cncinternational.eu\/wp-content\/uploads\/2025\/10\/NP-Fiber-Gel-2510.jpg\" alt=\"Zupe\u0142nie nowe odcienie Fiber Gel s\u0105 ju\u017c dost\u0119pne!\">\n                                <\/div>\n                                <div class=\"col-12 col-md col-excerpt\">\n                                    <div class=\"excerpt-wrapper\">\n                                        <h4><a href=\"https:\/\/www.cncinternational.eu\/pl\/aktualnosci\/zupelnie-nowe-odcienie-fiber-gel-sa-juz-dostepne\/\">Zupe\u0142nie nowe odcienie Fiber Gel s\u0105 ju\u017c dost\u0119pne!<\/a><\/h4>\n                                        <p>7 nowych odcieni \u017celu Crosslink Fiber Gel od CNC! Samopoziomuj\u0105cy, bez HEMA i TPO. Ulepszenie, kt\u00f3rego potrzebuje Tw\u00f3j asortyment.<\/p>\n                                        \n                                                <a href=\"https:\/\/www.cncinternational.eu\/pl\/aktualnosci\/zupelnie-nowe-odcienie-fiber-gel-sa-juz-dostepne\/\" class=\"more-link\">Read More > ><\/a>\n                                            \n                                    <\/div>\n                                <\/div>\n                            <\/div>\n                            \n                                                    \n                        \n                        \n                        \n                    \n                                                        <div class=\"row g-0 align-items-center pagination text-center\">\n                        <div class=\"col-12 col-md col-excerpt\">\n                <span aria-current=\"page\" class=\"page-numbers current\">1<\/span>\n<a class=\"page-numbers\" href=\"https:\/\/www.cncinternational.eu\/pl\/wp-json\/wp\/v2\/pages\/6549\/page\/2\/\">2<\/a>\n<a class=\"next page-numbers\" href=\"https:\/\/www.cncinternational.eu\/pl\/wp-json\/wp\/v2\/pages\/6549\/page\/2\/\">Nast\u0119pne &raquo;<\/a>                        <\/div>\n                    <\/div>\n                                <!-- End row -->\n\t\t\t\t\n\t\t\t<\/div>\n    \t  <\/div>\n    \t<\/div>\n\t<\/section>\n    \t\n\t<!--  -->\n","protected":false},"excerpt":{"rendered":"","protected":false},"author":2,"featured_media":0,"parent":0,"menu_order":0,"comment_status":"closed","ping_status":"closed","template":"","meta":{"_acf_changed":false,"inline_featured_image":false,"footnotes":""},"class_list":["post-6549","page","type-page","status-publish","hentry"],"acf":[],"yoast_head":"<!-- This site is optimized with the Yoast SEO plugin v28.3 - https:\/\/yoast.com\/product\/yoast-seo-wordpress\/ -->\n<title>Inspirowanie profesjonalnej bran\u017cy paznokciowej - Aktualno\u015bci - CNC<\/title>\n<meta name=\"description\" content=\"B\u0105d\u017a o krok do przodu w profesjonalnej bran\u017cy paznokci dzi\u0119ki najnowszym wiadomo\u015bciom bran\u017cowym, trendom, nowo\u015bciom i rozwojowi produkt\u00f3w.\" \/>\n<meta name=\"robots\" content=\"index, follow, max-snippet:-1, max-image-preview:large, max-video-preview:-1\" \/>\n<link rel=\"canonical\" href=\"https:\/\/www.cncinternational.eu\/pl\/aktualnosci\/\" \/>\n<meta property=\"og:locale\" content=\"pl_PL\" \/>\n<meta property=\"og:type\" content=\"article\" \/>\n<meta property=\"og:title\" content=\"Inspirowanie profesjonalnej bran\u017cy paznokciowej - Aktualno\u015bci - CNC\" \/>\n<meta property=\"og:description\" content=\"B\u0105d\u017a o krok do przodu w profesjonalnej bran\u017cy paznokci dzi\u0119ki najnowszym wiadomo\u015bciom bran\u017cowym, trendom, nowo\u015bciom i rozwojowi produkt\u00f3w.\" \/>\n<meta property=\"og:url\" content=\"https:\/\/www.cncinternational.eu\/pl\/aktualnosci\/\" \/>\n<meta property=\"og:site_name\" content=\"CNC International\" \/>\n<meta property=\"article:modified_time\" content=\"2024-03-25T10:16:20+00:00\" \/>\n<meta name=\"twitter:card\" content=\"summary_large_image\" \/>\n<script type=\"application\/ld+json\" class=\"yoast-schema-graph\">{\"@context\":\"https:\\\/\\\/schema.org\",\"@graph\":[{\"@type\":\"WebPage\",\"@id\":\"https:\\\/\\\/www.cncinternational.eu\\\/pl\\\/aktualnosci\\\/\",\"url\":\"https:\\\/\\\/www.cncinternational.eu\\\/pl\\\/aktualnosci\\\/\",\"name\":\"Inspirowanie profesjonalnej bran\u017cy paznokciowej - Aktualno\u015bci - CNC\",\"isPartOf\":{\"@id\":\"https:\\\/\\\/www.cncinternational.eu\\\/pl\\\/#website\"},\"datePublished\":\"2021-10-07T16:50:26+00:00\",\"dateModified\":\"2024-03-25T10:16:20+00:00\",\"description\":\"B\u0105d\u017a o krok do przodu w profesjonalnej bran\u017cy paznokci dzi\u0119ki najnowszym wiadomo\u015bciom bran\u017cowym, trendom, nowo\u015bciom i rozwojowi produkt\u00f3w.\",\"breadcrumb\":{\"@id\":\"https:\\\/\\\/www.cncinternational.eu\\\/pl\\\/aktualnosci\\\/#breadcrumb\"},\"inLanguage\":\"pl-PL\",\"potentialAction\":[{\"@type\":\"ReadAction\",\"target\":[\"https:\\\/\\\/www.cncinternational.eu\\\/pl\\\/aktualnosci\\\/\"]}]},{\"@type\":\"BreadcrumbList\",\"@id\":\"https:\\\/\\\/www.cncinternational.eu\\\/pl\\\/aktualnosci\\\/#breadcrumb\",\"itemListElement\":[{\"@type\":\"ListItem\",\"position\":1,\"name\":\"Home\",\"item\":\"https:\\\/\\\/www.cncinternational.eu\\\/pl\\\/\"},{\"@type\":\"ListItem\",\"position\":2,\"name\":\"Aktualno\u015bci\"}]},{\"@type\":\"WebSite\",\"@id\":\"https:\\\/\\\/www.cncinternational.eu\\\/pl\\\/#website\",\"url\":\"https:\\\/\\\/www.cncinternational.eu\\\/pl\\\/\",\"name\":\"CNC International\",\"description\":\"Just another WordPress site\",\"potentialAction\":[{\"@type\":\"SearchAction\",\"target\":{\"@type\":\"EntryPoint\",\"urlTemplate\":\"https:\\\/\\\/www.cncinternational.eu\\\/pl\\\/?s={search_term_string}\"},\"query-input\":{\"@type\":\"PropertyValueSpecification\",\"valueRequired\":true,\"valueName\":\"search_term_string\"}}],\"inLanguage\":\"pl-PL\"}]}<\/script>\n<!-- \/ Yoast SEO plugin. -->","yoast_head_json":{"title":"Inspirowanie profesjonalnej bran\u017cy paznokciowej - Aktualno\u015bci - CNC","description":"B\u0105d\u017a o krok do przodu w profesjonalnej bran\u017cy paznokci dzi\u0119ki najnowszym wiadomo\u015bciom bran\u017cowym, trendom, nowo\u015bciom i rozwojowi produkt\u00f3w.","robots":{"index":"index","follow":"follow","max-snippet":"max-snippet:-1","max-image-preview":"max-image-preview:large","max-video-preview":"max-video-preview:-1"},"canonical":"https:\/\/www.cncinternational.eu\/pl\/aktualnosci\/","og_locale":"pl_PL","og_type":"article","og_title":"Inspirowanie profesjonalnej bran\u017cy paznokciowej - Aktualno\u015bci - CNC","og_description":"B\u0105d\u017a o krok do przodu w profesjonalnej bran\u017cy paznokci dzi\u0119ki najnowszym wiadomo\u015bciom bran\u017cowym, trendom, nowo\u015bciom i rozwojowi produkt\u00f3w.","og_url":"https:\/\/www.cncinternational.eu\/pl\/aktualnosci\/","og_site_name":"CNC International","article_modified_time":"2024-03-25T10:16:20+00:00","twitter_card":"summary_large_image","schema":{"@context":"https:\/\/schema.org","@graph":[{"@type":"WebPage","@id":"https:\/\/www.cncinternational.eu\/pl\/aktualnosci\/","url":"https:\/\/www.cncinternational.eu\/pl\/aktualnosci\/","name":"Inspirowanie profesjonalnej bran\u017cy paznokciowej - Aktualno\u015bci - CNC","isPartOf":{"@id":"https:\/\/www.cncinternational.eu\/pl\/#website"},"datePublished":"2021-10-07T16:50:26+00:00","dateModified":"2024-03-25T10:16:20+00:00","description":"B\u0105d\u017a o krok do przodu w profesjonalnej bran\u017cy paznokci dzi\u0119ki najnowszym wiadomo\u015bciom bran\u017cowym, trendom, nowo\u015bciom i rozwojowi produkt\u00f3w.","breadcrumb":{"@id":"https:\/\/www.cncinternational.eu\/pl\/aktualnosci\/#breadcrumb"},"inLanguage":"pl-PL","potentialAction":[{"@type":"ReadAction","target":["https:\/\/www.cncinternational.eu\/pl\/aktualnosci\/"]}]},{"@type":"BreadcrumbList","@id":"https:\/\/www.cncinternational.eu\/pl\/aktualnosci\/#breadcrumb","itemListElement":[{"@type":"ListItem","position":1,"name":"Home","item":"https:\/\/www.cncinternational.eu\/pl\/"},{"@type":"ListItem","position":2,"name":"Aktualno\u015bci"}]},{"@type":"WebSite","@id":"https:\/\/www.cncinternational.eu\/pl\/#website","url":"https:\/\/www.cncinternational.eu\/pl\/","name":"CNC International","description":"Just another WordPress site","potentialAction":[{"@type":"SearchAction","target":{"@type":"EntryPoint","urlTemplate":"https:\/\/www.cncinternational.eu\/pl\/?s={search_term_string}"},"query-input":{"@type":"PropertyValueSpecification","valueRequired":true,"valueName":"search_term_string"}}],"inLanguage":"pl-PL"}]}},"_links":{"self":[{"href":"https:\/\/www.cncinternational.eu\/pl\/wp-json\/wp\/v2\/pages\/6549","targetHints":{"allow":["GET"]}}],"collection":[{"href":"https:\/\/www.cncinternational.eu\/pl\/wp-json\/wp\/v2\/pages"}],"about":[{"href":"https:\/\/www.cncinternational.eu\/pl\/wp-json\/wp\/v2\/types\/page"}],"author":[{"embeddable":true,"href":"https:\/\/www.cncinternational.eu\/pl\/wp-json\/wp\/v2\/users\/2"}],"replies":[{"embeddable":true,"href":"https:\/\/www.cncinternational.eu\/pl\/wp-json\/wp\/v2\/comments?post=6549"}],"version-history":[{"count":2,"href":"https:\/\/www.cncinternational.eu\/pl\/wp-json\/wp\/v2\/pages\/6549\/revisions"}],"predecessor-version":[{"id":8595,"href":"https:\/\/www.cncinternational.eu\/pl\/wp-json\/wp\/v2\/pages\/6549\/revisions\/8595"}],"wp:attachment":[{"href":"https:\/\/www.cncinternational.eu\/pl\/wp-json\/wp\/v2\/media?parent=6549"}],"curies":[{"name":"wp","href":"https:\/\/api.w.org\/{rel}","templated":true}]}}