{"id":10697,"date":"2025-01-23T14:30:12","date_gmt":"2025-01-23T14:30:12","guid":{"rendered":"https:\/\/www.cncinternational.eu\/?page_id=10697"},"modified":"2026-02-02T14:06:20","modified_gmt":"2026-02-02T14:06:20","slug":"cosmoprof-bologna","status":"publish","type":"page","link":"https:\/\/www.cncinternational.eu\/pl\/cosmoprof-bologna\/","title":{"rendered":"Poznaj CNC na targach Cosmoprof Bologna 2026"},"content":{"rendered":"  \t\n\t  <header class=\"main-header \">\n\t\t<!-- For mobile -->\n\t\t<div class=\"d-block d-sm-none\">\n\t\t  <div class=\"container-fluid px-0\">\n\t\t\t<div class=\"container g-0\">\n\t\t\t  <div class=\"row g-0 justify-content-start align-items-center\">\n\t\t\t\t<div class=\"col-12 d-sm-none\">\n\t\t\t\t  <div class=\"header-image\">\n\t\t\t\t\t\t\t\t\t\t\t\t<img fetchpriority=\"high\" decoding=\"async\" src=\"https:\/\/www.cncinternational.eu\/wp-content\/uploads\/2026\/01\/CNC-Your-logo-nails.jpg\" alt=\"Stoisko CNC @ Tradeshow Bologna Italy 2024\" width=\"1445\" height=\"813\" loading=\"eager\">\n\t\t\t\t\t\t\t\t\t\t  <\/div>\n\t\t\t\t<\/div>\n\t\t\t\t<div class=\"offset-md-6 col-md-6\">\n\t\t\t\t  <div class=\"header-text\">\n\t\t\t\t\t<p class=\"mobile-title\">Odkryj bezpieczne \u017cele UV marki w\u0142asnej na targach Cosmoprof Bologna 2026<\/p>\n\t\t\t\t\t<p>W dniach 26-28 marca 2026 r. CNC zaprasza ambitne firmy z bran\u017cy paznokciowej na targi Cosmoprof Bologna. Odwied\u017a nasze stoisko w strefie Cosmopack i dowiedz si\u0119, jak europejski producent marek w\u0142asnych <a href=\"https:\/\/www.cncinternational.eu\/pl\/about-us\/\">CNC<\/a> wspiera marki paznokci na ca\u0142ym \u015bwiecie dzi\u0119ki bezpiecznym formu\u0142om, skalowalnej produkcji i niezawodnej jako\u015bci. <\/p>\n<p><strong>Stoisko B48 | Hala 18 | Obszar Cosmopack<\/strong><\/p>\n\t\t\t\t\t\t\t\t\t\t\t\t\t\t\t\t\t\t<a class=\"btn mb-3\" href=\"#contact\">\n\t\t\t\t\t\t\t\tZaplanuj osobiste spotkanie z CNC na targach Cosmoprof\t\t\t\t\t\t\t<\/a>\n\t\t\t\t\t\t\t\t\t\t\t\t\t\t\t\t\t\t\t\t  <\/div>\n\t\t\t\t<\/div>\n\t\t\t  <\/div>\n\t\t\t<\/div>\n\t\t  <\/div>\n\t\t<\/div>\n\t\t<!-- \/For mobile -->\n\t\t\n\t\t<!-- For desktop -->\n\t\t<div class=\"d-none d-sm-block\">\n\t\t  <div class=\"container-fluid px-0\" >\n\t\t\t<div class=\"header-bg\" style=\"background-image: url('https:\/\/www.cncinternational.eu\/wp-content\/uploads\/2026\/01\/CNC-Your-logo-nails.jpg');\">\n\t\t\t\t\n\t\t\t<\/div>\n\t\t\t<div class=\"container g-0\">\n\t\t\t  <div class=\"row g-0 justify-content-start align-items-center\">\n\t\t\t\t<div class=\"offset-md-6 col-md-6\">\n\t\t\t\t  <div class=\"header-text\">\n\t\t\t\t\t<h1>Odkryj bezpieczne \u017cele UV marki w\u0142asnej na targach Cosmoprof Bologna 2026<\/h1>\n\t\t\t\t\t<p>W dniach 26-28 marca 2026 r. CNC zaprasza ambitne firmy z bran\u017cy paznokciowej na targi Cosmoprof Bologna. Odwied\u017a nasze stoisko w strefie Cosmopack i dowiedz si\u0119, jak europejski producent marek w\u0142asnych <a href=\"https:\/\/www.cncinternational.eu\/pl\/about-us\/\">CNC<\/a> wspiera marki paznokci na ca\u0142ym \u015bwiecie dzi\u0119ki bezpiecznym formu\u0142om, skalowalnej produkcji i niezawodnej jako\u015bci. <\/p>\n<p><strong>Stoisko B48 | Hala 18 | Obszar Cosmopack<\/strong><\/p>\n\t\t\t\t\n\t\t\t\t\t\t\t\t\t\t\t\t\t\t\t\t\t\t<a class=\"btn mb-3\" href=\"#contact\">\n\t\t\t\t\t\tZaplanuj osobiste spotkanie z CNC na targach Cosmoprof\t\t\t\t\t\t\t<\/a>\n\t\t\t\t\t\t\t\t\t\t\t\t\t\t\t\t\t\t\t\t  <\/div>\n\t\t\t\t<\/div>\n\t\t\t  <\/div>\n\t\t\t<\/div>\n\t\t  <\/div>\n\t\t<\/div>\n\t\t<!-- \/For desktop -->\n\t  <\/header>\n\t  \n\t  \t\t<section class=\"news\">\n\t\t<div class=\"container p-0 \">\n\t\t\t<div class=\"row g-0\">\n\t\t\t\t<div class=\"col-12 overlap bg-white\">\n\t\t\t\t\t\t\t\t\t\t\t\t\t\t\t\t\t\t\t\t\t\t<!-- Start row -->\n\t\t\t\t\t\t\t\t\t\t\t\t\t\t\t\t\t\t\t\t\t\t\t\t\t\t\t\t\t\t\t\t\t\t\t\t\n\t\t\t\t\t\t\t\t\t<div class=\"row g-0 align-items-center\">\n\t\t\t\t\t\t\t\t\t\t<div class=\"col-12 col-md col-img img-wrapper\">\n\t\t\t\t\t\t\t\t\t\t\t\t\t\t\t\t\t\t\t\t\t\t\t\t\t\t\t\t\t\t\t\t\t\t<img loading=\"lazy\" decoding=\"async\" src=\"https:\/\/www.cncinternational.eu\/wp-content\/uploads\/2025\/01\/CNC-Bologna-Image-1.jpg\"\n\t\t\t\t\t\t\t\t\t\t\t\t\talt=\"Dlaczego warto odwiedzi\u0107 CNC International na targach Cosmoprof?\" width=\"1600\" height=\"1200\">\n\t\t\t\t\t\t\t\t\t\t\t\t\t\t\t\t\t\t\t\t\t<\/div>\n\t\t\t\t\t\t\t\t\t\t<div class=\"col-12 col-md col-excerpt\">\n\t\t\t\t\t\t\t\t\t\t\t<div class=\"excerpt-wrapper\">\n\t\t\t\t\t\t\t\t\t\t\t\t<h4>Dlaczego warto odwiedzi\u0107 CNC International na targach Cosmoprof?<\/h4>\n\t\t\t\t\t\t\t\t\t\t\t\t<p>CNC wspiera firmy z bran\u017cy paznokciowej bezpiecznymi, skalowalnymi i zgodnymi z wymogami UE rozwi\u0105zaniami marek w\u0142asnych, zaprojektowanymi z my\u015bl\u0105 o d\u0142ugoterminowym rozwoju.\r\n<ul>\r\n<li>Bezpieczne formu\u0142y bez obaw: Produkty \u017celowe UV bez HEMA, bez Di-HEMA, bez TPO i bez 15 opracowane zgodnie z najwy\u017cszymi standardami bezpiecze\u0144stwa<\/li>\r\n<li>Szeroka gama produkt\u00f3w marek w\u0142asnych, w tym \u017cele bazowe, \u017cele buduj\u0105ce, \u017cele z w\u0142\u00f3knami, \u017cele nawierzchniowe, lakiery \u017celowe i inne.<\/li>\r\n<li>Elastyczna i skalowalna produkcja, z niskim MOQ od 1 litra luzem<\/li>\r\n<li>Pe\u0142ne wsparcie: zapewniamy MSDS, dokumenty INCI i wskaz\u00f3wki dotycz\u0105ce <a href=\"https:\/\/www.cncinternational.eu\/news\/tips-for-selling-imported-nail-products-in-the-eu-in-2023\/\">rejestracji CPNP<\/a><\/li>\r\n<li>Zaufane do\u015bwiadczenie: Europejski partner produkcyjny z w\u0142asnym dzia\u0142em badawczo-rozwojowym i produkcj\u0105 od 1993 r.<\/li><\/p>\n\t\t\t\t\t\t\t\t\t\t\t\t\t\t\t\t\t\t\t\t\t\t\t<\/div>\n\t\t\t\t\t\t\t\t\t\t<\/div>\n\t\t\t\t\t\t\t\t\t<\/div>\n\t\t\t\t\t\t\t\t\n\t\t\t\t\t\t\t\n\t\t\t\t\t\t\t\t\t\t\t\t\t\t\t\t\t\t\t\t\t\t\t\t\t\t\t\t\t\t\t\t\t\t\t\t\t\t\t\t\t\t\t\t\t\t\t\t\t\t\t\t<div class=\"row g-0 align-items-center\">\n\t\t\t\t\t\t\t\t\t\t<div class=\"col-12 col-md col-excerpt\">\n\t\t\t\t\t\t\t\t\t\t\t<div class=\"excerpt-wrapper\">\n\t\t\t\t\t\t\t\t\t\t\t\t<h4>\u017bele UV marki w\u0142asnej stworzone z my\u015bl\u0105 o sukcesie<\/h4>\n\t\t\t\t\t\t\t\t\t\t\t\t<p>Poznaj nasz\u0105 wysokowydajn\u0105 kolekcj\u0119 \u017celi UV bez HEMA i TPO: \u017cele buduj\u0105ce, \u017cele bazowe, \u017cele z w\u0142\u00f3knami, \u017cele buduj\u0105ce nak\u0142adane p\u0119dzelkiem, ponad 200 kolor\u00f3w lakier\u00f3w hybrydowych, \u017cele combo i akryle.  <\/p>\n\t\t\t\t\t\t\t\t\t\t\t\t\t\t\t\t\t\t\t\t\t\t\t\t\t\t\t\t\t\t\t\t\t\t\t\t\t\t\t\t\t\t\t\t\t\t\t\t\t\t\t\t\t\t\t\t\t\t\t\t\t\t\t\t\t\t\t\t\t\t<a href=\"https:\/\/www.cncinternational.eu\/product\/\" class=\"btn\">Odkryj nasz\u0105 pe\u0142n\u0105 gam\u0119 \u017celi UV<\/a>\n\t\t\t\t\t\t\t\t\t\t\t\t\t\t\t\n\t\t\t\t\t\t\t\t\t\t\t\t\t\t\n\t\t\t\t\t\t\t\t\t\t\t\t\t\n\t\t\t\t\t\t\t\t\t\t\t\t\t<!-- Another button -->\n\t\t\t\t\t\t\t\t\t\t\t\t\t\t\t\t\t\t\t\t\t\t\t\t\t\t\t\t\t\t\t\t\t\t\t\t<\/div>\n\t\t\t\t\t\t\t\t\t\t<\/div>\n\t\t\t\t\t\t\t\t\t\t<div class=\"col-12 col-md col-img img-wrapper\">\n\t\t\t\t\t\t\t\t\t\t\t\t\t\t\t\t\t\t\t\t\t\t\t\t\t\t\t\t\t\t\t\t\t\t\t\t<img loading=\"lazy\" decoding=\"async\" src=\"https:\/\/www.cncinternational.eu\/wp-content\/uploads\/2026\/01\/CNC-Bologna-Image-2-1.jpg.webp\"\n\t\t\t\t\t\t\t\t\t\t\t\t\t\talt=\"\u017bele UV marki w\u0142asnej stworzone z my\u015bl\u0105 o sukcesie\" width=\"1445\" height=\"813\">\n\t\t\t\t\t\t\t\t\t\t\t\t\t\t\t\t\t\t\t\t\t\t\t\t\t\t\t\t\t\t\t\t\t<\/div>\n\t\t\t\t\t\t\t\t\t<\/div>\n\t\t\t\t\t\t\t\t\n\t\t\t\t\t\t\t\n\t\t\t\t\t\t\t\t\t\t\t\t\t\t\t\t\t\t\t\t\t\t\t\t\t\t\t\t\t\t\t\t\t\t\t\t\t\t\t\t\t\t\t\n\t\t\t\t\t\t\t\t\t<div class=\"row g-0 align-items-center\">\n\t\t\t\t\t\t\t\t\t\t<div class=\"col-12 col-md col-img img-wrapper\">\n\t\t\t\t\t\t\t\t\t\t\t\t\t\t\t\t\t\t\t\t\t\t\t\t\t\t\t\t\t\t\t\t\t\t<img loading=\"lazy\" decoding=\"async\" src=\"https:\/\/www.cncinternational.eu\/wp-content\/uploads\/2026\/01\/Nails1.jpg\"\n\t\t\t\t\t\t\t\t\t\t\t\t\talt=\"Konkurencyjne ceny i elastyczne zam\u00f3wienia\" width=\"1445\" height=\"813\">\n\t\t\t\t\t\t\t\t\t\t\t\t\t\t\t\t\t\t\t\t\t<\/div>\n\t\t\t\t\t\t\t\t\t\t<div class=\"col-12 col-md col-excerpt\">\n\t\t\t\t\t\t\t\t\t\t\t<div class=\"excerpt-wrapper\">\n\t\t\t\t\t\t\t\t\t\t\t\t<h4>Konkurencyjne ceny i elastyczne zam\u00f3wienia<\/h4>\n\t\t\t\t\t\t\t\t\t\t\t\t<p>Produkujemy w\u0142asne \u017cele UV i lakiery \u017celowe. Zgodne z wymogami UE, dostarczane z MSDS, wsparciem INCI i CPNP. \r\n<ul>\r\n<li>MOQ ju\u017c od 1 litra &#8211; dostosowane do potrzeb biznesowych marki w\u0142asnej.<\/li>\r\n<li>Dostarczane luzem lub jako gotowe produkty.<\/li>\r\n<li>Brak rocznego minimalnego zakupu.<\/li>\r\n<li>Szybka i niezawodna wysy\u0142ka na ca\u0142y \u015bwiat<\/li>\r\n<\/ul>\r\nSkontaktuj si\u0119 z CNC na targach Cosmoprof, aby pozna\u0107 mo\u017cliwo\u015bci zwi\u0105zane z markami w\u0142asnymi i przetestowa\u0107 pr\u00f3bki.<\/p>\n\t\t\t\t\t\t\t\t\t\t\t\t\t\t\t\t\t\t\t\t\t\t\t\t\t\t\t\t\t\t\t\t\t\t\t\t\t\t\t\t\t\t\t\t\t\t\t\t\t\t\t\t\t\t\t\t\t\t\t\t\t\t\t\t\t\t\t\t\t\t<a href=\"#contact\" class=\"btn\">Poznaj nas<\/a>\n\t\t\t\t\t\t\t\t\t\t\t\t\t\t\t\n\t\t\t\t\t\t\t\t\t\t\t\t\t\t\n\t\t\t\t\t\t\t\t\t\t\t\t\t\n\t\t\t\t\t\t\t\t\t\t\t\t\t<!-- Another button -->\n\t\t\t\t\t\t\t\t\t\t\t\t\t\t\t\t\t\t\t\t\t\t\t\t\t\t\t\t\t\t\t\t\t\t\t\t<\/div>\n\t\t\t\t\t\t\t\t\t\t<\/div>\n\t\t\t\t\t\t\t\t\t<\/div>\n\t\t\t\t\t\t\t\t\n\t\t\t\t\t\t\t\n\t\t\t\t\t\t\t\t\t\t\t\t\t\t\t\t\t\t\t\t\t\t\t\t\t\t\t\t\t\t\t\t\t\t\t\t\t\t\t\t\t\t\t\t\t\t\t\t\t\t\t\t<div class=\"row g-0 align-items-center\">\n\t\t\t\t\t\t\t\t\t\t<div class=\"col-12 col-md col-excerpt\">\n\t\t\t\t\t\t\t\t\t\t\t<div class=\"excerpt-wrapper\">\n\t\t\t\t\t\t\t\t\t\t\t\t<h4>Odkryj nowe produkty do paznokci przed ich wprowadzeniem na rynek<\/h4>\n\t\t\t\t\t\t\t\t\t\t\t\t<p>Cosmoprof Bologna to miejsce, w kt\u00f3rym CNC ujawnia, co b\u0119dzie dalej. Odwied\u017a nasze stoisko, aby po raz pierwszy przyjrze\u0107 si\u0119 nowym innowacjom marek w\u0142asnych. Te nadchodz\u0105ce produkty zosta\u0142y zaprojektowane w celu zwi\u0119kszenia wydajno\u015bci salon\u00f3w, popytu na rynku i zr\u00f3\u017cnicowania marki.  \r\n<br><br>Odwied\u017a nas na <strong>stoisku B48 w hali 18<\/strong>, aby porozmawia\u0107 o tym, jak te nowe produkty mog\u0105 wesprze\u0107 Twoj\u0105 strategi\u0119 marki w\u0142asnej.\r\n\r\n<\/p>\n\t\t\t\t\t\t\t\t\t\t\t\t\t\t\t\t\t\t\t\t\t\t\t<\/div>\n\t\t\t\t\t\t\t\t\t\t<\/div>\n\t\t\t\t\t\t\t\t\t\t<div class=\"col-12 col-md col-img img-wrapper\">\n\t\t\t\t\t\t\t\t\t\t\t\t\t\t\t\t\t\t\t\t\t\t\t\t\t\t\t\t\t\t\t\t\t\t\t\t<img loading=\"lazy\" decoding=\"async\" src=\"https:\/\/www.cncinternational.eu\/wp-content\/uploads\/2026\/01\/New-innovations.jpg\"\n\t\t\t\t\t\t\t\t\t\t\t\t\t\talt=\"Odkryj nowe produkty do paznokci przed ich wprowadzeniem na rynek\" width=\"1445\" height=\"813\">\n\t\t\t\t\t\t\t\t\t\t\t\t\t\t\t\t\t\t\t\t\t\t\t\t\t\t\t\t\t\t\t\t\t<\/div>\n\t\t\t\t\t\t\t\t\t<\/div>\n\t\t\t\t\t\t\t\t\n\t\t\t\t\t\t\t\n\t\t\t\t\t\t\t\t\t\t\t\t\t\t\t\t\t\t\t\t\t\t\t\t\t\t\t\t\t\t\t\t\t\t\t\t\t\t\t\t\t\t\t\n\t\t\t\t\t\t\t\t\t<div class=\"row g-0 align-items-center\">\n\t\t\t\t\t\t\t\t\t\t<div class=\"col-12 col-md col-img img-wrapper\">\n\t\t\t\t\t\t\t\t\t\t\t\t\t\t\t\t\t\t\t\t\t\t\t\t\t\t\t\t\t\t\t\t\t\t<img loading=\"lazy\" decoding=\"async\" src=\"https:\/\/www.cncinternational.eu\/wp-content\/uploads\/2024\/01\/2024_01_04_15_50_00_Window.png\"\n\t\t\t\t\t\t\t\t\t\t\t\t\talt=\"Zaufany producent \u017celi UV i partner marki w\u0142asnej z Holandii\" width=\"1378\" height=\"917\">\n\t\t\t\t\t\t\t\t\t\t\t\t\t\t\t\t\t\t\t\t\t<\/div>\n\t\t\t\t\t\t\t\t\t\t<div class=\"col-12 col-md col-excerpt\">\n\t\t\t\t\t\t\t\t\t\t\t<div class=\"excerpt-wrapper\">\n\t\t\t\t\t\t\t\t\t\t\t\t<h4>Zaufany producent \u017celi UV i partner marki w\u0142asnej z Holandii<\/h4>\n\t\t\t\t\t\t\t\t\t\t\t\t<p>Od 1993 roku CNC International opracowuje i produkuje \u017celowe produkty do paznokci UV dla marek w\u0142asnych na ca\u0142ym \u015bwiecie, zaopatruj\u0105c partner\u00f3w w ponad 45 krajach na 5 kontynentach. Nasi klienci ufaj\u0105 nam za bezpieczne, innowacyjne rozwi\u0105zania, konkurencyjne ceny i niezawodn\u0105 wiedz\u0119. <br><br>CNC International mo\u017cna znale\u017a\u0107 w obszarze Cosmopack, obok innych producent\u00f3w marek w\u0142asnych, takich jak Keystone, Polystone, Internail i Silcare.\r\n<\/p>\n\t\t\t\t\t\t\t\t\t\t\t\t\t\t\t\t\t\t\t\t\t\t\t<\/div>\n\t\t\t\t\t\t\t\t\t\t<\/div>\n\t\t\t\t\t\t\t\t\t<\/div>\n\t\t\t\t\t\t\t\t\n\t\t\t\t\t\t\t\n\t\t\t\t\t\t\t\t\t\t\t\t\t\t\t\t\t\t\t\t\t\t\t\t\t\t\t\t\t\t\t\t\t\t\t\t\t\t\t\t\t\t\t\t\t\t\t\t\t\t\t\t<div class=\"row g-0 align-items-center\">\n\t\t\t\t\t\t\t\t\t\t<div class=\"col-12 col-md col-excerpt\">\n\t\t\t\t\t\t\t\t\t\t\t<div class=\"excerpt-wrapper\">\n\t\t\t\t\t\t\t\t\t\t\t\t<h4>Bezp\u0142atne pr\u00f3bki<\/h4>\n\t\t\t\t\t\t\t\t\t\t\t\t<p>Nie przegap okazji! Odwied\u017a stoisko B48, hala 18, aby odebra\u0107 bezp\u0142atny pakiet pr\u00f3bek najlepszych produkt\u00f3w i dowiedzie\u0107 si\u0119, dlaczego najlepsze marki ufaj\u0105 CNC International w zakresie rozwi\u0105za\u0144 dla marek w\u0142asnych. <br><br>Zaplanuj osobiste spotkanie z CNC na Cosmoprof i przetestuj nasze produkty\r\n\r\n<\/p>\n\t\t\t\t\t\t\t\t\t\t\t\t\t\t\t\t\t\t\t\t\t\t\t\t\t\t\t\t\t\t\t\t\t\t\t\t\t\t\t\t\t\t\t\t\t\t\t\t\t\t\t\t\t\t\t\t\t\t\t\t\t\t\t\t\t\t\t\t\t\t<a href=\"#contact\" class=\"btn\">Pro\u015bba o spotkanie<\/a>\n\t\t\t\t\t\t\t\t\t\t\t\t\t\t\t\n\t\t\t\t\t\t\t\t\t\t\t\t\t\t\n\t\t\t\t\t\t\t\t\t\t\t\t\t\n\t\t\t\t\t\t\t\t\t\t\t\t\t<!-- Another button -->\n\t\t\t\t\t\t\t\t\t\t\t\t\t\t\t\t\t\t\t\t\t\t\t\t\t\t\t\t\t\t\t\t\t\t\t\t<\/div>\n\t\t\t\t\t\t\t\t\t\t<\/div>\n\t\t\t\t\t\t\t\t\t\t<div class=\"col-12 col-md col-img img-wrapper\">\n\t\t\t\t\t\t\t\t\t\t\t\t\t\t\t\t\t\t\t\t\t\t\t\t\t\t\t\t\t\t\t\t\t\t\t\t<img loading=\"lazy\" decoding=\"async\" src=\"https:\/\/www.cncinternational.eu\/wp-content\/uploads\/2026\/01\/Sample-Pack.jpg\"\n\t\t\t\t\t\t\t\t\t\t\t\t\t\talt=\"Bezp\u0142atne pr\u00f3bki\" width=\"1445\" height=\"813\">\n\t\t\t\t\t\t\t\t\t\t\t\t\t\t\t\t\t\t\t\t\t\t\t\t\t\t\t\t\t\t\t\t\t<\/div>\n\t\t\t\t\t\t\t\t\t<\/div>\n\t\t\t\t\t\t\t\t\n\t\t\t\t\t\t\t\n\t\t\t\t\t\t\t\t\t\t\t\t\t\t\t\t\t\t\t\t\t\t\t\t\t\t\t\t\t\t\t\t\t\t\t\t\t\t\t\t\t\t\t\n\t\t\t\t\t\t\t\t\t<div class=\"row g-0 align-items-center\">\n\t\t\t\t\t\t\t\t\t\t<div class=\"col-12 col-md col-img img-wrapper\">\n\t\t\t\t\t\t\t\t\t\t\t\t\t\t\t\t\t\t\t\t\t\t\t\t\t\t\t\t\t\t\t\t\t\t<img loading=\"lazy\" decoding=\"async\" src=\"https:\/\/www.cncinternational.eu\/wp-content\/uploads\/2026\/01\/Cosmopack-with-logo.jpg\"\n\t\t\t\t\t\t\t\t\t\t\t\t\talt=\"Szczeg\u00f3\u0142y Cosmoprof Bologna\" width=\"1445\" height=\"813\">\n\t\t\t\t\t\t\t\t\t\t\t\t\t\t\t\t\t\t\t\t\t<\/div>\n\t\t\t\t\t\t\t\t\t\t<div class=\"col-12 col-md col-excerpt\">\n\t\t\t\t\t\t\t\t\t\t\t<div class=\"excerpt-wrapper\">\n\t\t\t\t\t\t\t\t\t\t\t\t<h4>Szczeg\u00f3\u0142y Cosmoprof Bologna<\/h4>\n\t\t\t\t\t\t\t\t\t\t\t\t<p>57. edycja targ\u00f3w Cosmoprof Bologna odb\u0119dzie si\u0119 w dniach 26-28 marca 2026 r. na Piazza della Costituzione, 5, 40128 Bolonia, W\u0142ochy.<br><br>Stoisko CNC International znajduje si\u0119 w hali 18, stoisko B48 w strefie Cosmopack w dniach 26-28 marca 2026 r.<br><br>Zalecane wej\u015bcia: Costituzione, Calzoni, Nord.\r\n<\/p>\n\t\t\t\t\t\t\t\t\t\t\t\t\t\t\t\t\t\t\t\t\t\t\t<\/div>\n\t\t\t\t\t\t\t\t\t\t<\/div>\n\t\t\t\t\t\t\t\t\t<\/div>\n\t\t\t\t\t\t\t\t\n\t\t\t\t\t\t\t\n\t\t\t\t\t\t\t\t\t\t\t\t\t\t\t\t\t\t\t<!-- End row -->\n\t\t\t\t\t\t\t\t\t<\/div>\n\t\t\t<\/div>\n\t\t<\/div>\n\t<\/section>\n\n\t  \t<section class=\"contact-block gradient-bg \" id=\"contact\">\n\t\t<div class=\"container\">\n\t\t\n\t\t\t<div class=\"row justify-content-center\">\n\t\t\t\t<div class=\"col-12 col-sm-10 col-md-8 col-lg-6\">\n\t\t\t\t\t<div class=\"form-wrapper\">\n\t\t\t\t\t\t\n\t\t\t\t\t\t\t\t\t\t\t\t\t\t\t\t\t\t\t\t\t\t\t\t<div class=\"form\">\n\t\t\t\t\t\t\t\n\t\t\t\t\t\t\t<script src='https:\/\/online4.superoffice.com\/Cust21613\/CS\/scripts\/customer.fcgi?action=form&#038;id=F-Pw7zDDNF' defer><\/script>\t\t\t\t\t\t<\/div>\n\t\t\t\t\t\t\t\t\t\t\t\t\t\t\t\t\t\t\t\t\t\t\t\t\t\t\t\t\t\t<\/div>\n\t\t\t\t<\/div>\n\t\t\t<\/div>\n\t\t<\/div>\n\t<\/section>\n      \t\n  \t\n\t","protected":false},"excerpt":{"rendered":"","protected":false},"author":13,"featured_media":14508,"parent":0,"menu_order":0,"comment_status":"closed","ping_status":"closed","template":"","meta":{"_acf_changed":false,"inline_featured_image":false,"footnotes":""},"class_list":["post-10697","page","type-page","status-publish","has-post-thumbnail","hentry"],"acf":[],"yoast_head":"<!-- This site is optimized with the Yoast SEO plugin v27.4 - https:\/\/yoast.com\/product\/yoast-seo-wordpress\/ -->\n<title>\u017bele UV marki w\u0142asnej na targach Cosmoprof Bologna 2026 | CNC<\/title>\n<meta name=\"description\" content=\"Spotkaj si\u0119 z CNC na targach Cosmoprof Bologna 2026 we W\u0142oszech, aby odkry\u0107 \u017cele UV bez HEMA i TPO. Zaplanuj spotkanie, aby pozna\u0107 skalowalne opcje.\" \/>\n<meta name=\"robots\" content=\"index, follow, max-snippet:-1, max-image-preview:large, max-video-preview:-1\" \/>\n<link rel=\"canonical\" href=\"https:\/\/www.cncinternational.eu\/pl\/cosmoprof-bologna\/\" \/>\n<meta property=\"og:locale\" content=\"pl_PL\" \/>\n<meta property=\"og:type\" content=\"article\" \/>\n<meta property=\"og:title\" content=\"\u017bele UV marki w\u0142asnej na targach Cosmoprof Bologna 2026 | CNC\" \/>\n<meta property=\"og:description\" content=\"Spotkaj si\u0119 z CNC na targach Cosmoprof Bologna 2026 we W\u0142oszech, aby odkry\u0107 \u017cele UV bez HEMA i TPO. Zaplanuj spotkanie, aby pozna\u0107 skalowalne opcje.\" \/>\n<meta property=\"og:url\" content=\"https:\/\/www.cncinternational.eu\/pl\/cosmoprof-bologna\/\" \/>\n<meta property=\"og:site_name\" content=\"CNC International\" \/>\n<meta property=\"article:modified_time\" content=\"2026-02-02T14:06:20+00:00\" \/>\n<meta property=\"og:image\" content=\"https:\/\/www.cncinternational.eu\/wp-content\/uploads\/2025\/01\/Untitled-design-8.png\" \/>\n\t<meta property=\"og:image:width\" content=\"1445\" \/>\n\t<meta property=\"og:image:height\" content=\"813\" \/>\n\t<meta property=\"og:image:type\" content=\"image\/png\" \/>\n<meta name=\"twitter:card\" content=\"summary_large_image\" \/>\n<meta name=\"twitter:label1\" content=\"Szacowany czas czytania\" \/>\n\t<meta name=\"twitter:data1\" content=\"1 minuta\" \/>\n<script type=\"application\/ld+json\" class=\"yoast-schema-graph\">{\"@context\":\"https:\\\/\\\/schema.org\",\"@graph\":[{\"@type\":\"WebPage\",\"@id\":\"https:\\\/\\\/www.cncinternational.eu\\\/pl\\\/cosmoprof-bologna\\\/\",\"url\":\"https:\\\/\\\/www.cncinternational.eu\\\/pl\\\/cosmoprof-bologna\\\/\",\"name\":\"\u017bele UV marki w\u0142asnej na targach Cosmoprof Bologna 2026 | CNC\",\"isPartOf\":{\"@id\":\"https:\\\/\\\/www.cncinternational.eu\\\/pl\\\/#website\"},\"primaryImageOfPage\":{\"@id\":\"https:\\\/\\\/www.cncinternational.eu\\\/pl\\\/cosmoprof-bologna\\\/#primaryimage\"},\"image\":{\"@id\":\"https:\\\/\\\/www.cncinternational.eu\\\/pl\\\/cosmoprof-bologna\\\/#primaryimage\"},\"thumbnailUrl\":\"https:\\\/\\\/www.cncinternational.eu\\\/wp-content\\\/uploads\\\/2026\\\/03\\\/CNC-Banner-Cosmoprof-20261.jpg\",\"datePublished\":\"2025-01-23T14:30:12+00:00\",\"dateModified\":\"2026-02-02T14:06:20+00:00\",\"description\":\"Spotkaj si\u0119 z CNC na targach Cosmoprof Bologna 2026 we W\u0142oszech, aby odkry\u0107 \u017cele UV bez HEMA i TPO. Zaplanuj spotkanie, aby pozna\u0107 skalowalne opcje.\",\"breadcrumb\":{\"@id\":\"https:\\\/\\\/www.cncinternational.eu\\\/pl\\\/cosmoprof-bologna\\\/#breadcrumb\"},\"inLanguage\":\"pl-PL\",\"potentialAction\":[{\"@type\":\"ReadAction\",\"target\":[\"https:\\\/\\\/www.cncinternational.eu\\\/pl\\\/cosmoprof-bologna\\\/\"]}]},{\"@type\":\"ImageObject\",\"inLanguage\":\"pl-PL\",\"@id\":\"https:\\\/\\\/www.cncinternational.eu\\\/pl\\\/cosmoprof-bologna\\\/#primaryimage\",\"url\":\"https:\\\/\\\/www.cncinternational.eu\\\/wp-content\\\/uploads\\\/2026\\\/03\\\/CNC-Banner-Cosmoprof-20261.jpg\",\"contentUrl\":\"https:\\\/\\\/www.cncinternational.eu\\\/wp-content\\\/uploads\\\/2026\\\/03\\\/CNC-Banner-Cosmoprof-20261.jpg\",\"width\":1445,\"height\":813},{\"@type\":\"BreadcrumbList\",\"@id\":\"https:\\\/\\\/www.cncinternational.eu\\\/pl\\\/cosmoprof-bologna\\\/#breadcrumb\",\"itemListElement\":[{\"@type\":\"ListItem\",\"position\":1,\"name\":\"Home\",\"item\":\"https:\\\/\\\/www.cncinternational.eu\\\/pl\\\/\"},{\"@type\":\"ListItem\",\"position\":2,\"name\":\"Poznaj CNC na targach Cosmoprof Bologna 2026\"}]},{\"@type\":\"WebSite\",\"@id\":\"https:\\\/\\\/www.cncinternational.eu\\\/pl\\\/#website\",\"url\":\"https:\\\/\\\/www.cncinternational.eu\\\/pl\\\/\",\"name\":\"CNC International\",\"description\":\"Just another WordPress site\",\"potentialAction\":[{\"@type\":\"SearchAction\",\"target\":{\"@type\":\"EntryPoint\",\"urlTemplate\":\"https:\\\/\\\/www.cncinternational.eu\\\/pl\\\/?s={search_term_string}\"},\"query-input\":{\"@type\":\"PropertyValueSpecification\",\"valueRequired\":true,\"valueName\":\"search_term_string\"}}],\"inLanguage\":\"pl-PL\"}]}<\/script>\n<!-- \/ Yoast SEO plugin. -->","yoast_head_json":{"title":"\u017bele UV marki w\u0142asnej na targach Cosmoprof Bologna 2026 | CNC","description":"Spotkaj si\u0119 z CNC na targach Cosmoprof Bologna 2026 we W\u0142oszech, aby odkry\u0107 \u017cele UV bez HEMA i TPO. Zaplanuj spotkanie, aby pozna\u0107 skalowalne opcje.","robots":{"index":"index","follow":"follow","max-snippet":"max-snippet:-1","max-image-preview":"max-image-preview:large","max-video-preview":"max-video-preview:-1"},"canonical":"https:\/\/www.cncinternational.eu\/pl\/cosmoprof-bologna\/","og_locale":"pl_PL","og_type":"article","og_title":"\u017bele UV marki w\u0142asnej na targach Cosmoprof Bologna 2026 | CNC","og_description":"Spotkaj si\u0119 z CNC na targach Cosmoprof Bologna 2026 we W\u0142oszech, aby odkry\u0107 \u017cele UV bez HEMA i TPO. Zaplanuj spotkanie, aby pozna\u0107 skalowalne opcje.","og_url":"https:\/\/www.cncinternational.eu\/pl\/cosmoprof-bologna\/","og_site_name":"CNC International","article_modified_time":"2026-02-02T14:06:20+00:00","og_image":[{"width":1445,"height":813,"url":"https:\/\/www.cncinternational.eu\/wp-content\/uploads\/2025\/01\/Untitled-design-8.png","type":"image\/png"}],"twitter_card":"summary_large_image","twitter_misc":{"Szacowany czas czytania":"1 minuta"},"schema":{"@context":"https:\/\/schema.org","@graph":[{"@type":"WebPage","@id":"https:\/\/www.cncinternational.eu\/pl\/cosmoprof-bologna\/","url":"https:\/\/www.cncinternational.eu\/pl\/cosmoprof-bologna\/","name":"\u017bele UV marki w\u0142asnej na targach Cosmoprof Bologna 2026 | CNC","isPartOf":{"@id":"https:\/\/www.cncinternational.eu\/pl\/#website"},"primaryImageOfPage":{"@id":"https:\/\/www.cncinternational.eu\/pl\/cosmoprof-bologna\/#primaryimage"},"image":{"@id":"https:\/\/www.cncinternational.eu\/pl\/cosmoprof-bologna\/#primaryimage"},"thumbnailUrl":"https:\/\/www.cncinternational.eu\/wp-content\/uploads\/2026\/03\/CNC-Banner-Cosmoprof-20261.jpg","datePublished":"2025-01-23T14:30:12+00:00","dateModified":"2026-02-02T14:06:20+00:00","description":"Spotkaj si\u0119 z CNC na targach Cosmoprof Bologna 2026 we W\u0142oszech, aby odkry\u0107 \u017cele UV bez HEMA i TPO. Zaplanuj spotkanie, aby pozna\u0107 skalowalne opcje.","breadcrumb":{"@id":"https:\/\/www.cncinternational.eu\/pl\/cosmoprof-bologna\/#breadcrumb"},"inLanguage":"pl-PL","potentialAction":[{"@type":"ReadAction","target":["https:\/\/www.cncinternational.eu\/pl\/cosmoprof-bologna\/"]}]},{"@type":"ImageObject","inLanguage":"pl-PL","@id":"https:\/\/www.cncinternational.eu\/pl\/cosmoprof-bologna\/#primaryimage","url":"https:\/\/www.cncinternational.eu\/wp-content\/uploads\/2026\/03\/CNC-Banner-Cosmoprof-20261.jpg","contentUrl":"https:\/\/www.cncinternational.eu\/wp-content\/uploads\/2026\/03\/CNC-Banner-Cosmoprof-20261.jpg","width":1445,"height":813},{"@type":"BreadcrumbList","@id":"https:\/\/www.cncinternational.eu\/pl\/cosmoprof-bologna\/#breadcrumb","itemListElement":[{"@type":"ListItem","position":1,"name":"Home","item":"https:\/\/www.cncinternational.eu\/pl\/"},{"@type":"ListItem","position":2,"name":"Poznaj CNC na targach Cosmoprof Bologna 2026"}]},{"@type":"WebSite","@id":"https:\/\/www.cncinternational.eu\/pl\/#website","url":"https:\/\/www.cncinternational.eu\/pl\/","name":"CNC International","description":"Just another WordPress site","potentialAction":[{"@type":"SearchAction","target":{"@type":"EntryPoint","urlTemplate":"https:\/\/www.cncinternational.eu\/pl\/?s={search_term_string}"},"query-input":{"@type":"PropertyValueSpecification","valueRequired":true,"valueName":"search_term_string"}}],"inLanguage":"pl-PL"}]}},"_links":{"self":[{"href":"https:\/\/www.cncinternational.eu\/pl\/wp-json\/wp\/v2\/pages\/10697","targetHints":{"allow":["GET"]}}],"collection":[{"href":"https:\/\/www.cncinternational.eu\/pl\/wp-json\/wp\/v2\/pages"}],"about":[{"href":"https:\/\/www.cncinternational.eu\/pl\/wp-json\/wp\/v2\/types\/page"}],"author":[{"embeddable":true,"href":"https:\/\/www.cncinternational.eu\/pl\/wp-json\/wp\/v2\/users\/13"}],"replies":[{"embeddable":true,"href":"https:\/\/www.cncinternational.eu\/pl\/wp-json\/wp\/v2\/comments?post=10697"}],"version-history":[{"count":7,"href":"https:\/\/www.cncinternational.eu\/pl\/wp-json\/wp\/v2\/pages\/10697\/revisions"}],"predecessor-version":[{"id":14033,"href":"https:\/\/www.cncinternational.eu\/pl\/wp-json\/wp\/v2\/pages\/10697\/revisions\/14033"}],"wp:featuredmedia":[{"embeddable":true,"href":"https:\/\/www.cncinternational.eu\/pl\/wp-json\/wp\/v2\/media\/14508"}],"wp:attachment":[{"href":"https:\/\/www.cncinternational.eu\/pl\/wp-json\/wp\/v2\/media?parent=10697"}],"curies":[{"name":"wp","href":"https:\/\/api.w.org\/{rel}","templated":true}]}}