{"id":7866,"date":"2025-05-15T08:01:00","date_gmt":"2025-05-15T08:01:00","guid":{"rendered":"https:\/\/www.cncinternational.eu\/nieuws\/autumn-nail-collection-2023\/"},"modified":"2026-02-12T15:17:27","modified_gmt":"2026-02-12T15:17:27","slug":"paznokcie-jesienno","status":"publish","type":"nieuws","link":"https:\/\/www.cncinternational.eu\/pl\/aktualnosci\/paznokcie-jesienno\/","title":{"rendered":"Jesienna kolekcja paznokci"},"content":{"rendered":"        \t  <header class=\"single-news-header \">\n\t\t<!-- For mobile -->\n\t\t<div class=\"d-block d-sm-none\">\n\t\t  <div class=\"container-fluid px-0\">\n\t\t\t<div class=\"container g-0\">\n\t\t\t  <div class=\"row g-0 justify-content-start align-items-center\">\n\t\t\t\t<div class=\"col-12 d-sm-none\">\n\t\t\t\t  <div class=\"col-md-6 order-1 order-md-2\">\n\t\t\t\t\t\t\t\t\t\t\t<img fetchpriority=\"high\" decoding=\"async\" src=\"https:\/\/www.cncinternational.eu\/wp-content\/uploads\/2024\/05\/CNC-Fall-GP-Collection-2025-cnc-news.jpg\" alt=\"Jesienna kolekcja paznokci\" width=\"1445\" height=\"813\" loading=\"eager\">\n\t\t\t\t\t\t\t\t\t  <\/div>\n\t\t\t\t<\/div>\n\t\t\t\t<div class=\"offset-md-6 col-md-6\">\n\t\t\t\t  <div class=\"header-text\">\n\t\t\t\t\t<p class=\"mobile-title\">Jesienna kolekcja paznokci<\/p>\n                    \t\t\t\t\t<div class=\"post-date\">2025-05-15 | Written By: Carly\t\t\t\t\t\t\n\t\t\t\t\t<\/div>\n                    \t\t\t\t\t<p><strong>Najlepsze modne kolory na jesie\u0144 2025 mo\u017cna znale\u017a\u0107 w jesiennej kolekcji lakier\u00f3w \u017celowych CNC! Teraz dost\u0119pne dla marek w\u0142asnych. <\/strong><\/p>\n\t\t\t\t  <\/div>\n\t\t\t\t<\/div>\n\t\t\t  <\/div>\n\t\t\t<\/div>\n\t\t  <\/div>\n\t\t<\/div>\n\t\t<!-- \/For mobile -->\n\t\t\n\t\t<!-- For desktop -->\n\t\t<div class=\"d-none d-sm-block\">\n\t\t  <div class=\"container-fluid px-0\" >\n\t\t\t<div class=\"header-bg\" style=\"background-image: url('https:\/\/www.cncinternational.eu\/wp-content\/uploads\/2024\/05\/CNC-Fall-GP-Collection-2025-cnc-news.jpg');\">\n\t\t\t\t\n\t\t\t<\/div>\n\t\t\t<div class=\"container g-0\">\n\t\t\t  <div class=\"row g-0 justify-content-start align-items-center\">\n\t\t\t\t<div class=\"col-md-6\">\n\t\t\t\t  <div class=\"header-text\">\n\t\t\t\t\t  <h1>Jesienna kolekcja paznokci<\/h1>\n                     \t\t\t\t\t\t<div class=\"post-date\">2025-05-15 | Written By: Carly\t\t\t\t\t\t\t\n\t\t\t\t\t\t<\/div>\n                    \t\t\t\t\t<p><strong>Najlepsze modne kolory na jesie\u0144 2025 mo\u017cna znale\u017a\u0107 w jesiennej kolekcji lakier\u00f3w \u017celowych CNC! Teraz dost\u0119pne dla marek w\u0142asnych. <\/strong><\/p>\n\t\t\t\t  <\/div>\n\t\t\t\t<\/div>\n\t\t\t  <\/div>\n\t\t\t<\/div>\n\t\t  <\/div>\n\t\t<\/div>\n\t\t<!-- \/For desktop -->\n\t  <\/header>\n\t\n  \n\n  \n  <section class=\"news-single-wrapper \">\n\t<div class=\"container p-0\">\n      <div class=\"d-flex\">\n        <div class=\"main-content overlap\">\n\t\t\t<h1><strong>Nowo\u015b\u0107: Kolory jesie\u0144 2025 Gel Polish &#8211; teraz dost\u0119pne dla Private Label<\/strong><\/h1>\n<p>CNC International z dum\u0105 prezentuje cztery nowe kolory lakier\u00f3w hybrydowych na jesie\u0144 2025. Zainspirowana trendem Quiet Luxury, ta wyrafinowana sezonowa paleta \u0142\u0105czy w sobie delikatn\u0105 elegancj\u0119 z bogat\u0105, nadaj\u0105c\u0105 si\u0119 do noszenia g\u0142\u0119bi\u0105 &#8211; idealn\u0105 dla nowoczesnych marek paznokci, kt\u00f3re chc\u0105 podnie\u015b\u0107 poziom swoich jesiennych kolekcji.<\/p>\n<p>Te modne odcienie wahaj\u0105 si\u0119 od ciep\u0142ych neutralnych do g\u0142\u0119bokich, nastrojowych ton\u00f3w, idealnych do budowania wszechstronnego i stylowego asortymentu sezonowego. Niezale\u017cnie od tego, czy obs\u0142ugujesz salony, sprzedawc\u00f3w detalicznych czy prosument\u00f3w, ta kolekcja pomo\u017ce Ci pozosta\u0107 na czele pod wzgl\u0119dem koloru i jako\u015bci.<\/p>\n<ul>\n<li><strong>Lakier hybrydowy niezawieraj\u0105cy HEMA | Lakier hybrydowy niezawieraj\u0105cy Di-HEMA | Lakier hybrydowy niezawieraj\u0105cy TPO<\/strong><\/li>\n<li>Profesjonalne, bezpieczne i nowoczesne formu\u0142y<\/li>\n<li>Gotowy na etykiet\u0119!<\/li>\n<li>Inspirowane \u015bwiatowymi trendami mody<\/li>\n<\/ul>\n<p><img loading=\"lazy\" decoding=\"async\" class=\"alignnone wp-image-11738 size-large\" src=\"https:\/\/www.cncinternational.eu\/wp-content\/uploads\/2025\/05\/Untitled-design-14-1024x262.png\" alt=\"Jesienne kolory lakier\u00f3w hybrydowych marki w\u0142asnej\" width=\"1024\" height=\"262\" srcset=\"https:\/\/www.cncinternational.eu\/wp-content\/uploads\/2025\/05\/Untitled-design-14-1024x262.png 1024w, https:\/\/www.cncinternational.eu\/wp-content\/uploads\/2025\/05\/Untitled-design-14-300x77.png 300w, https:\/\/www.cncinternational.eu\/wp-content\/uploads\/2025\/05\/Untitled-design-14-768x197.png 768w, https:\/\/www.cncinternational.eu\/wp-content\/uploads\/2025\/05\/Untitled-design-14-1536x394.png 1536w, https:\/\/www.cncinternational.eu\/wp-content\/uploads\/2025\/05\/Untitled-design-14.png 1920w\" sizes=\"auto, (max-width: 1024px) 100vw, 1024px\" \/><\/p>\n<p>G1669: Bogata, ciemna jagoda z niemal czarnym wyko\u0144czeniem<br \/>\nG1670: Ch\u0142odna tonacja lawendowej szaro\u015bci, kt\u00f3ra wnosi \u015bwie\u017co\u015b\u0107 i spok\u00f3j<br \/>\nG1671: Ciep\u0142y, kremowy morelowy kolor z nut\u0105 retro<br \/>\nG1672: G\u0142\u0119boki, ciep\u0142y maho\u0144 z odrobin\u0105 mi\u0119kko\u015bci<\/p>\n<p><strong>Gotowe do dodania do kolekcji marki &#8211; popro\u015b o pr\u00f3bki lub z\u0142\u00f3\u017c zam\u00f3wienie ju\u017c dzi\u015b.<\/strong><\/p>\n        <\/div>\n      <\/div>\n    <\/div>\n  <\/section>\n  \n  \n\n\n  \t<section class=\"contact-block gradient-bg \" id=\"\">\n\t\t<div class=\"container\">\n\t\t\n\t\t\t<div class=\"row justify-content-center\">\n\t\t\t\t<div class=\"col-12 col-sm-10 col-md-8 col-lg-6\">\n\t\t\t\t\t<div class=\"form-wrapper\">\n\t\t\t\t\t\t\n\t\t\t\t\t\t<h2 class=\"form-title\">Zam\u00f3w nasz katalog 2025 ju\u017c teraz<\/h2>\t\t\t\t\t\t\t\t\t\t\t\t\t\t\t\t\t\t<div class=\"form\">\n\t\t\t\t\t\t\t\n\t\t\t\t\t\t\t[formidable id=12]\t\t\t\t\t\t\t\t\t\t\t\t\t\t\t\t\t\t\t\t\t\t\t\t\t\t\t\t\t\t\t\t\t<\/div>\n\t\t\t\t\t\t\t\t\t\t\t\t\t\t\t\t\t\t\t\t\t\t\t\t\t\t\t\t\t\t<\/div>\n\t\t\t\t<\/div>\n\t\t\t<\/div>\n\t\t<\/div>\n\t<\/section>\n      \t\n  \t\n\t","protected":false},"excerpt":{"rendered":"Nowo\u015b\u0107: Kolekcja lakier\u00f3w \u017celowych jesie\u0144 2025 &#8211; ju\u017c dost\u0119pna &#8211; 4 nowe kolory lakier\u00f3w \u017celowych &#8211; dla Private Label","protected":false},"author":13,"featured_media":11732,"template":"","format":"standard","nieuws_category":[],"class_list":["post-7866","nieuws","type-nieuws","status-publish","format-standard","has-post-thumbnail","hentry"],"acf":[],"yoast_head":"<!-- This site is optimized with the Yoast SEO plugin v27.4 - https:\/\/yoast.com\/product\/yoast-seo-wordpress\/ -->\n<title>Kolory jesie\u0144\/jesie\u0144 2025 Gel Polish - CNC Private Label<\/title>\n<meta name=\"description\" content=\"Nowa kolekcja lakier\u00f3w \u017celowych CNC na jesie\u0144\/jesie\u0144 2025 - 4 odcienie zgodne z trendami, bez HEMA, Di-HEMA i TPO. Idealne dla marki w\u0142asnej\" \/>\n<meta name=\"robots\" content=\"index, follow, max-snippet:-1, max-image-preview:large, max-video-preview:-1\" \/>\n<link rel=\"canonical\" href=\"https:\/\/www.cncinternational.eu\/pl\/aktualnosci\/paznokcie-jesienno\/\" \/>\n<meta property=\"og:locale\" content=\"pl_PL\" \/>\n<meta property=\"og:type\" content=\"article\" \/>\n<meta property=\"og:title\" content=\"Kolory jesie\u0144\/jesie\u0144 2025 Gel Polish - CNC Private Label\" \/>\n<meta property=\"og:description\" content=\"Nowa kolekcja lakier\u00f3w \u017celowych CNC na jesie\u0144\/jesie\u0144 2025 - 4 odcienie zgodne z trendami, bez HEMA, Di-HEMA i TPO. Idealne dla marki w\u0142asnej\" \/>\n<meta property=\"og:url\" content=\"https:\/\/www.cncinternational.eu\/pl\/aktualnosci\/paznokcie-jesienno\/\" \/>\n<meta property=\"og:site_name\" content=\"CNC International\" \/>\n<meta property=\"article:modified_time\" content=\"2026-02-12T15:17:27+00:00\" \/>\n<meta property=\"og:image\" content=\"https:\/\/www.cncinternational.eu\/wp-content\/uploads\/2024\/05\/CNC-Fall-GP-Collection-2025-cnc-news.jpg\" \/>\n\t<meta property=\"og:image:width\" content=\"1445\" \/>\n\t<meta property=\"og:image:height\" content=\"813\" \/>\n\t<meta property=\"og:image:type\" content=\"image\/jpeg\" \/>\n<meta name=\"twitter:card\" content=\"summary_large_image\" \/>\n<meta name=\"twitter:label1\" content=\"Szacowany czas czytania\" \/>\n\t<meta name=\"twitter:data1\" content=\"1 minuta\" \/>\n<script type=\"application\/ld+json\" class=\"yoast-schema-graph\">{\"@context\":\"https:\\\/\\\/schema.org\",\"@graph\":[{\"@type\":\"WebPage\",\"@id\":\"https:\\\/\\\/www.cncinternational.eu\\\/pl\\\/aktualnosci\\\/paznokcie-jesienno\\\/\",\"url\":\"https:\\\/\\\/www.cncinternational.eu\\\/pl\\\/aktualnosci\\\/paznokcie-jesienno\\\/\",\"name\":\"Kolory jesie\u0144\\\/jesie\u0144 2025 Gel Polish - CNC Private Label\",\"isPartOf\":{\"@id\":\"https:\\\/\\\/www.cncinternational.eu\\\/pl\\\/#website\"},\"primaryImageOfPage\":{\"@id\":\"https:\\\/\\\/www.cncinternational.eu\\\/pl\\\/aktualnosci\\\/paznokcie-jesienno\\\/#primaryimage\"},\"image\":{\"@id\":\"https:\\\/\\\/www.cncinternational.eu\\\/pl\\\/aktualnosci\\\/paznokcie-jesienno\\\/#primaryimage\"},\"thumbnailUrl\":\"https:\\\/\\\/www.cncinternational.eu\\\/wp-content\\\/uploads\\\/2024\\\/05\\\/CNC-Fall-GP-Collection-2025-cnc-news.jpg\",\"datePublished\":\"2025-05-15T08:01:00+00:00\",\"dateModified\":\"2026-02-12T15:17:27+00:00\",\"description\":\"Nowa kolekcja lakier\u00f3w \u017celowych CNC na jesie\u0144\\\/jesie\u0144 2025 - 4 odcienie zgodne z trendami, bez HEMA, Di-HEMA i TPO. Idealne dla marki w\u0142asnej\",\"breadcrumb\":{\"@id\":\"https:\\\/\\\/www.cncinternational.eu\\\/pl\\\/aktualnosci\\\/paznokcie-jesienno\\\/#breadcrumb\"},\"inLanguage\":\"pl-PL\",\"potentialAction\":[{\"@type\":\"ReadAction\",\"target\":[\"https:\\\/\\\/www.cncinternational.eu\\\/pl\\\/aktualnosci\\\/paznokcie-jesienno\\\/\"]}]},{\"@type\":\"ImageObject\",\"inLanguage\":\"pl-PL\",\"@id\":\"https:\\\/\\\/www.cncinternational.eu\\\/pl\\\/aktualnosci\\\/paznokcie-jesienno\\\/#primaryimage\",\"url\":\"https:\\\/\\\/www.cncinternational.eu\\\/wp-content\\\/uploads\\\/2024\\\/05\\\/CNC-Fall-GP-Collection-2025-cnc-news.jpg\",\"contentUrl\":\"https:\\\/\\\/www.cncinternational.eu\\\/wp-content\\\/uploads\\\/2024\\\/05\\\/CNC-Fall-GP-Collection-2025-cnc-news.jpg\",\"width\":1445,\"height\":813,\"caption\":\"autumn\\\/fall nails 2025\"},{\"@type\":\"BreadcrumbList\",\"@id\":\"https:\\\/\\\/www.cncinternational.eu\\\/pl\\\/aktualnosci\\\/paznokcie-jesienno\\\/#breadcrumb\",\"itemListElement\":[{\"@type\":\"ListItem\",\"position\":1,\"name\":\"Home\",\"item\":\"https:\\\/\\\/www.cncinternational.eu\\\/pl\\\/\"},{\"@type\":\"ListItem\",\"position\":2,\"name\":\"Jesienna kolekcja paznokci\"}]},{\"@type\":\"WebSite\",\"@id\":\"https:\\\/\\\/www.cncinternational.eu\\\/pl\\\/#website\",\"url\":\"https:\\\/\\\/www.cncinternational.eu\\\/pl\\\/\",\"name\":\"CNC International\",\"description\":\"Just another WordPress site\",\"potentialAction\":[{\"@type\":\"SearchAction\",\"target\":{\"@type\":\"EntryPoint\",\"urlTemplate\":\"https:\\\/\\\/www.cncinternational.eu\\\/pl\\\/?s={search_term_string}\"},\"query-input\":{\"@type\":\"PropertyValueSpecification\",\"valueRequired\":true,\"valueName\":\"search_term_string\"}}],\"inLanguage\":\"pl-PL\"}]}<\/script>\n<!-- \/ Yoast SEO plugin. -->","yoast_head_json":{"title":"Kolory jesie\u0144\/jesie\u0144 2025 Gel Polish - CNC Private Label","description":"Nowa kolekcja lakier\u00f3w \u017celowych CNC na jesie\u0144\/jesie\u0144 2025 - 4 odcienie zgodne z trendami, bez HEMA, Di-HEMA i TPO. Idealne dla marki w\u0142asnej","robots":{"index":"index","follow":"follow","max-snippet":"max-snippet:-1","max-image-preview":"max-image-preview:large","max-video-preview":"max-video-preview:-1"},"canonical":"https:\/\/www.cncinternational.eu\/pl\/aktualnosci\/paznokcie-jesienno\/","og_locale":"pl_PL","og_type":"article","og_title":"Kolory jesie\u0144\/jesie\u0144 2025 Gel Polish - CNC Private Label","og_description":"Nowa kolekcja lakier\u00f3w \u017celowych CNC na jesie\u0144\/jesie\u0144 2025 - 4 odcienie zgodne z trendami, bez HEMA, Di-HEMA i TPO. Idealne dla marki w\u0142asnej","og_url":"https:\/\/www.cncinternational.eu\/pl\/aktualnosci\/paznokcie-jesienno\/","og_site_name":"CNC International","article_modified_time":"2026-02-12T15:17:27+00:00","og_image":[{"width":1445,"height":813,"url":"https:\/\/www.cncinternational.eu\/wp-content\/uploads\/2024\/05\/CNC-Fall-GP-Collection-2025-cnc-news.jpg","type":"image\/jpeg"}],"twitter_card":"summary_large_image","twitter_misc":{"Szacowany czas czytania":"1 minuta"},"schema":{"@context":"https:\/\/schema.org","@graph":[{"@type":"WebPage","@id":"https:\/\/www.cncinternational.eu\/pl\/aktualnosci\/paznokcie-jesienno\/","url":"https:\/\/www.cncinternational.eu\/pl\/aktualnosci\/paznokcie-jesienno\/","name":"Kolory jesie\u0144\/jesie\u0144 2025 Gel Polish - CNC Private Label","isPartOf":{"@id":"https:\/\/www.cncinternational.eu\/pl\/#website"},"primaryImageOfPage":{"@id":"https:\/\/www.cncinternational.eu\/pl\/aktualnosci\/paznokcie-jesienno\/#primaryimage"},"image":{"@id":"https:\/\/www.cncinternational.eu\/pl\/aktualnosci\/paznokcie-jesienno\/#primaryimage"},"thumbnailUrl":"https:\/\/www.cncinternational.eu\/wp-content\/uploads\/2024\/05\/CNC-Fall-GP-Collection-2025-cnc-news.jpg","datePublished":"2025-05-15T08:01:00+00:00","dateModified":"2026-02-12T15:17:27+00:00","description":"Nowa kolekcja lakier\u00f3w \u017celowych CNC na jesie\u0144\/jesie\u0144 2025 - 4 odcienie zgodne z trendami, bez HEMA, Di-HEMA i TPO. Idealne dla marki w\u0142asnej","breadcrumb":{"@id":"https:\/\/www.cncinternational.eu\/pl\/aktualnosci\/paznokcie-jesienno\/#breadcrumb"},"inLanguage":"pl-PL","potentialAction":[{"@type":"ReadAction","target":["https:\/\/www.cncinternational.eu\/pl\/aktualnosci\/paznokcie-jesienno\/"]}]},{"@type":"ImageObject","inLanguage":"pl-PL","@id":"https:\/\/www.cncinternational.eu\/pl\/aktualnosci\/paznokcie-jesienno\/#primaryimage","url":"https:\/\/www.cncinternational.eu\/wp-content\/uploads\/2024\/05\/CNC-Fall-GP-Collection-2025-cnc-news.jpg","contentUrl":"https:\/\/www.cncinternational.eu\/wp-content\/uploads\/2024\/05\/CNC-Fall-GP-Collection-2025-cnc-news.jpg","width":1445,"height":813,"caption":"autumn\/fall nails 2025"},{"@type":"BreadcrumbList","@id":"https:\/\/www.cncinternational.eu\/pl\/aktualnosci\/paznokcie-jesienno\/#breadcrumb","itemListElement":[{"@type":"ListItem","position":1,"name":"Home","item":"https:\/\/www.cncinternational.eu\/pl\/"},{"@type":"ListItem","position":2,"name":"Jesienna kolekcja paznokci"}]},{"@type":"WebSite","@id":"https:\/\/www.cncinternational.eu\/pl\/#website","url":"https:\/\/www.cncinternational.eu\/pl\/","name":"CNC International","description":"Just another WordPress site","potentialAction":[{"@type":"SearchAction","target":{"@type":"EntryPoint","urlTemplate":"https:\/\/www.cncinternational.eu\/pl\/?s={search_term_string}"},"query-input":{"@type":"PropertyValueSpecification","valueRequired":true,"valueName":"search_term_string"}}],"inLanguage":"pl-PL"}]}},"_links":{"self":[{"href":"https:\/\/www.cncinternational.eu\/pl\/wp-json\/wp\/v2\/nieuws\/7866","targetHints":{"allow":["GET"]}}],"collection":[{"href":"https:\/\/www.cncinternational.eu\/pl\/wp-json\/wp\/v2\/nieuws"}],"about":[{"href":"https:\/\/www.cncinternational.eu\/pl\/wp-json\/wp\/v2\/types\/nieuws"}],"author":[{"embeddable":true,"href":"https:\/\/www.cncinternational.eu\/pl\/wp-json\/wp\/v2\/users\/13"}],"wp:featuredmedia":[{"embeddable":true,"href":"https:\/\/www.cncinternational.eu\/pl\/wp-json\/wp\/v2\/media\/11732"}],"wp:attachment":[{"href":"https:\/\/www.cncinternational.eu\/pl\/wp-json\/wp\/v2\/media?parent=7866"}],"wp:term":[{"taxonomy":"nieuws_category","embeddable":true,"href":"https:\/\/www.cncinternational.eu\/pl\/wp-json\/wp\/v2\/nieuws_category?post=7866"}],"curies":[{"name":"wp","href":"https:\/\/api.w.org\/{rel}","templated":true}]}}